{"id":7089,"date":"2023-01-30T17:19:04","date_gmt":"2023-01-30T16:19:04","guid":{"rendered":"https:\/\/laresidenciatarifa.com\/?page_id=7089"},"modified":"2023-02-03T17:10:12","modified_gmt":"2023-02-03T16:10:12","slug":"offre-demploi-deuxieme-cuisinier","status":"publish","type":"page","link":"https:\/\/laresidenciatarifa.com\/fr\/offre-demploi-deuxieme-cuisinier\/","title":{"rendered":"Offre d&#8217;emploi deuxi\u00e8me cuisinier"},"content":{"rendered":"\t\t<div data-elementor-type=\"wp-page\" data-elementor-id=\"7089\" class=\"elementor elementor-7089 elementor-6827\" data-elementor-settings=\"{&quot;ha_cmc_init_switcher&quot;:&quot;no&quot;}\" data-elementor-post-type=\"page\">\n\t\t\t\t\t\t<section class=\"elementor-section elementor-top-section elementor-element elementor-element-d25b786 elementor-section-full_width elementor-section-height-default elementor-section-height-default\" data-id=\"d25b786\" data-element_type=\"section\" data-e-type=\"section\" data-settings=\"{&quot;_ha_eqh_enable&quot;:false}\">\n\t\t\t\t\t\t<div class=\"elementor-container elementor-column-gap-default\">\n\t\t\t\t\t<div class=\"elementor-column elementor-col-100 elementor-top-column elementor-element elementor-element-5ef7597\" data-id=\"5ef7597\" data-element_type=\"column\" data-e-type=\"column\">\n\t\t\t<div class=\"elementor-widget-wrap elementor-element-populated\">\n\t\t\t\t\t\t<div class=\"elementor-element elementor-element-38adf87 elementor-hidden-desktop elementor-hidden-tablet elementor-widget elementor-widget-image\" data-id=\"38adf87\" data-element_type=\"widget\" data-e-type=\"widget\" data-widget_type=\"image.default\">\n\t\t\t\t<div class=\"elementor-widget-container\">\n\t\t\t\t\t\t\t\t\t\t\t\t\t\t\t<img fetchpriority=\"high\" decoding=\"async\" width=\"1920\" height=\"1080\" src=\"https:\/\/laresidenciatarifa.com\/wp-content\/uploads\/2022\/12\/Tartar-de-atun-Restaurante-el-Patio-Tarifa.jpg\" class=\"attachment-full size-full wp-image-3771\" alt=\"\" srcset=\"https:\/\/laresidenciatarifa.com\/wp-content\/uploads\/2022\/12\/Tartar-de-atun-Restaurante-el-Patio-Tarifa.jpg 1920w, https:\/\/laresidenciatarifa.com\/wp-content\/uploads\/2022\/12\/Tartar-de-atun-Restaurante-el-Patio-Tarifa-300x169.jpg 300w, https:\/\/laresidenciatarifa.com\/wp-content\/uploads\/2022\/12\/Tartar-de-atun-Restaurante-el-Patio-Tarifa-1024x576.jpg 1024w, https:\/\/laresidenciatarifa.com\/wp-content\/uploads\/2022\/12\/Tartar-de-atun-Restaurante-el-Patio-Tarifa-768x432.jpg 768w, https:\/\/laresidenciatarifa.com\/wp-content\/uploads\/2022\/12\/Tartar-de-atun-Restaurante-el-Patio-Tarifa-1536x864.jpg 1536w\" sizes=\"(max-width: 1920px) 100vw, 1920px\" \/>\t\t\t\t\t\t\t\t\t\t\t\t\t\t\t<\/div>\n\t\t\t\t<\/div>\n\t\t\t\t<div class=\"elementor-element elementor-element-5de59fa elementor-widget__width-inherit elementor-hidden-mobile elementor-widget elementor-widget-image\" data-id=\"5de59fa\" data-element_type=\"widget\" data-e-type=\"widget\" data-widget_type=\"image.default\">\n\t\t\t\t<div class=\"elementor-widget-container\">\n\t\t\t\t\t\t\t\t\t\t\t\t\t\t\t<img fetchpriority=\"high\" decoding=\"async\" width=\"1920\" height=\"1080\" src=\"https:\/\/laresidenciatarifa.com\/wp-content\/uploads\/2022\/12\/Tartar-de-atun-Restaurante-el-Patio-Tarifa.jpg\" class=\"attachment-full size-full wp-image-3771\" alt=\"\" srcset=\"https:\/\/laresidenciatarifa.com\/wp-content\/uploads\/2022\/12\/Tartar-de-atun-Restaurante-el-Patio-Tarifa.jpg 1920w, https:\/\/laresidenciatarifa.com\/wp-content\/uploads\/2022\/12\/Tartar-de-atun-Restaurante-el-Patio-Tarifa-300x169.jpg 300w, https:\/\/laresidenciatarifa.com\/wp-content\/uploads\/2022\/12\/Tartar-de-atun-Restaurante-el-Patio-Tarifa-1024x576.jpg 1024w, https:\/\/laresidenciatarifa.com\/wp-content\/uploads\/2022\/12\/Tartar-de-atun-Restaurante-el-Patio-Tarifa-768x432.jpg 768w, https:\/\/laresidenciatarifa.com\/wp-content\/uploads\/2022\/12\/Tartar-de-atun-Restaurante-el-Patio-Tarifa-1536x864.jpg 1536w\" sizes=\"(max-width: 1920px) 100vw, 1920px\" \/>\t\t\t\t\t\t\t\t\t\t\t\t\t\t\t<\/div>\n\t\t\t\t<\/div>\n\t\t\t\t<div class=\"elementor-element elementor-element-41deb24 elementor-widget elementor-widget-heading\" data-id=\"41deb24\" data-element_type=\"widget\" data-e-type=\"widget\" data-widget_type=\"heading.default\">\n\t\t\t\t<div class=\"elementor-widget-container\">\n\t\t\t\t\t<h1 class=\"elementor-heading-title elementor-size-default\">Deuxi\u00e8me cuisinier<\/h1>\t\t\t\t<\/div>\n\t\t\t\t<\/div>\n\t\t\t\t\t<\/div>\n\t\t<\/div>\n\t\t\t\t\t<\/div>\n\t\t<\/section>\n\t\t\t\t<section class=\"elementor-section elementor-top-section elementor-element elementor-element-5c93e59 elementor-section-boxed elementor-section-height-default elementor-section-height-default\" data-id=\"5c93e59\" data-element_type=\"section\" data-e-type=\"section\" data-settings=\"{&quot;_ha_eqh_enable&quot;:false}\">\n\t\t\t\t\t\t<div class=\"elementor-container elementor-column-gap-default\">\n\t\t\t\t\t<div class=\"elementor-column elementor-col-50 elementor-top-column elementor-element elementor-element-ecccdc4\" data-id=\"ecccdc4\" data-element_type=\"column\" data-e-type=\"column\">\n\t\t\t<div class=\"elementor-widget-wrap elementor-element-populated\">\n\t\t\t\t\t\t<div class=\"elementor-element elementor-element-48fd506 elementor-widget elementor-widget-text-editor\" data-id=\"48fd506\" data-element_type=\"widget\" data-e-type=\"widget\" data-widget_type=\"text-editor.default\">\n\t\t\t\t<div class=\"elementor-widget-container\">\n\t\t\t\t\t\t\t\t\t<p style=\"text-align: left;\"><strong>Notre restaurant El Patio se d\u00e9veloppe tr\u00e8s fortement avec une proposition de cuisine de saison, saine et d&rsquo;excellente qualit\u00e9.<\/strong><\/p><p style=\"text-align: left;\"><strong>Cette ann\u00e9e, pour accompagner cette croissance, nous recherchons une personne talentueuse, passionn\u00e9e de cuisine et d&rsquo;organisation. En tant que second, vous serez le bras droit du chef. Vous l&rsquo;assisterez et la remplacerez lorsqu&rsquo;elle sera absente. Nous recherchons un profil qui peut apporter des id\u00e9es, qui conna\u00eet tr\u00e8s bien les r\u00e8gles HACCP et qui a de l&rsquo;exp\u00e9rience dans la coordination de l&rsquo;\u00e9quipe et l&rsquo;orchestration d&rsquo;un service.<\/strong><\/p>\t\t\t\t\t\t\t\t<\/div>\n\t\t\t\t<\/div>\n\t\t\t\t<div class=\"elementor-element elementor-element-a1a9d6b elementor-widget elementor-widget-image\" data-id=\"a1a9d6b\" data-element_type=\"widget\" data-e-type=\"widget\" data-widget_type=\"image.default\">\n\t\t\t\t<div class=\"elementor-widget-container\">\n\t\t\t\t\t\t\t\t\t\t\t\t\t\t\t<img decoding=\"async\" width=\"136\" height=\"300\" src=\"https:\/\/laresidenciatarifa.com\/wp-content\/uploads\/2022\/12\/flecha.jpg\" class=\"attachment-large size-large wp-image-734\" alt=\"\" \/>\t\t\t\t\t\t\t\t\t\t\t\t\t\t\t<\/div>\n\t\t\t\t<\/div>\n\t\t\t\t\t<\/div>\n\t\t<\/div>\n\t\t\t\t<div class=\"elementor-column elementor-col-50 elementor-top-column elementor-element elementor-element-e238600\" data-id=\"e238600\" data-element_type=\"column\" data-e-type=\"column\">\n\t\t\t<div class=\"elementor-widget-wrap elementor-element-populated\">\n\t\t\t\t\t\t<div class=\"elementor-element elementor-element-b425296 elementor-button-align-start elementor-widget elementor-widget-form\" data-id=\"b425296\" data-element_type=\"widget\" data-e-type=\"widget\" data-settings=\"{&quot;step_next_label&quot;:&quot;Next&quot;,&quot;step_previous_label&quot;:&quot;Previous&quot;,&quot;button_width&quot;:&quot;100&quot;,&quot;step_type&quot;:&quot;number_text&quot;,&quot;step_icon_shape&quot;:&quot;circle&quot;}\" data-widget_type=\"form.default\">\n\t\t\t\t<div class=\"elementor-widget-container\">\n\t\t\t\t\t\t\t<form class=\"elementor-form\" method=\"post\" name=\"New Form\" aria-label=\"New Form\">\n\t\t\t<input type=\"hidden\" name=\"post_id\" value=\"7089\"\/>\n\t\t\t<input type=\"hidden\" name=\"form_id\" value=\"b425296\"\/>\n\t\t\t<input type=\"hidden\" name=\"referer_title\" value=\"Offre d&#039;emploi deuxi\u00e8me cuisinier - La Residencia Tarifa\" \/>\n\n\t\t\t\t\t\t\t<input type=\"hidden\" name=\"queried_id\" value=\"7089\"\/>\n\t\t\t\n\t\t\t<div class=\"elementor-form-fields-wrapper elementor-labels-above\">\n\t\t\t\t\t\t\t\t<div class=\"elementor-field-type-text elementor-field-group elementor-column elementor-field-group-name elementor-col-100 elementor-field-required\">\n\t\t\t\t\t\t\t\t\t\t\t\t<label for=\"form-field-name\" class=\"elementor-field-label\">\n\t\t\t\t\t\t\t\tNom (obligatoire)\t\t\t\t\t\t\t<\/label>\n\t\t\t\t\t\t\t\t\t\t\t\t\t\t<input size=\"1\" type=\"text\" name=\"form_fields[name]\" id=\"form-field-name\" class=\"elementor-field elementor-size-sm  elementor-field-textual\" required=\"required\">\n\t\t\t\t\t\t\t\t\t\t\t<\/div>\n\t\t\t\t\t\t\t\t<div class=\"elementor-field-type-email elementor-field-group elementor-column elementor-field-group-email elementor-col-100 elementor-field-required\">\n\t\t\t\t\t\t\t\t\t\t\t\t<label for=\"form-field-email\" class=\"elementor-field-label\">\n\t\t\t\t\t\t\t\tAdresse email (obligatoire)\t\t\t\t\t\t\t<\/label>\n\t\t\t\t\t\t\t\t\t\t\t\t\t\t<input size=\"1\" type=\"email\" name=\"form_fields[email]\" id=\"form-field-email\" class=\"elementor-field elementor-size-sm  elementor-field-textual\" required=\"required\">\n\t\t\t\t\t\t\t\t\t\t\t<\/div>\n\t\t\t\t\t\t\t\t<div class=\"elementor-field-type-text elementor-field-group elementor-column elementor-field-group-field_f480014 elementor-col-100 elementor-field-required\">\n\t\t\t\t\t\t\t\t\t\t\t\t<label for=\"form-field-field_f480014\" class=\"elementor-field-label\">\n\t\t\t\t\t\t\t\tT\u00e9l\u00e9phone (obligatoire)\t\t\t\t\t\t\t<\/label>\n\t\t\t\t\t\t\t\t\t\t\t\t\t\t<input size=\"1\" type=\"text\" name=\"form_fields[field_f480014]\" id=\"form-field-field_f480014\" class=\"elementor-field elementor-size-sm  elementor-field-textual\" required=\"required\">\n\t\t\t\t\t\t\t\t\t\t\t<\/div>\n\t\t\t\t\t\t\t\t<div class=\"elementor-field-type-text elementor-field-group elementor-column elementor-field-group-field_e8a7e97 elementor-col-100\">\n\t\t\t\t\t\t\t\t\t\t\t\t<label for=\"form-field-field_e8a7e97\" class=\"elementor-field-label\">\n\t\t\t\t\t\t\t\tSujet\t\t\t\t\t\t\t<\/label>\n\t\t\t\t\t\t\t\t\t\t\t\t\t\t<input size=\"1\" type=\"text\" name=\"form_fields[field_e8a7e97]\" id=\"form-field-field_e8a7e97\" class=\"elementor-field elementor-size-sm  elementor-field-textual\">\n\t\t\t\t\t\t\t\t\t\t\t<\/div>\n\t\t\t\t\t\t\t\t<div class=\"elementor-field-type-textarea elementor-field-group elementor-column elementor-field-group-message elementor-col-100\">\n\t\t\t\t\t\t\t\t\t\t\t\t<label for=\"form-field-message\" class=\"elementor-field-label\">\n\t\t\t\t\t\t\t\tMessage\t\t\t\t\t\t\t<\/label>\n\t\t\t\t\t\t<textarea class=\"elementor-field-textual elementor-field  elementor-size-sm\" name=\"form_fields[message]\" id=\"form-field-message\" rows=\"4\"><\/textarea>\t\t\t\t<\/div>\n\t\t\t\t\t\t\t\t<div class=\"elementor-field-type-upload elementor-field-group elementor-column elementor-field-group-field_1b339b0 elementor-col-100\">\n\t\t\t\t\t\t\t\t\t\t\t\t<label for=\"form-field-field_1b339b0\" class=\"elementor-field-label\">\n\t\t\t\t\t\t\t\tAjoutez votre CV\t\t\t\t\t\t\t<\/label>\n\t\t\t\t\t\t\t\t<input type=\"file\" name=\"form_fields[field_1b339b0]\" id=\"form-field-field_1b339b0\" class=\"elementor-field elementor-size-sm  elementor-upload-field\">\n\n\t\t\t\t\t\t<\/div>\n\t\t\t\t\t\t\t\t<div class=\"elementor-field-type-text\">\n\t\t\t\t\t<input size=\"1\" type=\"text\" name=\"form_fields[field_6712899]\" id=\"form-field-field_6712899\" class=\"elementor-field elementor-size-sm \" style=\"display:none !important;\">\t\t\t\t<\/div>\n\t\t\t\t\t\t\t\t<div class=\"elementor-field-type-recaptcha_v3 elementor-field-group elementor-column elementor-field-group-field_99f85b3 elementor-col-100 recaptcha_v3-bottomleft\">\n\t\t\t\t\t<div class=\"elementor-field\" id=\"form-field-field_99f85b3\"><div class=\"elementor-g-recaptcha\" data-sitekey=\"6LcHw9cpAAAAADj3-tTmPTK6RwMs6icRFL3rMMt1\" data-type=\"v3\" data-action=\"Form\" data-badge=\"bottomleft\" data-size=\"invisible\"><\/div><\/div>\t\t\t\t<\/div>\n\t\t\t\t\t\t\t\t<div class=\"elementor-field-group elementor-column elementor-field-type-submit elementor-col-100 e-form__buttons\">\n\t\t\t\t\t<button class=\"elementor-button elementor-size-sm\" type=\"submit\">\n\t\t\t\t\t\t<span class=\"elementor-button-content-wrapper\">\n\t\t\t\t\t\t\t\t\t\t\t\t\t\t\t\t\t\t\t\t\t\t<span class=\"elementor-button-text\">Envoyer<\/span>\n\t\t\t\t\t\t\t\t\t\t\t\t\t<\/span>\n\t\t\t\t\t<\/button>\n\t\t\t\t<\/div>\n\t\t\t<\/div>\n\t\t<\/form>\n\t\t\t\t\t\t<\/div>\n\t\t\t\t<\/div>\n\t\t\t\t\t<\/div>\n\t\t<\/div>\n\t\t\t\t\t<\/div>\n\t\t<\/section>\n\t\t\t\t<section class=\"elementor-section elementor-top-section elementor-element elementor-element-1309fa4 elementor-section-boxed elementor-section-height-default elementor-section-height-default\" data-id=\"1309fa4\" data-element_type=\"section\" data-e-type=\"section\" data-settings=\"{&quot;_ha_eqh_enable&quot;:false}\">\n\t\t\t\t\t\t<div class=\"elementor-container elementor-column-gap-default\">\n\t\t\t\t\t<div class=\"elementor-column elementor-col-100 elementor-top-column elementor-element elementor-element-64a5fc8\" data-id=\"64a5fc8\" data-element_type=\"column\" data-e-type=\"column\">\n\t\t\t<div class=\"elementor-widget-wrap elementor-element-populated\">\n\t\t\t\t\t\t<div class=\"elementor-element elementor-element-f1ef92a elementor-widget elementor-widget-text-editor\" data-id=\"f1ef92a\" data-element_type=\"widget\" data-e-type=\"widget\" data-widget_type=\"text-editor.default\">\n\t\t\t\t<div class=\"elementor-widget-container\">\n\t\t\t\t\t\t\t\t\t<p style=\"text-align: left;\"><strong>Sup\u00e9rieur hi\u00e9rarchique :<\/strong> Chef de cuisine<\/p><p style=\"text-align: left;\"><strong>Processus dans lesquels il\/elle est impliqu\u00e9(e) :<\/strong> Cuisine, Petit-d\u00e9jeuner, Qualit\u00e9, Vert<\/p><p style=\"text-align: left;\"><strong>Devoirs :<\/strong><\/p><p style=\"text-align: left;\">Remplace le chef en son absence, est responsable de la partie op\u00e9rationnelle de la cuisine.<\/p><p style=\"text-align: left;\">Supervision et pr\u00e9paration du menu<\/p><p style=\"text-align: left;\">V\u00e9rifier que le personnel travaille selon la fiche de mise en place et avec une organisation correcte.<\/p><p style=\"text-align: left;\">Suivre les activit\u00e9s des cuisiniers et des autres membres du personnel.<\/p><p style=\"text-align: left;\">D\u00e9l\u00e9guer des t\u00e2ches.<\/p><p style=\"text-align: left;\">Assurer le bon fonctionnement de l&rsquo;espace cuisine.<\/p><p style=\"text-align: left;\">Guidez les cuisiniers et aidez-les.<\/p><p style=\"text-align: left;\">Remplir les fiches de protocole d&rsquo;inspection et d&rsquo;entretien de la cuisine en l&rsquo;absence du chef.<\/p><p style=\"text-align: left;\">Estimez les besoins \u00e0 couvrir chaque jour ou semaine (commandes, arrangements, etc.).<\/p><p style=\"text-align: left;\">V\u00e9rifiez la qualit\u00e9 des ingr\u00e9dients \u00e0 utiliser et de tous les produits figurant sur le menu.<\/p><p style=\"text-align: left;\">Superviser la manipulation optimale des aliments.<\/p><p style=\"text-align: left;\">Travailler avec le chef cuisinier \u00e0 l&rsquo;\u00e9laboration du menu et des suggestions correspondantes.<\/p><p style=\"text-align: left;\">Passer les commandes en l&rsquo;absence du chef, par t\u00e9l\u00e9phone ou par courrier \u00e9lectronique.<\/p><p style=\"text-align: left;\">Nettoyer son espace de travail et v\u00e9rifier que le personnel est propre et correctement organis\u00e9.<\/p><p style=\"text-align: left;\">Informer le chef de toutes les occurrences incorrectes, conflits, etc. qui se produisent afin de tenter une solution de conciliation.<\/p><p style=\"text-align: left;\"><strong>Formation requise pour le poste :<\/strong><\/p><p style=\"text-align: left;\">Formation \u00e0 la cuisine.<\/p><p style=\"text-align: left;\">3 ans d&rsquo;exp\u00e9rience en tant que cuisinier.<\/p><p style=\"text-align: left;\">Espagnol : niveau C1 (ma\u00eetrise sup\u00e9rieure).<\/p><p style=\"text-align: left;\">Manipulateur d&rsquo;aliments.<\/p><p style=\"text-align: left;\">Bonne ma\u00eetrise du syst\u00e8me HACCP.<\/p><p style=\"text-align: left;\">D&rsquo;autres langues seront appr\u00e9ci\u00e9es.<\/p><p style=\"text-align: left;\">Comp\u00e9tences informatiques au niveau de l&rsquo;utilisateur.<\/p><p style=\"text-align: left;\">Comp\u00e9tences sp\u00e9cifiques pour le poste :<\/p><p style=\"text-align: left;\">Souci du d\u00e9tail<\/p><p style=\"text-align: left;\">Travailler sous pression<\/p><p style=\"text-align: left;\">Discipline<\/p><p style=\"text-align: left;\">Cr\u00e9ativit\u00e9<\/p><p style=\"text-align: left;\">Leadership<\/p><p style=\"text-align: left;\">Organisation et planification<\/p><p style=\"text-align: left;\">Comp\u00e9tences en mati\u00e8re de communication<\/p>\t\t\t\t\t\t\t\t<\/div>\n\t\t\t\t<\/div>\n\t\t\t\t\t<\/div>\n\t\t<\/div>\n\t\t\t\t\t<\/div>\n\t\t<\/section>\n\t\t\t\t<section class=\"elementor-section elementor-top-section elementor-element elementor-element-8ac384d elementor-section-full_width elementor-section-height-default elementor-section-height-default\" data-id=\"8ac384d\" data-element_type=\"section\" data-e-type=\"section\" data-settings=\"{&quot;_ha_eqh_enable&quot;:false}\">\n\t\t\t\t\t\t<div class=\"elementor-container elementor-column-gap-default\">\n\t\t\t\t\t<div class=\"elementor-column elementor-col-100 elementor-top-column elementor-element elementor-element-39e31a0\" data-id=\"39e31a0\" data-element_type=\"column\" data-e-type=\"column\">\n\t\t\t<div class=\"elementor-widget-wrap elementor-element-populated\">\n\t\t\t\t\t\t<div class=\"elementor-element elementor-element-9562464 elementor-widget elementor-widget-heading\" data-id=\"9562464\" data-element_type=\"widget\" data-e-type=\"widget\" data-widget_type=\"heading.default\">\n\t\t\t\t<div class=\"elementor-widget-container\">\n\t\t\t\t\t<h2 class=\"elementor-heading-title elementor-size-default\">Autres postes vacants<\/h2>\t\t\t\t<\/div>\n\t\t\t\t<\/div>\n\t\t\t\t<section class=\"elementor-section elementor-inner-section elementor-element elementor-element-eed0168 elementor-section-boxed elementor-section-height-default elementor-section-height-default\" data-id=\"eed0168\" data-element_type=\"section\" data-e-type=\"section\" data-settings=\"{&quot;_ha_eqh_enable&quot;:false}\">\n\t\t\t\t\t\t<div class=\"elementor-container elementor-column-gap-default\">\n\t\t\t\t\t<div class=\"elementor-column elementor-col-33 elementor-inner-column elementor-element elementor-element-037f38f\" data-id=\"037f38f\" data-element_type=\"column\" data-e-type=\"column\">\n\t\t\t<div class=\"elementor-widget-wrap elementor-element-populated\">\n\t\t\t\t\t\t<div class=\"elementor-element elementor-element-c5631e5 elementor-position-top elementor-widget elementor-widget-image-box\" data-id=\"c5631e5\" data-element_type=\"widget\" data-e-type=\"widget\" data-widget_type=\"image-box.default\">\n\t\t\t\t<div class=\"elementor-widget-container\">\n\t\t\t\t\t<div class=\"elementor-image-box-wrapper\"><figure class=\"elementor-image-box-img\"><a href=\"https:\/\/laresidenciatarifa.com\/fr\/offre-demploi-pour-masseur-assistant-bien-etre\" tabindex=\"-1\"><img decoding=\"async\" width=\"600\" height=\"400\" src=\"https:\/\/laresidenciatarifa.com\/wp-content\/uploads\/2023\/01\/1-Clara-spa-09494-600x400-1.jpg\" class=\"attachment-medium_large size-medium_large wp-image-6710\" alt=\"\" srcset=\"https:\/\/laresidenciatarifa.com\/wp-content\/uploads\/2023\/01\/1-Clara-spa-09494-600x400-1.jpg 600w, https:\/\/laresidenciatarifa.com\/wp-content\/uploads\/2023\/01\/1-Clara-spa-09494-600x400-1-300x200.jpg 300w\" sizes=\"(max-width: 600px) 100vw, 600px\" \/><\/a><\/figure><div class=\"elementor-image-box-content\"><h2 class=\"elementor-image-box-title\"><a href=\"https:\/\/laresidenciatarifa.com\/fr\/offre-demploi-pour-masseur-assistant-bien-etre\">Masseur \/ Assistant bien-\u00eatre<\/a><\/h2><\/div><\/div>\t\t\t\t<\/div>\n\t\t\t\t<\/div>\n\t\t\t\t\t<\/div>\n\t\t<\/div>\n\t\t\t\t<div class=\"elementor-column elementor-col-33 elementor-inner-column elementor-element elementor-element-97ca52a\" data-id=\"97ca52a\" data-element_type=\"column\" data-e-type=\"column\">\n\t\t\t<div class=\"elementor-widget-wrap elementor-element-populated\">\n\t\t\t\t\t\t<div class=\"elementor-element elementor-element-3034dec elementor-position-top elementor-widget elementor-widget-image-box\" data-id=\"3034dec\" data-element_type=\"widget\" data-e-type=\"widget\" data-widget_type=\"image-box.default\">\n\t\t\t\t<div class=\"elementor-widget-container\">\n\t\t\t\t\t<div class=\"elementor-image-box-wrapper\"><figure class=\"elementor-image-box-img\"><a href=\"https:\/\/laresidenciatarifa.com\/offre-demploi-lassistant-de-la-gouvernante\/\" tabindex=\"-1\"><img loading=\"lazy\" decoding=\"async\" width=\"768\" height=\"512\" src=\"https:\/\/laresidenciatarifa.com\/wp-content\/uploads\/2022\/12\/GaleriaNecesidadesEsp06-768x512.jpg\" class=\"attachment-medium_large size-medium_large wp-image-1477\" alt=\"\" srcset=\"https:\/\/laresidenciatarifa.com\/wp-content\/uploads\/2022\/12\/GaleriaNecesidadesEsp06-768x512.jpg 768w, https:\/\/laresidenciatarifa.com\/wp-content\/uploads\/2022\/12\/GaleriaNecesidadesEsp06-300x200.jpg 300w, https:\/\/laresidenciatarifa.com\/wp-content\/uploads\/2022\/12\/GaleriaNecesidadesEsp06-1024x683.jpg 1024w, https:\/\/laresidenciatarifa.com\/wp-content\/uploads\/2022\/12\/GaleriaNecesidadesEsp06.jpg 1200w\" sizes=\"(max-width: 768px) 100vw, 768px\" \/><\/a><\/figure><div class=\"elementor-image-box-content\"><h2 class=\"elementor-image-box-title\"><a href=\"https:\/\/laresidenciatarifa.com\/offre-demploi-lassistant-de-la-gouvernante\/\">L'assistante de la gouvernante<\/a><\/h2><\/div><\/div>\t\t\t\t<\/div>\n\t\t\t\t<\/div>\n\t\t\t\t\t<\/div>\n\t\t<\/div>\n\t\t\t\t<div class=\"elementor-column elementor-col-33 elementor-inner-column elementor-element elementor-element-02aecd4\" data-id=\"02aecd4\" data-element_type=\"column\" data-e-type=\"column\">\n\t\t\t<div class=\"elementor-widget-wrap elementor-element-populated\">\n\t\t\t\t\t\t<div class=\"elementor-element elementor-element-0d17ca7 elementor-position-top elementor-widget elementor-widget-image-box\" data-id=\"0d17ca7\" data-element_type=\"widget\" data-e-type=\"widget\" data-widget_type=\"image-box.default\">\n\t\t\t\t<div class=\"elementor-widget-container\">\n\t\t\t\t\t<div class=\"elementor-image-box-wrapper\"><figure class=\"elementor-image-box-img\"><a href=\"https:\/\/laresidenciatarifa.com\/fr\/offre-demploi-pour-la-gouvernante\/\" tabindex=\"-1\"><img loading=\"lazy\" decoding=\"async\" width=\"600\" height=\"401\" src=\"https:\/\/laresidenciatarifa.com\/wp-content\/uploads\/2023\/01\/camarera-de-piso.jpg\" class=\"attachment-medium_large size-medium_large wp-image-6714\" alt=\"\" srcset=\"https:\/\/laresidenciatarifa.com\/wp-content\/uploads\/2023\/01\/camarera-de-piso.jpg 600w, https:\/\/laresidenciatarifa.com\/wp-content\/uploads\/2023\/01\/camarera-de-piso-300x201.jpg 300w\" sizes=\"(max-width: 600px) 100vw, 600px\" \/><\/a><\/figure><div class=\"elementor-image-box-content\"><h2 class=\"elementor-image-box-title\"><a href=\"https:\/\/laresidenciatarifa.com\/fr\/offre-demploi-pour-la-gouvernante\/\">La gouvernante<\/a><\/h2><\/div><\/div>\t\t\t\t<\/div>\n\t\t\t\t<\/div>\n\t\t\t\t\t<\/div>\n\t\t<\/div>\n\t\t\t\t\t<\/div>\n\t\t<\/section>\n\t\t\t\t\t<\/div>\n\t\t<\/div>\n\t\t\t\t\t<\/div>\n\t\t<\/section>\n\t\t\t\t<\/div>\n\t\t","protected":false},"excerpt":{"rendered":"<p>Deuxi\u00e8me cuisinier Notre restaurant El Patio se d\u00e9veloppe tr\u00e8s fortement avec une proposition de cuisine de saison, saine et d&rsquo;excellente qualit\u00e9. Cette ann\u00e9e, pour accompagner cette croissance, nous recherchons une personne talentueuse, passionn\u00e9e de cuisine et d&rsquo;organisation. En tant que second, vous serez le bras droit du chef. Vous l&rsquo;assisterez et la remplacerez lorsqu&rsquo;elle sera [&hellip;]<\/p>\n","protected":false},"author":1,"featured_media":0,"parent":0,"menu_order":0,"comment_status":"closed","ping_status":"closed","template":"","meta":{"_acf_changed":false,"footnotes":""},"class_list":["post-7089","page","type-page","status-publish","hentry"],"acf":[],"yoast_head":"<!-- This site is optimized with the Yoast SEO plugin v27.5 - https:\/\/yoast.com\/product\/yoast-seo-wordpress\/ -->\n<title>Offre d&#039;emploi deuxi\u00e8me cuisinier - La Residencia Tarifa<\/title>\n<meta name=\"robots\" content=\"index, follow, max-snippet:-1, max-image-preview:large, max-video-preview:-1\" \/>\n<link rel=\"canonical\" href=\"https:\/\/laresidenciatarifa.com\/fr\/offre-demploi-deuxieme-cuisinier\/\" \/>\n<meta property=\"og:locale\" content=\"fr_FR\" \/>\n<meta property=\"og:type\" content=\"article\" \/>\n<meta property=\"og:title\" content=\"Offre d&#039;emploi deuxi\u00e8me cuisinier - La Residencia Tarifa\" \/>\n<meta property=\"og:description\" content=\"Deuxi\u00e8me cuisinier Notre restaurant El Patio se d\u00e9veloppe tr\u00e8s fortement avec une proposition de cuisine de saison, saine et d&rsquo;excellente qualit\u00e9. Cette ann\u00e9e, pour accompagner cette croissance, nous recherchons une personne talentueuse, passionn\u00e9e de cuisine et d&rsquo;organisation. En tant que second, vous serez le bras droit du chef. Vous l&rsquo;assisterez et la remplacerez lorsqu&rsquo;elle sera [&hellip;]\" \/>\n<meta property=\"og:url\" content=\"https:\/\/laresidenciatarifa.com\/fr\/offre-demploi-deuxieme-cuisinier\/\" \/>\n<meta property=\"og:site_name\" content=\"La Residencia Tarifa\" \/>\n<meta property=\"article:modified_time\" content=\"2023-02-03T16:10:12+00:00\" \/>\n<meta property=\"og:image\" content=\"https:\/\/laresidenciatarifa.com\/wp-content\/uploads\/2022\/12\/Tartar-de-atun-Restaurante-el-Patio-Tarifa.jpg\" \/>\n<meta name=\"twitter:card\" content=\"summary_large_image\" \/>\n<meta name=\"twitter:label1\" content=\"Dur\u00e9e de lecture estim\u00e9e\" \/>\n\t<meta name=\"twitter:data1\" content=\"4 minutes\" \/>\n<script type=\"application\/ld+json\" class=\"yoast-schema-graph\">{\"@context\":\"https:\\\/\\\/schema.org\",\"@graph\":[{\"@type\":\"WebPage\",\"@id\":\"https:\\\/\\\/laresidenciatarifa.com\\\/fr\\\/offre-demploi-deuxieme-cuisinier\\\/\",\"url\":\"https:\\\/\\\/laresidenciatarifa.com\\\/fr\\\/offre-demploi-deuxieme-cuisinier\\\/\",\"name\":\"Offre d'emploi deuxi\u00e8me cuisinier - La Residencia Tarifa\",\"isPartOf\":{\"@id\":\"https:\\\/\\\/laresidenciatarifa.com\\\/fr\\\/#website\"},\"primaryImageOfPage\":{\"@id\":\"https:\\\/\\\/laresidenciatarifa.com\\\/fr\\\/offre-demploi-deuxieme-cuisinier\\\/#primaryimage\"},\"image\":{\"@id\":\"https:\\\/\\\/laresidenciatarifa.com\\\/fr\\\/offre-demploi-deuxieme-cuisinier\\\/#primaryimage\"},\"thumbnailUrl\":\"https:\\\/\\\/laresidenciatarifa.com\\\/wp-content\\\/uploads\\\/2022\\\/12\\\/Tartar-de-atun-Restaurante-el-Patio-Tarifa.jpg\",\"datePublished\":\"2023-01-30T16:19:04+00:00\",\"dateModified\":\"2023-02-03T16:10:12+00:00\",\"breadcrumb\":{\"@id\":\"https:\\\/\\\/laresidenciatarifa.com\\\/fr\\\/offre-demploi-deuxieme-cuisinier\\\/#breadcrumb\"},\"inLanguage\":\"fr-FR\",\"potentialAction\":[{\"@type\":\"ReadAction\",\"target\":[\"https:\\\/\\\/laresidenciatarifa.com\\\/fr\\\/offre-demploi-deuxieme-cuisinier\\\/\"]}]},{\"@type\":\"ImageObject\",\"inLanguage\":\"fr-FR\",\"@id\":\"https:\\\/\\\/laresidenciatarifa.com\\\/fr\\\/offre-demploi-deuxieme-cuisinier\\\/#primaryimage\",\"url\":\"https:\\\/\\\/laresidenciatarifa.com\\\/wp-content\\\/uploads\\\/2022\\\/12\\\/Tartar-de-atun-Restaurante-el-Patio-Tarifa.jpg\",\"contentUrl\":\"https:\\\/\\\/laresidenciatarifa.com\\\/wp-content\\\/uploads\\\/2022\\\/12\\\/Tartar-de-atun-Restaurante-el-Patio-Tarifa.jpg\"},{\"@type\":\"BreadcrumbList\",\"@id\":\"https:\\\/\\\/laresidenciatarifa.com\\\/fr\\\/offre-demploi-deuxieme-cuisinier\\\/#breadcrumb\",\"itemListElement\":[{\"@type\":\"ListItem\",\"position\":1,\"name\":\"Portada\",\"item\":\"https:\\\/\\\/laresidenciatarifa.com\\\/fr\\\/\"},{\"@type\":\"ListItem\",\"position\":2,\"name\":\"Offre d&#8217;emploi deuxi\u00e8me cuisinier\"}]},{\"@type\":\"WebSite\",\"@id\":\"https:\\\/\\\/laresidenciatarifa.com\\\/fr\\\/#website\",\"url\":\"https:\\\/\\\/laresidenciatarifa.com\\\/fr\\\/\",\"name\":\"La Residencia Tarifa\",\"description\":\"Hotel, apartamentos, spa y restaurante\",\"publisher\":{\"@id\":\"https:\\\/\\\/laresidenciatarifa.com\\\/fr\\\/#organization\"},\"potentialAction\":[{\"@type\":\"SearchAction\",\"target\":{\"@type\":\"EntryPoint\",\"urlTemplate\":\"https:\\\/\\\/laresidenciatarifa.com\\\/fr\\\/?s={search_term_string}\"},\"query-input\":{\"@type\":\"PropertyValueSpecification\",\"valueRequired\":true,\"valueName\":\"search_term_string\"}}],\"inLanguage\":\"fr-FR\"},{\"@type\":\"Organization\",\"@id\":\"https:\\\/\\\/laresidenciatarifa.com\\\/fr\\\/#organization\",\"name\":\"La Residencia Tarifa\",\"url\":\"https:\\\/\\\/laresidenciatarifa.com\\\/fr\\\/\",\"logo\":{\"@type\":\"ImageObject\",\"inLanguage\":\"fr-FR\",\"@id\":\"https:\\\/\\\/laresidenciatarifa.com\\\/fr\\\/#\\\/schema\\\/logo\\\/image\\\/\",\"url\":\"https:\\\/\\\/laresidenciatarifa.com\\\/wp-content\\\/uploads\\\/2022\\\/12\\\/logoLaResidencia.png\",\"contentUrl\":\"https:\\\/\\\/laresidenciatarifa.com\\\/wp-content\\\/uploads\\\/2022\\\/12\\\/logoLaResidencia.png\",\"width\":113,\"height\":75,\"caption\":\"La Residencia Tarifa\"},\"image\":{\"@id\":\"https:\\\/\\\/laresidenciatarifa.com\\\/fr\\\/#\\\/schema\\\/logo\\\/image\\\/\"}}]}<\/script>\n<!-- \/ Yoast SEO plugin. -->","yoast_head_json":{"title":"Offre d'emploi deuxi\u00e8me cuisinier - La Residencia Tarifa","robots":{"index":"index","follow":"follow","max-snippet":"max-snippet:-1","max-image-preview":"max-image-preview:large","max-video-preview":"max-video-preview:-1"},"canonical":"https:\/\/laresidenciatarifa.com\/fr\/offre-demploi-deuxieme-cuisinier\/","og_locale":"fr_FR","og_type":"article","og_title":"Offre d'emploi deuxi\u00e8me cuisinier - La Residencia Tarifa","og_description":"Deuxi\u00e8me cuisinier Notre restaurant El Patio se d\u00e9veloppe tr\u00e8s fortement avec une proposition de cuisine de saison, saine et d&rsquo;excellente qualit\u00e9. Cette ann\u00e9e, pour accompagner cette croissance, nous recherchons une personne talentueuse, passionn\u00e9e de cuisine et d&rsquo;organisation. En tant que second, vous serez le bras droit du chef. Vous l&rsquo;assisterez et la remplacerez lorsqu&rsquo;elle sera [&hellip;]","og_url":"https:\/\/laresidenciatarifa.com\/fr\/offre-demploi-deuxieme-cuisinier\/","og_site_name":"La Residencia Tarifa","article_modified_time":"2023-02-03T16:10:12+00:00","og_image":[{"url":"https:\/\/laresidenciatarifa.com\/wp-content\/uploads\/2022\/12\/Tartar-de-atun-Restaurante-el-Patio-Tarifa.jpg","type":"","width":"","height":""}],"twitter_card":"summary_large_image","twitter_misc":{"Dur\u00e9e de lecture estim\u00e9e":"4 minutes"},"schema":{"@context":"https:\/\/schema.org","@graph":[{"@type":"WebPage","@id":"https:\/\/laresidenciatarifa.com\/fr\/offre-demploi-deuxieme-cuisinier\/","url":"https:\/\/laresidenciatarifa.com\/fr\/offre-demploi-deuxieme-cuisinier\/","name":"Offre d'emploi deuxi\u00e8me cuisinier - La Residencia Tarifa","isPartOf":{"@id":"https:\/\/laresidenciatarifa.com\/fr\/#website"},"primaryImageOfPage":{"@id":"https:\/\/laresidenciatarifa.com\/fr\/offre-demploi-deuxieme-cuisinier\/#primaryimage"},"image":{"@id":"https:\/\/laresidenciatarifa.com\/fr\/offre-demploi-deuxieme-cuisinier\/#primaryimage"},"thumbnailUrl":"https:\/\/laresidenciatarifa.com\/wp-content\/uploads\/2022\/12\/Tartar-de-atun-Restaurante-el-Patio-Tarifa.jpg","datePublished":"2023-01-30T16:19:04+00:00","dateModified":"2023-02-03T16:10:12+00:00","breadcrumb":{"@id":"https:\/\/laresidenciatarifa.com\/fr\/offre-demploi-deuxieme-cuisinier\/#breadcrumb"},"inLanguage":"fr-FR","potentialAction":[{"@type":"ReadAction","target":["https:\/\/laresidenciatarifa.com\/fr\/offre-demploi-deuxieme-cuisinier\/"]}]},{"@type":"ImageObject","inLanguage":"fr-FR","@id":"https:\/\/laresidenciatarifa.com\/fr\/offre-demploi-deuxieme-cuisinier\/#primaryimage","url":"https:\/\/laresidenciatarifa.com\/wp-content\/uploads\/2022\/12\/Tartar-de-atun-Restaurante-el-Patio-Tarifa.jpg","contentUrl":"https:\/\/laresidenciatarifa.com\/wp-content\/uploads\/2022\/12\/Tartar-de-atun-Restaurante-el-Patio-Tarifa.jpg"},{"@type":"BreadcrumbList","@id":"https:\/\/laresidenciatarifa.com\/fr\/offre-demploi-deuxieme-cuisinier\/#breadcrumb","itemListElement":[{"@type":"ListItem","position":1,"name":"Portada","item":"https:\/\/laresidenciatarifa.com\/fr\/"},{"@type":"ListItem","position":2,"name":"Offre d&#8217;emploi deuxi\u00e8me cuisinier"}]},{"@type":"WebSite","@id":"https:\/\/laresidenciatarifa.com\/fr\/#website","url":"https:\/\/laresidenciatarifa.com\/fr\/","name":"La Residencia Tarifa","description":"Hotel, apartamentos, spa y restaurante","publisher":{"@id":"https:\/\/laresidenciatarifa.com\/fr\/#organization"},"potentialAction":[{"@type":"SearchAction","target":{"@type":"EntryPoint","urlTemplate":"https:\/\/laresidenciatarifa.com\/fr\/?s={search_term_string}"},"query-input":{"@type":"PropertyValueSpecification","valueRequired":true,"valueName":"search_term_string"}}],"inLanguage":"fr-FR"},{"@type":"Organization","@id":"https:\/\/laresidenciatarifa.com\/fr\/#organization","name":"La Residencia Tarifa","url":"https:\/\/laresidenciatarifa.com\/fr\/","logo":{"@type":"ImageObject","inLanguage":"fr-FR","@id":"https:\/\/laresidenciatarifa.com\/fr\/#\/schema\/logo\/image\/","url":"https:\/\/laresidenciatarifa.com\/wp-content\/uploads\/2022\/12\/logoLaResidencia.png","contentUrl":"https:\/\/laresidenciatarifa.com\/wp-content\/uploads\/2022\/12\/logoLaResidencia.png","width":113,"height":75,"caption":"La Residencia Tarifa"},"image":{"@id":"https:\/\/laresidenciatarifa.com\/fr\/#\/schema\/logo\/image\/"}}]}},"_links":{"self":[{"href":"https:\/\/laresidenciatarifa.com\/fr\/wp-json\/wp\/v2\/pages\/7089","targetHints":{"allow":["GET"]}}],"collection":[{"href":"https:\/\/laresidenciatarifa.com\/fr\/wp-json\/wp\/v2\/pages"}],"about":[{"href":"https:\/\/laresidenciatarifa.com\/fr\/wp-json\/wp\/v2\/types\/page"}],"author":[{"embeddable":true,"href":"https:\/\/laresidenciatarifa.com\/fr\/wp-json\/wp\/v2\/users\/1"}],"replies":[{"embeddable":true,"href":"https:\/\/laresidenciatarifa.com\/fr\/wp-json\/wp\/v2\/comments?post=7089"}],"version-history":[{"count":18,"href":"https:\/\/laresidenciatarifa.com\/fr\/wp-json\/wp\/v2\/pages\/7089\/revisions"}],"predecessor-version":[{"id":7179,"href":"https:\/\/laresidenciatarifa.com\/fr\/wp-json\/wp\/v2\/pages\/7089\/revisions\/7179"}],"wp:attachment":[{"href":"https:\/\/laresidenciatarifa.com\/fr\/wp-json\/wp\/v2\/media?parent=7089"}],"curies":[{"name":"wp","href":"https:\/\/api.w.org\/{rel}","templated":true}]}}