{"id":7057,"date":"2023-01-30T17:24:29","date_gmt":"2023-01-30T16:24:29","guid":{"rendered":"https:\/\/laresidenciatarifa.com\/?page_id=7057"},"modified":"2023-02-03T17:06:27","modified_gmt":"2023-02-03T16:06:27","slug":"offre-demploi-lassistant-de-la-gouvernante","status":"publish","type":"page","link":"https:\/\/laresidenciatarifa.com\/fr\/offre-demploi-lassistant-de-la-gouvernante\/","title":{"rendered":"Offre d&#8217;emploi de L&rsquo;assistante de la gouvernante"},"content":{"rendered":"\t\t<div data-elementor-type=\"wp-page\" data-elementor-id=\"7057\" class=\"elementor elementor-7057 elementor-6836\" data-elementor-settings=\"{&quot;ha_cmc_init_switcher&quot;:&quot;no&quot;}\" data-elementor-post-type=\"page\">\n\t\t\t\t\t\t<section class=\"elementor-section elementor-top-section elementor-element elementor-element-d25b786 elementor-section-full_width elementor-section-height-default elementor-section-height-default\" data-id=\"d25b786\" data-element_type=\"section\" data-e-type=\"section\" data-settings=\"{&quot;_ha_eqh_enable&quot;:false}\">\n\t\t\t\t\t\t<div class=\"elementor-container elementor-column-gap-default\">\n\t\t\t\t\t<div class=\"elementor-column elementor-col-100 elementor-top-column elementor-element elementor-element-5ef7597\" data-id=\"5ef7597\" data-element_type=\"column\" data-e-type=\"column\">\n\t\t\t<div class=\"elementor-widget-wrap elementor-element-populated\">\n\t\t\t\t\t\t<div class=\"elementor-element elementor-element-38adf87 elementor-hidden-desktop elementor-hidden-tablet elementor-widget elementor-widget-image\" data-id=\"38adf87\" data-element_type=\"widget\" data-e-type=\"widget\" data-widget_type=\"image.default\">\n\t\t\t\t<div class=\"elementor-widget-container\">\n\t\t\t\t\t\t\t\t\t\t\t\t\t\t\t<img fetchpriority=\"high\" decoding=\"async\" width=\"1200\" height=\"800\" src=\"https:\/\/laresidenciatarifa.com\/wp-content\/uploads\/2022\/12\/GaleriaHabVistasMar08.jpg\" class=\"attachment-full size-full wp-image-1200\" alt=\"\" srcset=\"https:\/\/laresidenciatarifa.com\/wp-content\/uploads\/2022\/12\/GaleriaHabVistasMar08.jpg 1200w, https:\/\/laresidenciatarifa.com\/wp-content\/uploads\/2022\/12\/GaleriaHabVistasMar08-300x200.jpg 300w, https:\/\/laresidenciatarifa.com\/wp-content\/uploads\/2022\/12\/GaleriaHabVistasMar08-1024x683.jpg 1024w, https:\/\/laresidenciatarifa.com\/wp-content\/uploads\/2022\/12\/GaleriaHabVistasMar08-768x512.jpg 768w\" sizes=\"(max-width: 1200px) 100vw, 1200px\" \/>\t\t\t\t\t\t\t\t\t\t\t\t\t\t\t<\/div>\n\t\t\t\t<\/div>\n\t\t\t\t<div class=\"elementor-element elementor-element-5de59fa elementor-widget__width-inherit elementor-hidden-mobile elementor-widget elementor-widget-image\" data-id=\"5de59fa\" data-element_type=\"widget\" data-e-type=\"widget\" data-widget_type=\"image.default\">\n\t\t\t\t<div class=\"elementor-widget-container\">\n\t\t\t\t\t\t\t\t\t\t\t\t\t\t\t<img fetchpriority=\"high\" decoding=\"async\" width=\"1200\" height=\"800\" src=\"https:\/\/laresidenciatarifa.com\/wp-content\/uploads\/2022\/12\/GaleriaHabVistasMar08.jpg\" class=\"attachment-full size-full wp-image-1200\" alt=\"\" srcset=\"https:\/\/laresidenciatarifa.com\/wp-content\/uploads\/2022\/12\/GaleriaHabVistasMar08.jpg 1200w, https:\/\/laresidenciatarifa.com\/wp-content\/uploads\/2022\/12\/GaleriaHabVistasMar08-300x200.jpg 300w, https:\/\/laresidenciatarifa.com\/wp-content\/uploads\/2022\/12\/GaleriaHabVistasMar08-1024x683.jpg 1024w, https:\/\/laresidenciatarifa.com\/wp-content\/uploads\/2022\/12\/GaleriaHabVistasMar08-768x512.jpg 768w\" sizes=\"(max-width: 1200px) 100vw, 1200px\" \/>\t\t\t\t\t\t\t\t\t\t\t\t\t\t\t<\/div>\n\t\t\t\t<\/div>\n\t\t\t\t<div class=\"elementor-element elementor-element-41deb24 elementor-widget elementor-widget-heading\" data-id=\"41deb24\" data-element_type=\"widget\" data-e-type=\"widget\" data-widget_type=\"heading.default\">\n\t\t\t\t<div class=\"elementor-widget-container\">\n\t\t\t\t\t<h1 class=\"elementor-heading-title elementor-size-default\">L'assistante de la gouvernante<\/h1>\t\t\t\t<\/div>\n\t\t\t\t<\/div>\n\t\t\t\t\t<\/div>\n\t\t<\/div>\n\t\t\t\t\t<\/div>\n\t\t<\/section>\n\t\t\t\t<section class=\"elementor-section elementor-top-section elementor-element elementor-element-5c93e59 elementor-section-boxed elementor-section-height-default elementor-section-height-default\" data-id=\"5c93e59\" data-element_type=\"section\" data-e-type=\"section\" data-settings=\"{&quot;_ha_eqh_enable&quot;:false}\">\n\t\t\t\t\t\t<div class=\"elementor-container elementor-column-gap-default\">\n\t\t\t\t\t<div class=\"elementor-column elementor-col-50 elementor-top-column elementor-element elementor-element-ecccdc4\" data-id=\"ecccdc4\" data-element_type=\"column\" data-e-type=\"column\">\n\t\t\t<div class=\"elementor-widget-wrap elementor-element-populated\">\n\t\t\t\t\t\t<div class=\"elementor-element elementor-element-48fd506 elementor-widget elementor-widget-text-editor\" data-id=\"48fd506\" data-element_type=\"widget\" data-e-type=\"widget\" data-widget_type=\"text-editor.default\">\n\t\t\t\t<div class=\"elementor-widget-container\">\n\t\t\t\t\t\t\t\t\t<p style=\"text-align: left;\"><strong>Nous recherchons un talent dans le domaine du nettoyage et de l&rsquo;esth\u00e9tique de l&rsquo;\u00e9tablissement. Dans ce poste cl\u00e9 o\u00f9 nous prenons grand soin de nos clients et de tous les d\u00e9tails, vous travaillerez avec tous les d\u00e9partements de l&rsquo;h\u00f4tel. Vous serez en charge de la propret\u00e9 de l&rsquo;ensemble de l&rsquo;\u00e9tablissement, de sa pr\u00e9sentation impeccable, de la d\u00e9coration florale, de la bonne gestion des d\u00e9penses du service et bien s\u00fbr vous animerez et d\u00e9velopperez l&rsquo;\u00e9quipe de femmes de chambre.<\/strong><\/p><p style=\"text-align: left;\"><strong>Il est important que vous ayez de l&rsquo;exp\u00e9rience en mati\u00e8re de gestion d&rsquo;\u00e9quipe, de gestion des stocks et de budg\u00e9tisation, ainsi qu&rsquo;une passion pour le service \u00e0 la client\u00e8le et un amour du d\u00e9tail.<\/strong><\/p>\t\t\t\t\t\t\t\t<\/div>\n\t\t\t\t<\/div>\n\t\t\t\t<div class=\"elementor-element elementor-element-a1a9d6b elementor-widget elementor-widget-image\" data-id=\"a1a9d6b\" data-element_type=\"widget\" data-e-type=\"widget\" data-widget_type=\"image.default\">\n\t\t\t\t<div class=\"elementor-widget-container\">\n\t\t\t\t\t\t\t\t\t\t\t\t\t\t\t<img decoding=\"async\" width=\"136\" height=\"300\" src=\"https:\/\/laresidenciatarifa.com\/wp-content\/uploads\/2022\/12\/flecha.jpg\" class=\"attachment-large size-large wp-image-734\" alt=\"\" \/>\t\t\t\t\t\t\t\t\t\t\t\t\t\t\t<\/div>\n\t\t\t\t<\/div>\n\t\t\t\t\t<\/div>\n\t\t<\/div>\n\t\t\t\t<div class=\"elementor-column elementor-col-50 elementor-top-column elementor-element elementor-element-e238600\" data-id=\"e238600\" data-element_type=\"column\" data-e-type=\"column\">\n\t\t\t<div class=\"elementor-widget-wrap elementor-element-populated\">\n\t\t\t\t\t\t<div class=\"elementor-element elementor-element-b425296 elementor-button-align-start elementor-widget elementor-widget-form\" data-id=\"b425296\" data-element_type=\"widget\" data-e-type=\"widget\" data-settings=\"{&quot;step_next_label&quot;:&quot;Next&quot;,&quot;step_previous_label&quot;:&quot;Previous&quot;,&quot;button_width&quot;:&quot;100&quot;,&quot;step_type&quot;:&quot;number_text&quot;,&quot;step_icon_shape&quot;:&quot;circle&quot;}\" data-widget_type=\"form.default\">\n\t\t\t\t<div class=\"elementor-widget-container\">\n\t\t\t\t\t\t\t<form class=\"elementor-form\" method=\"post\" name=\"New Form\" aria-label=\"New Form\">\n\t\t\t<input type=\"hidden\" name=\"post_id\" value=\"7057\"\/>\n\t\t\t<input type=\"hidden\" name=\"form_id\" value=\"b425296\"\/>\n\t\t\t<input type=\"hidden\" name=\"referer_title\" value=\"Offre d&#039;emploi de L&#039;assistante de la gouvernante - La Residencia Tarifa\" \/>\n\n\t\t\t\t\t\t\t<input type=\"hidden\" name=\"queried_id\" value=\"7057\"\/>\n\t\t\t\n\t\t\t<div class=\"elementor-form-fields-wrapper elementor-labels-above\">\n\t\t\t\t\t\t\t\t<div class=\"elementor-field-type-text elementor-field-group elementor-column elementor-field-group-name elementor-col-100 elementor-field-required\">\n\t\t\t\t\t\t\t\t\t\t\t\t<label for=\"form-field-name\" class=\"elementor-field-label\">\n\t\t\t\t\t\t\t\tNom (obligatoire)\t\t\t\t\t\t\t<\/label>\n\t\t\t\t\t\t\t\t\t\t\t\t\t\t<input size=\"1\" type=\"text\" name=\"form_fields[name]\" id=\"form-field-name\" class=\"elementor-field elementor-size-sm  elementor-field-textual\" required=\"required\">\n\t\t\t\t\t\t\t\t\t\t\t<\/div>\n\t\t\t\t\t\t\t\t<div class=\"elementor-field-type-email elementor-field-group elementor-column elementor-field-group-email elementor-col-100 elementor-field-required\">\n\t\t\t\t\t\t\t\t\t\t\t\t<label for=\"form-field-email\" class=\"elementor-field-label\">\n\t\t\t\t\t\t\t\tAdresse email (obligatoire)\t\t\t\t\t\t\t<\/label>\n\t\t\t\t\t\t\t\t\t\t\t\t\t\t<input size=\"1\" type=\"email\" name=\"form_fields[email]\" id=\"form-field-email\" class=\"elementor-field elementor-size-sm  elementor-field-textual\" required=\"required\">\n\t\t\t\t\t\t\t\t\t\t\t<\/div>\n\t\t\t\t\t\t\t\t<div class=\"elementor-field-type-text elementor-field-group elementor-column elementor-field-group-field_f480014 elementor-col-100 elementor-field-required\">\n\t\t\t\t\t\t\t\t\t\t\t\t<label for=\"form-field-field_f480014\" class=\"elementor-field-label\">\n\t\t\t\t\t\t\t\tT\u00e9l\u00e9phone (obligatoire)\t\t\t\t\t\t\t<\/label>\n\t\t\t\t\t\t\t\t\t\t\t\t\t\t<input size=\"1\" type=\"text\" name=\"form_fields[field_f480014]\" id=\"form-field-field_f480014\" class=\"elementor-field elementor-size-sm  elementor-field-textual\" required=\"required\">\n\t\t\t\t\t\t\t\t\t\t\t<\/div>\n\t\t\t\t\t\t\t\t<div class=\"elementor-field-type-text elementor-field-group elementor-column elementor-field-group-field_e8a7e97 elementor-col-100\">\n\t\t\t\t\t\t\t\t\t\t\t\t<label for=\"form-field-field_e8a7e97\" class=\"elementor-field-label\">\n\t\t\t\t\t\t\t\tSujet\t\t\t\t\t\t\t<\/label>\n\t\t\t\t\t\t\t\t\t\t\t\t\t\t<input size=\"1\" type=\"text\" name=\"form_fields[field_e8a7e97]\" id=\"form-field-field_e8a7e97\" class=\"elementor-field elementor-size-sm  elementor-field-textual\">\n\t\t\t\t\t\t\t\t\t\t\t<\/div>\n\t\t\t\t\t\t\t\t<div class=\"elementor-field-type-textarea elementor-field-group elementor-column elementor-field-group-message elementor-col-100\">\n\t\t\t\t\t\t\t\t\t\t\t\t<label for=\"form-field-message\" class=\"elementor-field-label\">\n\t\t\t\t\t\t\t\tMessage\t\t\t\t\t\t\t<\/label>\n\t\t\t\t\t\t<textarea class=\"elementor-field-textual elementor-field  elementor-size-sm\" name=\"form_fields[message]\" id=\"form-field-message\" rows=\"4\"><\/textarea>\t\t\t\t<\/div>\n\t\t\t\t\t\t\t\t<div class=\"elementor-field-type-upload elementor-field-group elementor-column elementor-field-group-field_1b339b0 elementor-col-100\">\n\t\t\t\t\t\t\t\t\t\t\t\t<label for=\"form-field-field_1b339b0\" class=\"elementor-field-label\">\n\t\t\t\t\t\t\t\tAjoutez votre CV\t\t\t\t\t\t\t<\/label>\n\t\t\t\t\t\t\t\t<input type=\"file\" name=\"form_fields[field_1b339b0]\" id=\"form-field-field_1b339b0\" class=\"elementor-field elementor-size-sm  elementor-upload-field\">\n\n\t\t\t\t\t\t<\/div>\n\t\t\t\t\t\t\t\t<div class=\"elementor-field-type-text\">\n\t\t\t\t\t<input size=\"1\" type=\"text\" name=\"form_fields[field_6712899]\" id=\"form-field-field_6712899\" class=\"elementor-field elementor-size-sm \" style=\"display:none !important;\">\t\t\t\t<\/div>\n\t\t\t\t\t\t\t\t<div class=\"elementor-field-type-recaptcha_v3 elementor-field-group elementor-column elementor-field-group-field_99f85b3 elementor-col-100 recaptcha_v3-bottomleft\">\n\t\t\t\t\t<div class=\"elementor-field\" id=\"form-field-field_99f85b3\"><div class=\"elementor-g-recaptcha\" data-sitekey=\"6LcHw9cpAAAAADj3-tTmPTK6RwMs6icRFL3rMMt1\" data-type=\"v3\" data-action=\"Form\" data-badge=\"bottomleft\" data-size=\"invisible\"><\/div><\/div>\t\t\t\t<\/div>\n\t\t\t\t\t\t\t\t<div class=\"elementor-field-group elementor-column elementor-field-type-submit elementor-col-100 e-form__buttons\">\n\t\t\t\t\t<button class=\"elementor-button elementor-size-sm\" type=\"submit\">\n\t\t\t\t\t\t<span class=\"elementor-button-content-wrapper\">\n\t\t\t\t\t\t\t\t\t\t\t\t\t\t\t\t\t\t\t\t\t\t<span class=\"elementor-button-text\">Envoyer<\/span>\n\t\t\t\t\t\t\t\t\t\t\t\t\t<\/span>\n\t\t\t\t\t<\/button>\n\t\t\t\t<\/div>\n\t\t\t<\/div>\n\t\t<\/form>\n\t\t\t\t\t\t<\/div>\n\t\t\t\t<\/div>\n\t\t\t\t\t<\/div>\n\t\t<\/div>\n\t\t\t\t\t<\/div>\n\t\t<\/section>\n\t\t\t\t<section class=\"elementor-section elementor-top-section elementor-element elementor-element-1309fa4 elementor-section-boxed elementor-section-height-default elementor-section-height-default\" data-id=\"1309fa4\" data-element_type=\"section\" data-e-type=\"section\" data-settings=\"{&quot;_ha_eqh_enable&quot;:false}\">\n\t\t\t\t\t\t<div class=\"elementor-container elementor-column-gap-default\">\n\t\t\t\t\t<div class=\"elementor-column elementor-col-100 elementor-top-column elementor-element elementor-element-64a5fc8\" data-id=\"64a5fc8\" data-element_type=\"column\" data-e-type=\"column\">\n\t\t\t<div class=\"elementor-widget-wrap elementor-element-populated\">\n\t\t\t\t\t\t<div class=\"elementor-element elementor-element-f1ef92a elementor-widget elementor-widget-text-editor\" data-id=\"f1ef92a\" data-element_type=\"widget\" data-e-type=\"widget\" data-widget_type=\"text-editor.default\">\n\t\t\t\t<div class=\"elementor-widget-container\">\n\t\t\t\t\t\t\t\t\t<p style=\"text-align: left;\"><strong>Zone<\/strong> : Nettoyage.<\/p><p style=\"text-align: left;\">Sous la responsabilit\u00e9 de : la direction g\u00e9n\u00e9rale.<\/p><p style=\"text-align: left;\">Processus concern\u00e9s : Restaurant, R\u00e9ception, Spa, Maintenance, Nettoyage, Qualit\u00e9, D\u00e9coration.<\/p><p style=\"text-align: left;\"><strong>Fonctions<\/strong> : Toutes les fonctions seront ex\u00e9cut\u00e9es conform\u00e9ment aux proc\u00e9dures \u00e9tablies pour chaque d\u00e9partement.<\/p><p style=\"text-align: left;\">Proposer des objectifs et des plans pour le d\u00e9partement qui sont r\u00e9alisables et peuvent \u00eatre int\u00e9gr\u00e9s dans les plans g\u00e9n\u00e9raux de l&rsquo;\u00e9tablissement.<\/p><p style=\"text-align: left;\">D\u00e9finir et organiser l&rsquo;\u00e9quipe de personnes de son service, ainsi que les moyens mat\u00e9riels pour r\u00e9aliser le travail.<\/p><p style=\"text-align: left;\">G\u00e9rer et coordonner son \u00e9quipe, en l&rsquo;impliquant dans les objectifs et en la motivant \u00e0 \u00eatre r\u00e9active et \u00e0 d\u00e9velopper son professionnalisme.<\/p><p style=\"text-align: left;\">Organiser, mettre en \u0153uvre et contr\u00f4ler la politique de qualit\u00e9 d\u00e9finie dans le service de nettoyage.<\/p><p style=\"text-align: left;\">\u00catre responsable de l&rsquo;impeccabilit\u00e9 des chambres et des espaces communs.<\/p><p style=\"text-align: left;\">Superviser le nettoyage et la r\u00e9paration des chambres et des salles de bain, selon la d\u00e9finition.<\/p><p style=\"text-align: left;\">Responsable de l&rsquo;approvisionnement correct du d\u00e9partement (gestion des commandes et des stocks).<\/p><p style=\"text-align: left;\">Superviser et veiller \u00e0 ce que l&rsquo;\u00e9quipe prenne soin et maintienne en \u00e9tat de propret\u00e9 et d&rsquo;organisation tant les espaces de sa zone de travail (r\u00e9serves) que les outils utilis\u00e9s pour le d\u00e9veloppement de son activit\u00e9 (chariots de nettoyage, etc.).<\/p><p style=\"text-align: left;\">Informer de mani\u00e8re proactive la r\u00e9ception dans diff\u00e9rents cas :<\/p><p style=\"text-align: left;\">\u25cb S&rsquo;il est d\u00e9tect\u00e9 que quelque chose ne fonctionne pas.<\/p><p style=\"text-align: left;\">\u25cb Si quelque chose manque dans la pi\u00e8ce.<\/p><p style=\"text-align: left;\">\u25cb Si le client a oubli\u00e9 quelque chose et qu&rsquo;il est temps de passer \u00e0 la caisse.<\/p><p style=\"text-align: left;\">Organiser et superviser le stock d&rsquo;agr\u00e9ments, de linge, de mat\u00e9riaux, d&rsquo;ustensiles, d&rsquo;\u00e9quipements, de produits et de mobilier n\u00e9cessaires \u00e0 la fourniture du service dans des conditions optimales, en tenant compte des r\u00e8gles \u00e9tablies pour obtenir le b\u00e9n\u00e9fice \u00e9conomique maximal des ressources disponibles.<\/p><p style=\"text-align: left;\">Dresser des inventaires aux intervalles \u00e9tablis.<\/p><p style=\"text-align: left;\">Suivi de votre budget et gestion des principaux indicateurs de votre zone.<\/p><p style=\"text-align: left;\">Participez \u00e0 la s\u00e9lection du personnel de votre d\u00e9partement, et soyez principalement responsable de la formation et de l&rsquo;int\u00e9gration des nouveaux membres de votre \u00e9quipe.<\/p><p style=\"text-align: left;\">Informer et communiquer au reste de l&rsquo;\u00e9quipe les incidents ou les d\u00e9tails d&rsquo;int\u00e9r\u00eat qui influencent le fonctionnement optimal du d\u00e9partement par le biais du canal de communication pr\u00e9d\u00e9fini.<\/p><p style=\"text-align: left;\">par le biais du canal de communication pr\u00e9d\u00e9fini \u00e0 cet effet.<\/p><p style=\"text-align: left;\">Transmettre de mani\u00e8re proactive les \u00e9ventuelles plaintes et suggestions \u00e0 la direction.<\/p><p style=\"text-align: left;\">Assister aux r\u00e9unions \u00e9tablies et\/ou convoqu\u00e9es \u00e0 titre ordinaire ou extraordinaire.<\/p><p style=\"text-align: left;\">Pr\u00e9parer des statistiques et des rapports sur votre secteur \u00e0 l&rsquo;intention de la direction de l&rsquo;h\u00f4tel et des autres d\u00e9partements.<\/p><p style=\"text-align: left;\"><strong>Formation requise pour le poste :<\/strong><\/p><p style=\"text-align: left;\">Formation professionnelle interm\u00e9diaire.<\/p><p style=\"text-align: left;\">Exp\u00e9rience v\u00e9rifiable en tant que responsable ou gestionnaire de l&rsquo;entretien m\u00e9nager dans des \u00e9tablissements h\u00f4teliers similaires.<\/p><p style=\"text-align: left;\">Espagnol niveau C1 (ma\u00eetrise sup\u00e9rieure).<\/p><p style=\"text-align: left;\">D&rsquo;autres langues seront appr\u00e9ci\u00e9es.<\/p><p style=\"text-align: left;\">Comp\u00e9tences informatiques au niveau utilisateur ; progiciel Office, exp\u00e9rience des syst\u00e8mes h\u00f4teliers.<\/p><p style=\"text-align: left;\"><strong>Comp\u00e9tences g\u00e9n\u00e9riques requises pour le poste :<\/strong><\/p><p style=\"text-align: left;\">TRAVAIL D&rsquo;\u00c9QUIPE (niveau sup\u00e9rieur) : Encourage et motive les autres, reconna\u00eet publiquement les m\u00e9rites des membres de l&rsquo;\u00e9quipe qui ont bien travaill\u00e9. Donne du feedback de mani\u00e8re assertive, respectueuse et confiante, dans le but d&rsquo;aider l&rsquo;\u00e9quipe \u00e0 s&rsquo;am\u00e9liorer. Analyse les besoins et fournit \u00e0 l&rsquo;\u00e9quipe ce dont elle a besoin pour bien faire son travail.<\/p><p style=\"text-align: left;\">PROACTIVIT\u00c9 \/ INITIATIVE (niveau sup\u00e9rieur) : Sup\u00e9rieur : Anticipe \u00e0 court terme. Anticipe en d\u00e9tectant les opportunit\u00e9s et\/ou les probl\u00e8mes imminents et agit en cons\u00e9quence dans un d\u00e9lai inf\u00e9rieur \u00e0 1 mois.<\/p><p style=\"text-align: left;\">QUALIT\u00c9 DE SERVICE (niveau sup\u00e9rieur) : Suivre le travail des autres pour s&rsquo;assurer que les proc\u00e9dures ont \u00e9t\u00e9 respect\u00e9es. Tenir des registres d\u00e9taill\u00e9s de ses propres activit\u00e9s et de celles de l&rsquo;\u00e9quipe.<\/p><p style=\"text-align: left;\">RESPECT AU TRAVAIL (Niveau Sup\u00e9rieur) : Se comporte de mani\u00e8re respectueuse avec les moyens et les personnes au-del\u00e0 de son champ d&rsquo;action direct, le niveau de consid\u00e9ration manifest\u00e9 \u00e9tant tel qu&rsquo;il sert d&rsquo;exemple aux autres.<\/p><p style=\"text-align: left;\">VERT (niveau sup\u00e9rieur) : Propose des projets concrets d&rsquo;am\u00e9lioration de l&rsquo;impact sur l&rsquo;environnement qu&rsquo;il\/elle propose de mener de mani\u00e8re transversale et globale afin de positionner l&rsquo;entreprise comme une entit\u00e9 plus \u00a0\u00bb verte \u00ab\u00a0.<\/p><p style=\"text-align: left;\"><strong>Comp\u00e9tences sp\u00e9cifiques du poste :<\/strong><\/p><p style=\"text-align: left;\">Le souci du d\u00e9tail.<\/p><p style=\"text-align: left;\">Le leadership.<\/p><p style=\"text-align: left;\">Orientation vers la r\u00e9ussite.<\/p><p style=\"text-align: left;\">Comp\u00e9tences en mati\u00e8re de communication.<\/p><p style=\"text-align: left;\">Organisation et planification.<\/p><p style=\"text-align: left;\">Adaptabilit\u00e9.<\/p><p style=\"text-align: left;\">La r\u00e9silience.<\/p><p style=\"text-align: left;\">La flexibilit\u00e9.<\/p><p style=\"text-align: left;\">L&rsquo;honn\u00eatet\u00e9.<\/p>\t\t\t\t\t\t\t\t<\/div>\n\t\t\t\t<\/div>\n\t\t\t\t\t<\/div>\n\t\t<\/div>\n\t\t\t\t\t<\/div>\n\t\t<\/section>\n\t\t\t\t<section class=\"elementor-section elementor-top-section elementor-element elementor-element-cfb945e elementor-section-full_width elementor-section-height-default elementor-section-height-default\" data-id=\"cfb945e\" data-element_type=\"section\" data-e-type=\"section\" data-settings=\"{&quot;_ha_eqh_enable&quot;:false}\">\n\t\t\t\t\t\t<div class=\"elementor-container elementor-column-gap-default\">\n\t\t\t\t\t<div class=\"elementor-column elementor-col-100 elementor-top-column elementor-element elementor-element-f5ec47c\" data-id=\"f5ec47c\" data-element_type=\"column\" data-e-type=\"column\">\n\t\t\t<div class=\"elementor-widget-wrap elementor-element-populated\">\n\t\t\t\t\t\t<div class=\"elementor-element elementor-element-906c889 elementor-widget elementor-widget-heading\" data-id=\"906c889\" data-element_type=\"widget\" data-e-type=\"widget\" data-widget_type=\"heading.default\">\n\t\t\t\t<div class=\"elementor-widget-container\">\n\t\t\t\t\t<h2 class=\"elementor-heading-title elementor-size-default\">Autres postes vacants<\/h2>\t\t\t\t<\/div>\n\t\t\t\t<\/div>\n\t\t\t\t<section class=\"elementor-section elementor-inner-section elementor-element elementor-element-08da96d elementor-section-boxed elementor-section-height-default elementor-section-height-default\" data-id=\"08da96d\" data-element_type=\"section\" data-e-type=\"section\" data-settings=\"{&quot;_ha_eqh_enable&quot;:false}\">\n\t\t\t\t\t\t<div class=\"elementor-container elementor-column-gap-default\">\n\t\t\t\t\t<div class=\"elementor-column elementor-col-33 elementor-inner-column elementor-element elementor-element-febb72c\" data-id=\"febb72c\" data-element_type=\"column\" data-e-type=\"column\">\n\t\t\t<div class=\"elementor-widget-wrap elementor-element-populated\">\n\t\t\t\t\t\t<div class=\"elementor-element elementor-element-b0d77c8 elementor-position-top elementor-widget elementor-widget-image-box\" data-id=\"b0d77c8\" data-element_type=\"widget\" data-e-type=\"widget\" data-widget_type=\"image-box.default\">\n\t\t\t\t<div class=\"elementor-widget-container\">\n\t\t\t\t\t<div class=\"elementor-image-box-wrapper\"><figure class=\"elementor-image-box-img\"><a href=\"https:\/\/laresidenciatarifa.com\/fr\/offre-demploi-pour-masseur-assistant-bien-etre\" tabindex=\"-1\"><img decoding=\"async\" width=\"600\" height=\"400\" src=\"https:\/\/laresidenciatarifa.com\/wp-content\/uploads\/2023\/01\/1-Clara-spa-09494-600x400-1.jpg\" class=\"attachment-medium_large size-medium_large wp-image-6710\" alt=\"\" srcset=\"https:\/\/laresidenciatarifa.com\/wp-content\/uploads\/2023\/01\/1-Clara-spa-09494-600x400-1.jpg 600w, https:\/\/laresidenciatarifa.com\/wp-content\/uploads\/2023\/01\/1-Clara-spa-09494-600x400-1-300x200.jpg 300w\" sizes=\"(max-width: 600px) 100vw, 600px\" \/><\/a><\/figure><div class=\"elementor-image-box-content\"><h2 class=\"elementor-image-box-title\"><a href=\"https:\/\/laresidenciatarifa.com\/fr\/offre-demploi-pour-masseur-assistant-bien-etre\">Masseur \/ Assistant bien-\u00eatre<\/a><\/h2><\/div><\/div>\t\t\t\t<\/div>\n\t\t\t\t<\/div>\n\t\t\t\t\t<\/div>\n\t\t<\/div>\n\t\t\t\t<div class=\"elementor-column elementor-col-33 elementor-inner-column elementor-element elementor-element-8d83fb1\" data-id=\"8d83fb1\" data-element_type=\"column\" data-e-type=\"column\">\n\t\t\t<div class=\"elementor-widget-wrap elementor-element-populated\">\n\t\t\t\t\t\t<div class=\"elementor-element elementor-element-1c7fe4e elementor-position-top elementor-widget elementor-widget-image-box\" data-id=\"1c7fe4e\" data-element_type=\"widget\" data-e-type=\"widget\" data-widget_type=\"image-box.default\">\n\t\t\t\t<div class=\"elementor-widget-container\">\n\t\t\t\t\t<div class=\"elementor-image-box-wrapper\"><figure class=\"elementor-image-box-img\"><a href=\"https:\/\/laresidenciatarifa.com\/fr\/offre-demploi-pour-la-gouvernante\/\" tabindex=\"-1\"><img loading=\"lazy\" decoding=\"async\" width=\"600\" height=\"401\" src=\"https:\/\/laresidenciatarifa.com\/wp-content\/uploads\/2023\/01\/camarera-de-piso.jpg\" class=\"attachment-medium_large size-medium_large wp-image-6714\" alt=\"\" srcset=\"https:\/\/laresidenciatarifa.com\/wp-content\/uploads\/2023\/01\/camarera-de-piso.jpg 600w, https:\/\/laresidenciatarifa.com\/wp-content\/uploads\/2023\/01\/camarera-de-piso-300x201.jpg 300w\" sizes=\"(max-width: 600px) 100vw, 600px\" \/><\/a><\/figure><div class=\"elementor-image-box-content\"><h2 class=\"elementor-image-box-title\"><a href=\"https:\/\/laresidenciatarifa.com\/fr\/offre-demploi-pour-la-gouvernante\/\">La gouvernante<\/a><\/h2><\/div><\/div>\t\t\t\t<\/div>\n\t\t\t\t<\/div>\n\t\t\t\t\t<\/div>\n\t\t<\/div>\n\t\t\t\t<div class=\"elementor-column elementor-col-33 elementor-inner-column elementor-element elementor-element-5c898d2\" data-id=\"5c898d2\" data-element_type=\"column\" data-e-type=\"column\">\n\t\t\t<div class=\"elementor-widget-wrap elementor-element-populated\">\n\t\t\t\t\t\t<div class=\"elementor-element elementor-element-693105c elementor-position-top elementor-widget elementor-widget-image-box\" data-id=\"693105c\" data-element_type=\"widget\" data-e-type=\"widget\" data-widget_type=\"image-box.default\">\n\t\t\t\t<div class=\"elementor-widget-container\">\n\t\t\t\t\t<div class=\"elementor-image-box-wrapper\"><figure class=\"elementor-image-box-img\"><a href=\"https:\/\/laresidenciatarifa.com\/offre-demploi-deuxieme-cuisinier\/\" tabindex=\"-1\"><img loading=\"lazy\" decoding=\"async\" width=\"600\" height=\"401\" src=\"https:\/\/laresidenciatarifa.com\/wp-content\/uploads\/2023\/01\/el-patio-tarifa.jpg\" class=\"attachment-medium_large size-medium_large wp-image-6729\" alt=\"\" srcset=\"https:\/\/laresidenciatarifa.com\/wp-content\/uploads\/2023\/01\/el-patio-tarifa.jpg 600w, https:\/\/laresidenciatarifa.com\/wp-content\/uploads\/2023\/01\/el-patio-tarifa-300x201.jpg 300w\" sizes=\"(max-width: 600px) 100vw, 600px\" \/><\/a><\/figure><div class=\"elementor-image-box-content\"><h2 class=\"elementor-image-box-title\"><a href=\"https:\/\/laresidenciatarifa.com\/offre-demploi-deuxieme-cuisinier\/\">Deuxi\u00e8me cuisinier<\/a><\/h2><\/div><\/div>\t\t\t\t<\/div>\n\t\t\t\t<\/div>\n\t\t\t\t\t<\/div>\n\t\t<\/div>\n\t\t\t\t\t<\/div>\n\t\t<\/section>\n\t\t\t\t\t<\/div>\n\t\t<\/div>\n\t\t\t\t\t<\/div>\n\t\t<\/section>\n\t\t\t\t<\/div>\n\t\t","protected":false},"excerpt":{"rendered":"<p>L&rsquo;assistante de la gouvernante Nous recherchons un talent dans le domaine du nettoyage et de l&rsquo;esth\u00e9tique de l&rsquo;\u00e9tablissement. Dans ce poste cl\u00e9 o\u00f9 nous prenons grand soin de nos clients et de tous les d\u00e9tails, vous travaillerez avec tous les d\u00e9partements de l&rsquo;h\u00f4tel. Vous serez en charge de la propret\u00e9 de l&rsquo;ensemble de l&rsquo;\u00e9tablissement, de [&hellip;]<\/p>\n","protected":false},"author":1,"featured_media":0,"parent":0,"menu_order":0,"comment_status":"closed","ping_status":"closed","template":"","meta":{"_acf_changed":false,"footnotes":""},"class_list":["post-7057","page","type-page","status-publish","hentry"],"acf":[],"yoast_head":"<!-- This site is optimized with the Yoast SEO plugin v27.5 - https:\/\/yoast.com\/product\/yoast-seo-wordpress\/ -->\n<title>Offre d&#039;emploi de L&#039;assistante de la gouvernante - La Residencia Tarifa<\/title>\n<meta name=\"robots\" content=\"index, follow, max-snippet:-1, max-image-preview:large, max-video-preview:-1\" \/>\n<link rel=\"canonical\" href=\"https:\/\/laresidenciatarifa.com\/fr\/offre-demploi-lassistant-de-la-gouvernante\/\" \/>\n<meta property=\"og:locale\" content=\"fr_FR\" \/>\n<meta property=\"og:type\" content=\"article\" \/>\n<meta property=\"og:title\" content=\"Offre d&#039;emploi de L&#039;assistante de la gouvernante - La Residencia Tarifa\" \/>\n<meta property=\"og:description\" content=\"L&rsquo;assistante de la gouvernante Nous recherchons un talent dans le domaine du nettoyage et de l&rsquo;esth\u00e9tique de l&rsquo;\u00e9tablissement. Dans ce poste cl\u00e9 o\u00f9 nous prenons grand soin de nos clients et de tous les d\u00e9tails, vous travaillerez avec tous les d\u00e9partements de l&rsquo;h\u00f4tel. Vous serez en charge de la propret\u00e9 de l&rsquo;ensemble de l&rsquo;\u00e9tablissement, de [&hellip;]\" \/>\n<meta property=\"og:url\" content=\"https:\/\/laresidenciatarifa.com\/fr\/offre-demploi-lassistant-de-la-gouvernante\/\" \/>\n<meta property=\"og:site_name\" content=\"La Residencia Tarifa\" \/>\n<meta property=\"article:modified_time\" content=\"2023-02-03T16:06:27+00:00\" \/>\n<meta property=\"og:image\" content=\"https:\/\/laresidenciatarifa.com\/wp-content\/uploads\/2022\/12\/GaleriaHabVistasMar08.jpg\" \/>\n<meta name=\"twitter:card\" content=\"summary_large_image\" \/>\n<meta name=\"twitter:label1\" content=\"Dur\u00e9e de lecture estim\u00e9e\" \/>\n\t<meta name=\"twitter:data1\" content=\"6 minutes\" \/>\n<script type=\"application\/ld+json\" class=\"yoast-schema-graph\">{\"@context\":\"https:\\\/\\\/schema.org\",\"@graph\":[{\"@type\":\"WebPage\",\"@id\":\"https:\\\/\\\/laresidenciatarifa.com\\\/fr\\\/offre-demploi-lassistant-de-la-gouvernante\\\/\",\"url\":\"https:\\\/\\\/laresidenciatarifa.com\\\/fr\\\/offre-demploi-lassistant-de-la-gouvernante\\\/\",\"name\":\"Offre d'emploi de L'assistante de la gouvernante - La Residencia Tarifa\",\"isPartOf\":{\"@id\":\"https:\\\/\\\/laresidenciatarifa.com\\\/fr\\\/#website\"},\"primaryImageOfPage\":{\"@id\":\"https:\\\/\\\/laresidenciatarifa.com\\\/fr\\\/offre-demploi-lassistant-de-la-gouvernante\\\/#primaryimage\"},\"image\":{\"@id\":\"https:\\\/\\\/laresidenciatarifa.com\\\/fr\\\/offre-demploi-lassistant-de-la-gouvernante\\\/#primaryimage\"},\"thumbnailUrl\":\"https:\\\/\\\/laresidenciatarifa.com\\\/wp-content\\\/uploads\\\/2022\\\/12\\\/GaleriaHabVistasMar08.jpg\",\"datePublished\":\"2023-01-30T16:24:29+00:00\",\"dateModified\":\"2023-02-03T16:06:27+00:00\",\"breadcrumb\":{\"@id\":\"https:\\\/\\\/laresidenciatarifa.com\\\/fr\\\/offre-demploi-lassistant-de-la-gouvernante\\\/#breadcrumb\"},\"inLanguage\":\"fr-FR\",\"potentialAction\":[{\"@type\":\"ReadAction\",\"target\":[\"https:\\\/\\\/laresidenciatarifa.com\\\/fr\\\/offre-demploi-lassistant-de-la-gouvernante\\\/\"]}]},{\"@type\":\"ImageObject\",\"inLanguage\":\"fr-FR\",\"@id\":\"https:\\\/\\\/laresidenciatarifa.com\\\/fr\\\/offre-demploi-lassistant-de-la-gouvernante\\\/#primaryimage\",\"url\":\"https:\\\/\\\/laresidenciatarifa.com\\\/wp-content\\\/uploads\\\/2022\\\/12\\\/GaleriaHabVistasMar08.jpg\",\"contentUrl\":\"https:\\\/\\\/laresidenciatarifa.com\\\/wp-content\\\/uploads\\\/2022\\\/12\\\/GaleriaHabVistasMar08.jpg\"},{\"@type\":\"BreadcrumbList\",\"@id\":\"https:\\\/\\\/laresidenciatarifa.com\\\/fr\\\/offre-demploi-lassistant-de-la-gouvernante\\\/#breadcrumb\",\"itemListElement\":[{\"@type\":\"ListItem\",\"position\":1,\"name\":\"Portada\",\"item\":\"https:\\\/\\\/laresidenciatarifa.com\\\/fr\\\/\"},{\"@type\":\"ListItem\",\"position\":2,\"name\":\"Offre d&#8217;emploi de L&#8217;assistante de la gouvernante\"}]},{\"@type\":\"WebSite\",\"@id\":\"https:\\\/\\\/laresidenciatarifa.com\\\/fr\\\/#website\",\"url\":\"https:\\\/\\\/laresidenciatarifa.com\\\/fr\\\/\",\"name\":\"La Residencia Tarifa\",\"description\":\"Hotel, apartamentos, spa y restaurante\",\"publisher\":{\"@id\":\"https:\\\/\\\/laresidenciatarifa.com\\\/fr\\\/#organization\"},\"potentialAction\":[{\"@type\":\"SearchAction\",\"target\":{\"@type\":\"EntryPoint\",\"urlTemplate\":\"https:\\\/\\\/laresidenciatarifa.com\\\/fr\\\/?s={search_term_string}\"},\"query-input\":{\"@type\":\"PropertyValueSpecification\",\"valueRequired\":true,\"valueName\":\"search_term_string\"}}],\"inLanguage\":\"fr-FR\"},{\"@type\":\"Organization\",\"@id\":\"https:\\\/\\\/laresidenciatarifa.com\\\/fr\\\/#organization\",\"name\":\"La Residencia Tarifa\",\"url\":\"https:\\\/\\\/laresidenciatarifa.com\\\/fr\\\/\",\"logo\":{\"@type\":\"ImageObject\",\"inLanguage\":\"fr-FR\",\"@id\":\"https:\\\/\\\/laresidenciatarifa.com\\\/fr\\\/#\\\/schema\\\/logo\\\/image\\\/\",\"url\":\"https:\\\/\\\/laresidenciatarifa.com\\\/wp-content\\\/uploads\\\/2022\\\/12\\\/logoLaResidencia.png\",\"contentUrl\":\"https:\\\/\\\/laresidenciatarifa.com\\\/wp-content\\\/uploads\\\/2022\\\/12\\\/logoLaResidencia.png\",\"width\":113,\"height\":75,\"caption\":\"La Residencia Tarifa\"},\"image\":{\"@id\":\"https:\\\/\\\/laresidenciatarifa.com\\\/fr\\\/#\\\/schema\\\/logo\\\/image\\\/\"}}]}<\/script>\n<!-- \/ Yoast SEO plugin. -->","yoast_head_json":{"title":"Offre d'emploi de L'assistante de la gouvernante - La Residencia Tarifa","robots":{"index":"index","follow":"follow","max-snippet":"max-snippet:-1","max-image-preview":"max-image-preview:large","max-video-preview":"max-video-preview:-1"},"canonical":"https:\/\/laresidenciatarifa.com\/fr\/offre-demploi-lassistant-de-la-gouvernante\/","og_locale":"fr_FR","og_type":"article","og_title":"Offre d'emploi de L'assistante de la gouvernante - La Residencia Tarifa","og_description":"L&rsquo;assistante de la gouvernante Nous recherchons un talent dans le domaine du nettoyage et de l&rsquo;esth\u00e9tique de l&rsquo;\u00e9tablissement. Dans ce poste cl\u00e9 o\u00f9 nous prenons grand soin de nos clients et de tous les d\u00e9tails, vous travaillerez avec tous les d\u00e9partements de l&rsquo;h\u00f4tel. Vous serez en charge de la propret\u00e9 de l&rsquo;ensemble de l&rsquo;\u00e9tablissement, de [&hellip;]","og_url":"https:\/\/laresidenciatarifa.com\/fr\/offre-demploi-lassistant-de-la-gouvernante\/","og_site_name":"La Residencia Tarifa","article_modified_time":"2023-02-03T16:06:27+00:00","og_image":[{"url":"https:\/\/laresidenciatarifa.com\/wp-content\/uploads\/2022\/12\/GaleriaHabVistasMar08.jpg","type":"","width":"","height":""}],"twitter_card":"summary_large_image","twitter_misc":{"Dur\u00e9e de lecture estim\u00e9e":"6 minutes"},"schema":{"@context":"https:\/\/schema.org","@graph":[{"@type":"WebPage","@id":"https:\/\/laresidenciatarifa.com\/fr\/offre-demploi-lassistant-de-la-gouvernante\/","url":"https:\/\/laresidenciatarifa.com\/fr\/offre-demploi-lassistant-de-la-gouvernante\/","name":"Offre d'emploi de L'assistante de la gouvernante - La Residencia Tarifa","isPartOf":{"@id":"https:\/\/laresidenciatarifa.com\/fr\/#website"},"primaryImageOfPage":{"@id":"https:\/\/laresidenciatarifa.com\/fr\/offre-demploi-lassistant-de-la-gouvernante\/#primaryimage"},"image":{"@id":"https:\/\/laresidenciatarifa.com\/fr\/offre-demploi-lassistant-de-la-gouvernante\/#primaryimage"},"thumbnailUrl":"https:\/\/laresidenciatarifa.com\/wp-content\/uploads\/2022\/12\/GaleriaHabVistasMar08.jpg","datePublished":"2023-01-30T16:24:29+00:00","dateModified":"2023-02-03T16:06:27+00:00","breadcrumb":{"@id":"https:\/\/laresidenciatarifa.com\/fr\/offre-demploi-lassistant-de-la-gouvernante\/#breadcrumb"},"inLanguage":"fr-FR","potentialAction":[{"@type":"ReadAction","target":["https:\/\/laresidenciatarifa.com\/fr\/offre-demploi-lassistant-de-la-gouvernante\/"]}]},{"@type":"ImageObject","inLanguage":"fr-FR","@id":"https:\/\/laresidenciatarifa.com\/fr\/offre-demploi-lassistant-de-la-gouvernante\/#primaryimage","url":"https:\/\/laresidenciatarifa.com\/wp-content\/uploads\/2022\/12\/GaleriaHabVistasMar08.jpg","contentUrl":"https:\/\/laresidenciatarifa.com\/wp-content\/uploads\/2022\/12\/GaleriaHabVistasMar08.jpg"},{"@type":"BreadcrumbList","@id":"https:\/\/laresidenciatarifa.com\/fr\/offre-demploi-lassistant-de-la-gouvernante\/#breadcrumb","itemListElement":[{"@type":"ListItem","position":1,"name":"Portada","item":"https:\/\/laresidenciatarifa.com\/fr\/"},{"@type":"ListItem","position":2,"name":"Offre d&#8217;emploi de L&#8217;assistante de la gouvernante"}]},{"@type":"WebSite","@id":"https:\/\/laresidenciatarifa.com\/fr\/#website","url":"https:\/\/laresidenciatarifa.com\/fr\/","name":"La Residencia Tarifa","description":"Hotel, apartamentos, spa y restaurante","publisher":{"@id":"https:\/\/laresidenciatarifa.com\/fr\/#organization"},"potentialAction":[{"@type":"SearchAction","target":{"@type":"EntryPoint","urlTemplate":"https:\/\/laresidenciatarifa.com\/fr\/?s={search_term_string}"},"query-input":{"@type":"PropertyValueSpecification","valueRequired":true,"valueName":"search_term_string"}}],"inLanguage":"fr-FR"},{"@type":"Organization","@id":"https:\/\/laresidenciatarifa.com\/fr\/#organization","name":"La Residencia Tarifa","url":"https:\/\/laresidenciatarifa.com\/fr\/","logo":{"@type":"ImageObject","inLanguage":"fr-FR","@id":"https:\/\/laresidenciatarifa.com\/fr\/#\/schema\/logo\/image\/","url":"https:\/\/laresidenciatarifa.com\/wp-content\/uploads\/2022\/12\/logoLaResidencia.png","contentUrl":"https:\/\/laresidenciatarifa.com\/wp-content\/uploads\/2022\/12\/logoLaResidencia.png","width":113,"height":75,"caption":"La Residencia Tarifa"},"image":{"@id":"https:\/\/laresidenciatarifa.com\/fr\/#\/schema\/logo\/image\/"}}]}},"_links":{"self":[{"href":"https:\/\/laresidenciatarifa.com\/fr\/wp-json\/wp\/v2\/pages\/7057","targetHints":{"allow":["GET"]}}],"collection":[{"href":"https:\/\/laresidenciatarifa.com\/fr\/wp-json\/wp\/v2\/pages"}],"about":[{"href":"https:\/\/laresidenciatarifa.com\/fr\/wp-json\/wp\/v2\/types\/page"}],"author":[{"embeddable":true,"href":"https:\/\/laresidenciatarifa.com\/fr\/wp-json\/wp\/v2\/users\/1"}],"replies":[{"embeddable":true,"href":"https:\/\/laresidenciatarifa.com\/fr\/wp-json\/wp\/v2\/comments?post=7057"}],"version-history":[{"count":24,"href":"https:\/\/laresidenciatarifa.com\/fr\/wp-json\/wp\/v2\/pages\/7057\/revisions"}],"predecessor-version":[{"id":7175,"href":"https:\/\/laresidenciatarifa.com\/fr\/wp-json\/wp\/v2\/pages\/7057\/revisions\/7175"}],"wp:attachment":[{"href":"https:\/\/laresidenciatarifa.com\/fr\/wp-json\/wp\/v2\/media?parent=7057"}],"curies":[{"name":"wp","href":"https:\/\/api.w.org\/{rel}","templated":true}]}}