{"id":22314,"date":"2025-10-23T14:23:40","date_gmt":"2025-10-23T12:23:40","guid":{"rendered":"https:\/\/laresidenciatarifa.com\/fetes-2025\/"},"modified":"2025-11-24T09:51:50","modified_gmt":"2025-11-24T08:51:50","slug":"fetes-2025","status":"publish","type":"page","link":"https:\/\/laresidenciatarifa.com\/fr\/fetes-2025\/","title":{"rendered":"F\u00eates 2025"},"content":{"rendered":"\t\t<div data-elementor-type=\"wp-page\" data-elementor-id=\"22314\" class=\"elementor elementor-22314 elementor-21439\" data-elementor-settings=\"{&quot;ha_cmc_init_switcher&quot;:&quot;no&quot;}\" data-elementor-post-type=\"page\">\n\t\t\t\t\t\t<section class=\"elementor-section elementor-top-section elementor-element elementor-element-7b7722a9 elementor-section-full_width elementor-section-height-default elementor-section-height-default\" data-id=\"7b7722a9\" data-element_type=\"section\" data-e-type=\"section\" data-settings=\"{&quot;background_background&quot;:&quot;classic&quot;,&quot;_ha_eqh_enable&quot;:false}\">\n\t\t\t\t\t\t<div class=\"elementor-container elementor-column-gap-default\">\n\t\t\t\t\t<div class=\"elementor-column elementor-col-100 elementor-top-column elementor-element elementor-element-709d482c\" data-id=\"709d482c\" data-element_type=\"column\" data-e-type=\"column\" data-settings=\"{&quot;background_background&quot;:&quot;classic&quot;}\">\n\t\t\t<div class=\"elementor-widget-wrap elementor-element-populated\">\n\t\t\t\t\t<div class=\"elementor-background-overlay\"><\/div>\n\t\t\t\t\t\t<div class=\"elementor-element elementor-element-140bdfb6 elementor-widget elementor-widget-spacer\" data-id=\"140bdfb6\" data-element_type=\"widget\" data-e-type=\"widget\" data-widget_type=\"spacer.default\">\n\t\t\t\t<div class=\"elementor-widget-container\">\n\t\t\t\t\t\t\t<div class=\"elementor-spacer\">\n\t\t\t<div class=\"elementor-spacer-inner\"><\/div>\n\t\t<\/div>\n\t\t\t\t\t\t<\/div>\n\t\t\t\t<\/div>\n\t\t\t\t<div class=\"elementor-element elementor-element-3f0370e elementor-widget elementor-widget-heading\" data-id=\"3f0370e\" data-element_type=\"widget\" data-e-type=\"widget\" data-widget_type=\"heading.default\">\n\t\t\t\t<div class=\"elementor-widget-container\">\n\t\t\t\t\t<h1 class=\"elementor-heading-title elementor-size-default\">F\u00eates 2025<\/h1>\t\t\t\t<\/div>\n\t\t\t\t<\/div>\n\t\t\t\t\t<\/div>\n\t\t<\/div>\n\t\t\t\t\t<\/div>\n\t\t<\/section>\n\t\t<div class=\"elementor-element elementor-element-6b32b003 e-flex e-con-boxed e-con e-parent\" data-id=\"6b32b003\" data-element_type=\"container\" data-e-type=\"container\" data-settings=\"{&quot;_ha_eqh_enable&quot;:false}\">\n\t\t\t\t\t<div class=\"e-con-inner\">\n\t\t\t\t<div class=\"elementor-element elementor-element-155cc19b elementor-widget__width-initial elementor-widget elementor-widget-heading\" data-id=\"155cc19b\" data-element_type=\"widget\" data-e-type=\"widget\" data-widget_type=\"heading.default\">\n\t\t\t\t<div class=\"elementor-widget-container\">\n\t\t\t\t\t<p class=\"elementor-heading-title elementor-size-default\">No\u00ebl est la p\u00e9riode la plus magique de l'ann\u00e9e et l'une des saisons pr\u00e9f\u00e9r\u00e9es \u00e0 La Residencia Puerto, avec ses d\u00e9corations scintillantes, ses activit\u00e9s et ses menus festifs pour que les clients puissent en profiter au maximum. Chaque ann\u00e9e, nous nous effor\u00e7ons de faire de cette p\u00e9riode festive un moment inoubliable pour ceux qui nous rendent visite.<\/p>\t\t\t\t<\/div>\n\t\t\t\t<\/div>\n\t\t\t\t<div class=\"elementor-element elementor-element-10c43cfc elementor-align-left elementor-widget elementor-widget-button\" data-id=\"10c43cfc\" data-element_type=\"widget\" data-e-type=\"widget\" data-widget_type=\"button.default\">\n\t\t\t\t<div class=\"elementor-widget-container\">\n\t\t\t\t\t\t\t\t\t<div class=\"elementor-button-wrapper\">\n\t\t\t\t\t<a class=\"elementor-button elementor-button-link elementor-size-sm\" href=\"https:\/\/www.covermanager.com\/reservation\/module_restaurant\/restaurante-elpatiotarifa\/english?day=2025-12-24&#038;end=2025-12-24&#038;hour=20:00&#038;timefix=20:00\" target=\"_blank\">\n\t\t\t\t\t\t<span class=\"elementor-button-content-wrapper\">\n\t\t\t\t\t\t\t\t\t<span class=\"elementor-button-text\">R\u00c9SERVER<\/span>\n\t\t\t\t\t<\/span>\n\t\t\t\t\t<\/a>\n\t\t\t\t<\/div>\n\t\t\t\t\t\t\t\t<\/div>\n\t\t\t\t<\/div>\n\t\t\t\t\t<\/div>\n\t\t\t\t<\/div>\n\t\t\t\t<section class=\"elementor-section elementor-top-section elementor-element elementor-element-49a36e95 elementor-reverse-mobile elementor-section-boxed elementor-section-height-default elementor-section-height-default\" data-id=\"49a36e95\" data-element_type=\"section\" data-e-type=\"section\" data-settings=\"{&quot;_ha_eqh_enable&quot;:false}\">\n\t\t\t\t\t\t<div class=\"elementor-container elementor-column-gap-extended\">\n\t\t\t\t\t<div class=\"elementor-column elementor-col-50 elementor-top-column elementor-element elementor-element-2fdec345\" data-id=\"2fdec345\" data-element_type=\"column\" data-e-type=\"column\">\n\t\t\t<div class=\"elementor-widget-wrap elementor-element-populated\">\n\t\t\t\t\t\t<div class=\"elementor-element elementor-element-24a1175c elementor-widget elementor-widget-heading\" data-id=\"24a1175c\" data-element_type=\"widget\" data-e-type=\"widget\" data-widget_type=\"heading.default\">\n\t\t\t\t<div class=\"elementor-widget-container\">\n\t\t\t\t\t<h2 class=\"elementor-heading-title elementor-size-default\">Menu de No\u00ebl 2025<\/h2>\t\t\t\t<\/div>\n\t\t\t\t<\/div>\n\t\t\t\t<div class=\"elementor-element elementor-element-7ca5c568 elementor-widget elementor-widget-text-editor\" data-id=\"7ca5c568\" data-element_type=\"widget\" data-e-type=\"widget\" data-widget_type=\"text-editor.default\">\n\t\t\t\t<div class=\"elementor-widget-container\">\n\t\t\t\t\t\t\t\t\t<p>C\u00e9l\u00e9brez No\u00ebl \u00e0 El Patio avec un menu sp\u00e9cial, comprenant \u00e9galement une option v\u00e9g\u00e9tarienne et un menu pour les enfants.<br>R\u00e9servez d\u00e8s maintenant votre table et profitez d\u2019une soir\u00e9e tr\u00e8s sp\u00e9ciale.<\/p><ul><li>D\u00eener de No\u00ebl<\/li><li>Musique live<\/li><li>Cadeaux sur votre table<\/li><li>Cin\u00e9ma pour les enfants dans une salle qui leur est r\u00e9serv\u00e9e<\/li><li>Jeux de soci\u00e9t\u00e9 \u00e0 disposition de nos clients<\/li><li>Nous vous fournissons le programme des festivit\u00e9s \u00e0 Tarifa pour cette journ\u00e9e.<\/li><\/ul>\t\t\t\t\t\t\t\t<\/div>\n\t\t\t\t<\/div>\n\t\t<div class=\"elementor-element elementor-element-519681f5 e-flex e-con-boxed e-con e-parent\" data-id=\"519681f5\" data-element_type=\"container\" data-e-type=\"container\" data-settings=\"{&quot;_ha_eqh_enable&quot;:false}\">\n\t\t\t\t\t<div class=\"e-con-inner\">\n\t\t\t\t<div class=\"elementor-element elementor-element-2a56d4c5 elementor-align-left elementor-widget elementor-widget-button\" data-id=\"2a56d4c5\" data-element_type=\"widget\" data-e-type=\"widget\" data-widget_type=\"button.default\">\n\t\t\t\t<div class=\"elementor-widget-container\">\n\t\t\t\t\t\t\t\t\t<div class=\"elementor-button-wrapper\">\n\t\t\t\t\t<a class=\"elementor-button elementor-button-link elementor-size-sm\" href=\"https:\/\/laresidenciatarifa.com\/wp-content\/uploads\/2025\/11\/Christmas-menu_EN_2025-1.pdf\" target=\"_blank\" id=\"btn3 \">\n\t\t\t\t\t\t<span class=\"elementor-button-content-wrapper\">\n\t\t\t\t\t\t\t\t\t<span class=\"elementor-button-text\">Afficher le menu<\/span>\n\t\t\t\t\t<\/span>\n\t\t\t\t\t<\/a>\n\t\t\t\t<\/div>\n\t\t\t\t\t\t\t\t<\/div>\n\t\t\t\t<\/div>\n\t\t\t\t<div class=\"elementor-element elementor-element-1f17556d elementor-align-left elementor-widget elementor-widget-button\" data-id=\"1f17556d\" data-element_type=\"widget\" data-e-type=\"widget\" data-widget_type=\"button.default\">\n\t\t\t\t<div class=\"elementor-widget-container\">\n\t\t\t\t\t\t\t\t\t<div class=\"elementor-button-wrapper\">\n\t\t\t\t\t<a class=\"elementor-button elementor-button-link elementor-size-sm\" href=\"https:\/\/laresidenciatarifa.com\/wp-content\/uploads\/2025\/11\/Christmas-menu-Kids_EN_2025-1.pdf\" target=\"_blank\" id=\"btn1\">\n\t\t\t\t\t\t<span class=\"elementor-button-content-wrapper\">\n\t\t\t\t\t\t\t\t\t<span class=\"elementor-button-text\">Voir le menu enfants<\/span>\n\t\t\t\t\t<\/span>\n\t\t\t\t\t<\/a>\n\t\t\t\t<\/div>\n\t\t\t\t\t\t\t\t<\/div>\n\t\t\t\t<\/div>\n\t\t\t\t<div class=\"elementor-element elementor-element-6de66a7b elementor-align-left elementor-widget elementor-widget-button\" data-id=\"6de66a7b\" data-element_type=\"widget\" data-e-type=\"widget\" data-widget_type=\"button.default\">\n\t\t\t\t<div class=\"elementor-widget-container\">\n\t\t\t\t\t\t\t\t\t<div class=\"elementor-button-wrapper\">\n\t\t\t\t\t<a class=\"elementor-button elementor-button-link elementor-size-sm\" href=\"https:\/\/laresidenciatarifa.com\/wp-content\/uploads\/2025\/11\/Menu-veggie_EN_2025-2.pdf\" target=\"_blank\" id=\"btn2\">\n\t\t\t\t\t\t<span class=\"elementor-button-content-wrapper\">\n\t\t\t\t\t\t\t\t\t<span class=\"elementor-button-text\">Voir le menu v\u00e9g\u00e9tarien<\/span>\n\t\t\t\t\t<\/span>\n\t\t\t\t\t<\/a>\n\t\t\t\t<\/div>\n\t\t\t\t\t\t\t\t<\/div>\n\t\t\t\t<\/div>\n\t\t\t\t\t<\/div>\n\t\t\t\t<\/div>\n\t\t\t\t\t<\/div>\n\t\t<\/div>\n\t\t\t\t<div class=\"elementor-column elementor-col-50 elementor-top-column elementor-element elementor-element-2bd6457f\" data-id=\"2bd6457f\" data-element_type=\"column\" data-e-type=\"column\">\n\t\t\t<div class=\"elementor-widget-wrap elementor-element-populated\">\n\t\t\t\t\t\t<div class=\"elementor-element elementor-element-411decea elementor-widget elementor-widget-image\" data-id=\"411decea\" data-element_type=\"widget\" data-e-type=\"widget\" data-widget_type=\"image.default\">\n\t\t\t\t<div class=\"elementor-widget-container\">\n\t\t\t\t\t\t\t\t\t\t\t\t\t\t\t<img fetchpriority=\"high\" decoding=\"async\" width=\"445\" height=\"320\" src=\"https:\/\/laresidenciatarifa.com\/wp-content\/uploads\/2025\/11\/hotel-la-residencia-menu-navidad.jpg\" class=\"attachment-full size-full wp-image-21548\" alt=\"\" srcset=\"https:\/\/laresidenciatarifa.com\/wp-content\/uploads\/2025\/11\/hotel-la-residencia-menu-navidad.jpg 445w, https:\/\/laresidenciatarifa.com\/wp-content\/uploads\/2025\/11\/hotel-la-residencia-menu-navidad-300x216.jpg 300w\" sizes=\"(max-width: 445px) 100vw, 445px\" \/>\t\t\t\t\t\t\t\t\t\t\t\t\t\t\t<\/div>\n\t\t\t\t<\/div>\n\t\t\t\t\t<\/div>\n\t\t<\/div>\n\t\t\t\t\t<\/div>\n\t\t<\/section>\n\t\t\t\t<section class=\"elementor-section elementor-top-section elementor-element elementor-element-7cf8ae79 elementor-section-boxed elementor-section-height-default elementor-section-height-default\" data-id=\"7cf8ae79\" data-element_type=\"section\" data-e-type=\"section\" data-settings=\"{&quot;background_background&quot;:&quot;classic&quot;,&quot;_ha_eqh_enable&quot;:false}\">\n\t\t\t\t\t\t<div class=\"elementor-container elementor-column-gap-extended\">\n\t\t\t\t\t<div class=\"elementor-column elementor-col-50 elementor-top-column elementor-element elementor-element-4367280f\" data-id=\"4367280f\" data-element_type=\"column\" data-e-type=\"column\" data-settings=\"{&quot;background_background&quot;:&quot;slideshow&quot;,&quot;background_slideshow_gallery&quot;:[{&quot;id&quot;:21552,&quot;url&quot;:&quot;https:\\\/\\\/laresidenciatarifa.com\\\/wp-content\\\/uploads\\\/2025\\\/11\\\/hotel-la-residencia-menu-ano-nuevo.jpg&quot;}],&quot;background_slideshow_slide_duration&quot;:2000,&quot;background_slideshow_loop&quot;:&quot;yes&quot;,&quot;background_slideshow_slide_transition&quot;:&quot;fade&quot;,&quot;background_slideshow_transition_duration&quot;:500}\">\n\t\t\t<div class=\"elementor-widget-wrap elementor-element-populated\">\n\t\t\t\t\t\t<div class=\"elementor-element elementor-element-37414385 elementor-widget elementor-widget-spacer\" data-id=\"37414385\" data-element_type=\"widget\" data-e-type=\"widget\" data-widget_type=\"spacer.default\">\n\t\t\t\t<div class=\"elementor-widget-container\">\n\t\t\t\t\t\t\t<div class=\"elementor-spacer\">\n\t\t\t<div class=\"elementor-spacer-inner\"><\/div>\n\t\t<\/div>\n\t\t\t\t\t\t<\/div>\n\t\t\t\t<\/div>\n\t\t\t\t\t<\/div>\n\t\t<\/div>\n\t\t\t\t<div class=\"elementor-column elementor-col-50 elementor-top-column elementor-element elementor-element-14234b6\" data-id=\"14234b6\" data-element_type=\"column\" data-e-type=\"column\">\n\t\t\t<div class=\"elementor-widget-wrap elementor-element-populated\">\n\t\t\t\t\t\t<div class=\"elementor-element elementor-element-1751e9b7 elementor-widget elementor-widget-heading\" data-id=\"1751e9b7\" data-element_type=\"widget\" data-e-type=\"widget\" data-widget_type=\"heading.default\">\n\t\t\t\t<div class=\"elementor-widget-container\">\n\t\t\t\t\t<h2 class=\"elementor-heading-title elementor-size-default\">Menu du r\u00e9veillon du Nouvel An<\/h2>\t\t\t\t<\/div>\n\t\t\t\t<\/div>\n\t\t\t\t<div class=\"elementor-element elementor-element-7fb7aaab elementor-widget__width-initial elementor-widget elementor-widget-text-editor\" data-id=\"7fb7aaab\" data-element_type=\"widget\" data-e-type=\"widget\" data-widget_type=\"text-editor.default\">\n\t\t\t\t<div class=\"elementor-widget-container\">\n\t\t\t\t\t\t\t\t\t<p class=\"whitespace-normal break-words\">Nous vous attendons pour commencer l\u2019ann\u00e9e ensemble et profiter d\u2019un moment magique.<br>R\u00e9servez d\u00e8s maintenant votre table et profitez d\u2019une soir\u00e9e tr\u00e8s sp\u00e9ciale.<\/p><ul><li class=\"whitespace-normal break-words\">D\u00e9licieux d\u00eener du r\u00e9veillon du Nouvel An.<\/li><li class=\"whitespace-normal break-words\">Musique live<\/li><li class=\"whitespace-normal break-words\">Cadeaux sur votre table<\/li><li class=\"whitespace-normal break-words\">Cin\u00e9ma pour les enfants dans une salle qui leur est r\u00e9serv\u00e9e<\/li><li class=\"whitespace-normal break-words\">Jeux de soci\u00e9t\u00e9 \u00e0 disposition de nos clients<\/li><li class=\"whitespace-normal break-words\">Nous sortirons sur la place pour \u00e9couter les cloches du village sonner les douze coups de minuit.<\/li><\/ul>\t\t\t\t\t\t\t\t<\/div>\n\t\t\t\t<\/div>\n\t\t<div class=\"elementor-element elementor-element-6c6a132b e-flex e-con-boxed e-con e-parent\" data-id=\"6c6a132b\" data-element_type=\"container\" data-e-type=\"container\" data-settings=\"{&quot;_ha_eqh_enable&quot;:false}\">\n\t\t\t\t\t<div class=\"e-con-inner\">\n\t\t\t\t<div class=\"elementor-element elementor-element-4cda5cc4 elementor-align-left elementor-widget elementor-widget-button\" data-id=\"4cda5cc4\" data-element_type=\"widget\" data-e-type=\"widget\" data-widget_type=\"button.default\">\n\t\t\t\t<div class=\"elementor-widget-container\">\n\t\t\t\t\t\t\t\t\t<div class=\"elementor-button-wrapper\">\n\t\t\t\t\t<a class=\"elementor-button elementor-button-link elementor-size-sm\" href=\"https:\/\/laresidenciatarifa.com\/wp-content\/uploads\/2025\/11\/New-Years-Eve-Menu_EN_2025-1.pdf\" target=\"_blank\" id=\"btn3 \">\n\t\t\t\t\t\t<span class=\"elementor-button-content-wrapper\">\n\t\t\t\t\t\t\t\t\t<span class=\"elementor-button-text\">Afficher le menu<\/span>\n\t\t\t\t\t<\/span>\n\t\t\t\t\t<\/a>\n\t\t\t\t<\/div>\n\t\t\t\t\t\t\t\t<\/div>\n\t\t\t\t<\/div>\n\t\t\t\t<div class=\"elementor-element elementor-element-353be3f5 elementor-align-left elementor-widget elementor-widget-button\" data-id=\"353be3f5\" data-element_type=\"widget\" data-e-type=\"widget\" data-widget_type=\"button.default\">\n\t\t\t\t<div class=\"elementor-widget-container\">\n\t\t\t\t\t\t\t\t\t<div class=\"elementor-button-wrapper\">\n\t\t\t\t\t<a class=\"elementor-button elementor-button-link elementor-size-sm\" href=\"https:\/\/laresidenciatarifa.com\/wp-content\/uploads\/2025\/11\/Festive-menu-Kids_EN_2025-1.pdf\" target=\"_blank\" id=\"btn1\">\n\t\t\t\t\t\t<span class=\"elementor-button-content-wrapper\">\n\t\t\t\t\t\t\t\t\t<span class=\"elementor-button-text\">Voir le menu enfants<\/span>\n\t\t\t\t\t<\/span>\n\t\t\t\t\t<\/a>\n\t\t\t\t<\/div>\n\t\t\t\t\t\t\t\t<\/div>\n\t\t\t\t<\/div>\n\t\t\t\t<div class=\"elementor-element elementor-element-db14e0a elementor-align-left elementor-widget elementor-widget-button\" data-id=\"db14e0a\" data-element_type=\"widget\" data-e-type=\"widget\" data-widget_type=\"button.default\">\n\t\t\t\t<div class=\"elementor-widget-container\">\n\t\t\t\t\t\t\t\t\t<div class=\"elementor-button-wrapper\">\n\t\t\t\t\t<a class=\"elementor-button elementor-button-link elementor-size-sm\" href=\"https:\/\/laresidenciatarifa.com\/wp-content\/uploads\/2025\/11\/Menu-veggie_EN_2025-1-1.pdf\" target=\"_blank\" id=\"btn2\">\n\t\t\t\t\t\t<span class=\"elementor-button-content-wrapper\">\n\t\t\t\t\t\t\t\t\t<span class=\"elementor-button-text\">Voir le menu v\u00e9g\u00e9tarien<\/span>\n\t\t\t\t\t<\/span>\n\t\t\t\t\t<\/a>\n\t\t\t\t<\/div>\n\t\t\t\t\t\t\t\t<\/div>\n\t\t\t\t<\/div>\n\t\t\t\t\t<\/div>\n\t\t\t\t<\/div>\n\t\t\t\t\t<\/div>\n\t\t<\/div>\n\t\t\t\t\t<\/div>\n\t\t<\/section>\n\t\t<div class=\"elementor-element elementor-element-1e420cac e-flex e-con-boxed e-con e-parent\" data-id=\"1e420cac\" data-element_type=\"container\" data-e-type=\"container\" data-settings=\"{&quot;_ha_eqh_enable&quot;:false}\">\n\t\t\t\t\t<div class=\"e-con-inner\">\n\t\t\t\t<div class=\"elementor-element elementor-element-70060785 elementor-widget elementor-widget-heading\" data-id=\"70060785\" data-element_type=\"widget\" data-e-type=\"widget\" data-widget_type=\"heading.default\">\n\t\t\t\t<div class=\"elementor-widget-container\">\n\t\t\t\t\t<p class=\"elementor-heading-title elementor-size-default\">Exp\u00e9riences et cadeaux pour les f\u00eates 2025<\/p>\t\t\t\t<\/div>\n\t\t\t\t<\/div>\n\t\t\t\t\t<\/div>\n\t\t\t\t<\/div>\n\t\t\t\t<section class=\"elementor-section elementor-top-section elementor-element elementor-element-1048789d elementor-section-boxed elementor-section-height-default elementor-section-height-default\" data-id=\"1048789d\" data-element_type=\"section\" data-e-type=\"section\" data-settings=\"{&quot;_ha_eqh_enable&quot;:false}\">\n\t\t\t\t\t\t<div class=\"elementor-container elementor-column-gap-default\">\n\t\t\t\t\t<div class=\"raven-column-link elementor-column elementor-col-25 elementor-top-column elementor-element elementor-element-5df5586a\" data-raven-link=\"https:\/\/laresidenciahotelspa.backhotelite.com\/es\/bookcore\/availability\/packs\/laresidenciahotelspa\" data-raven-link-target=\"_blank\" data-id=\"5df5586a\" data-element_type=\"column\" data-e-type=\"column\" data-settings=\"{&quot;background_background&quot;:&quot;slideshow&quot;,&quot;background_slideshow_gallery&quot;:[],&quot;background_slideshow_loop&quot;:&quot;yes&quot;,&quot;background_slideshow_slide_duration&quot;:5000,&quot;background_slideshow_slide_transition&quot;:&quot;fade&quot;,&quot;background_slideshow_transition_duration&quot;:500}\">\n\t\t\t<div class=\"elementor-widget-wrap elementor-element-populated\">\n\t\t\t\t\t\t<div class=\"elementor-element elementor-element-4d616260 elementor-widget elementor-widget-image\" data-id=\"4d616260\" data-element_type=\"widget\" data-e-type=\"widget\" data-widget_type=\"image.default\">\n\t\t\t\t<div class=\"elementor-widget-container\">\n\t\t\t\t\t\t\t\t\t\t\t\t\t\t\t\t<a href=\"https:\/\/laresidenciahotelspa.backhotelite.com\/es\/bookcore\/availability\/packs\/laresidenciahotelspa\" target=\"_blank\">\n\t\t\t\t\t\t\t<img decoding=\"async\" width=\"1000\" height=\"667\" src=\"https:\/\/laresidenciatarifa.com\/wp-content\/uploads\/2025\/11\/Lola-y-Inaki-00882.jpg\" class=\"attachment-large size-large wp-image-21556\" alt=\"\" srcset=\"https:\/\/laresidenciatarifa.com\/wp-content\/uploads\/2025\/11\/Lola-y-Inaki-00882.jpg 1000w, https:\/\/laresidenciatarifa.com\/wp-content\/uploads\/2025\/11\/Lola-y-Inaki-00882-300x200.jpg 300w, https:\/\/laresidenciatarifa.com\/wp-content\/uploads\/2025\/11\/Lola-y-Inaki-00882-768x512.jpg 768w\" sizes=\"(max-width: 1000px) 100vw, 1000px\" \/>\t\t\t\t\t\t\t\t<\/a>\n\t\t\t\t\t\t\t\t\t\t\t\t\t\t\t<\/div>\n\t\t\t\t<\/div>\n\t\t\t\t<div class=\"elementor-element elementor-element-4f2abb29 elementor-widget elementor-widget-heading\" data-id=\"4f2abb29\" data-element_type=\"widget\" data-e-type=\"widget\" data-widget_type=\"heading.default\">\n\t\t\t\t<div class=\"elementor-widget-container\">\n\t\t\t\t\t<h3 class=\"elementor-heading-title elementor-size-default\">H\u00f4tel | Nuit | Couple<\/h3>\t\t\t\t<\/div>\n\t\t\t\t<\/div>\n\t\t\t\t<div class=\"elementor-element elementor-element-5a449455 elementor-widget elementor-widget-heading\" data-id=\"5a449455\" data-element_type=\"widget\" data-e-type=\"widget\" data-widget_type=\"heading.default\">\n\t\t\t\t<div class=\"elementor-widget-container\">\n\t\t\t\t\t<h3 class=\"elementor-heading-title elementor-size-default\">Toi &amp; Moi &amp; LE WEEK-END<\/h3>\t\t\t\t<\/div>\n\t\t\t\t<\/div>\n\t\t\t\t\t<\/div>\n\t\t<\/div>\n\t\t\t\t<div class=\"elementor-column elementor-col-25 elementor-top-column elementor-element elementor-element-1ab9087d\" data-id=\"1ab9087d\" data-element_type=\"column\" data-e-type=\"column\" data-settings=\"{&quot;background_background&quot;:&quot;slideshow&quot;,&quot;background_slideshow_gallery&quot;:[],&quot;background_slideshow_loop&quot;:&quot;yes&quot;,&quot;background_slideshow_slide_duration&quot;:5000,&quot;background_slideshow_slide_transition&quot;:&quot;fade&quot;,&quot;background_slideshow_transition_duration&quot;:500}\">\n\t\t\t<div class=\"elementor-widget-wrap elementor-element-populated\">\n\t\t\t\t\t\t<div class=\"elementor-element elementor-element-14972e3d elementor-widget elementor-widget-image\" data-id=\"14972e3d\" data-element_type=\"widget\" data-e-type=\"widget\" data-widget_type=\"image.default\">\n\t\t\t\t<div class=\"elementor-widget-container\">\n\t\t\t\t\t\t\t\t\t\t\t\t\t\t\t\t<a href=\"https:\/\/laresidenciahotelspa.backhotelite.com\/es\/bookcore\/availability\/packs\/laresidenciahotelspa\" target=\"_blank\">\n\t\t\t\t\t\t\t<img decoding=\"async\" width=\"649\" height=\"974\" src=\"https:\/\/laresidenciatarifa.com\/wp-content\/uploads\/2025\/11\/hote-la-residencia-experiencias-fiestas.jpg\" class=\"attachment-large size-large wp-image-21560\" alt=\"\" srcset=\"https:\/\/laresidenciatarifa.com\/wp-content\/uploads\/2025\/11\/hote-la-residencia-experiencias-fiestas.jpg 649w, https:\/\/laresidenciatarifa.com\/wp-content\/uploads\/2025\/11\/hote-la-residencia-experiencias-fiestas-200x300.jpg 200w\" sizes=\"(max-width: 649px) 100vw, 649px\" \/>\t\t\t\t\t\t\t\t<\/a>\n\t\t\t\t\t\t\t\t\t\t\t\t\t\t\t<\/div>\n\t\t\t\t<\/div>\n\t\t\t\t<div class=\"elementor-element elementor-element-7fedd047 elementor-widget elementor-widget-heading\" data-id=\"7fedd047\" data-element_type=\"widget\" data-e-type=\"widget\" data-widget_type=\"heading.default\">\n\t\t\t\t<div class=\"elementor-widget-container\">\n\t\t\t\t\t<h3 class=\"elementor-heading-title elementor-size-default\">H\u00f4tel | Bien-\u00eatre | Couple<\/h3>\t\t\t\t<\/div>\n\t\t\t\t<\/div>\n\t\t\t\t<div class=\"elementor-element elementor-element-4096ae3 elementor-widget elementor-widget-heading\" data-id=\"4096ae3\" data-element_type=\"widget\" data-e-type=\"widget\" data-widget_type=\"heading.default\">\n\t\t\t\t<div class=\"elementor-widget-container\">\n\t\t\t\t\t<h3 class=\"elementor-heading-title elementor-size-default\"><div>JE DIS OUI<\/div><div><br><\/div><\/h3>\t\t\t\t<\/div>\n\t\t\t\t<\/div>\n\t\t\t\t\t<\/div>\n\t\t<\/div>\n\t\t\t\t<div class=\"elementor-column elementor-col-25 elementor-top-column elementor-element elementor-element-5c5e6134\" data-id=\"5c5e6134\" data-element_type=\"column\" data-e-type=\"column\" data-settings=\"{&quot;background_background&quot;:&quot;slideshow&quot;,&quot;background_slideshow_gallery&quot;:[],&quot;background_slideshow_loop&quot;:&quot;yes&quot;,&quot;background_slideshow_slide_duration&quot;:5000,&quot;background_slideshow_slide_transition&quot;:&quot;fade&quot;,&quot;background_slideshow_transition_duration&quot;:500}\">\n\t\t\t<div class=\"elementor-widget-wrap elementor-element-populated\">\n\t\t\t\t\t\t<div class=\"elementor-element elementor-element-5ce24ffd elementor-widget elementor-widget-image\" data-id=\"5ce24ffd\" data-element_type=\"widget\" data-e-type=\"widget\" data-widget_type=\"image.default\">\n\t\t\t\t<div class=\"elementor-widget-container\">\n\t\t\t\t\t\t\t\t\t\t\t\t\t\t\t\t<a href=\"https:\/\/laresidenciahotelspa.backhotelite.com\/es\/bookcore\/availability\/packs\/laresidenciahotelspa\" target=\"_blank\">\n\t\t\t\t\t\t\t<img loading=\"lazy\" decoding=\"async\" width=\"1024\" height=\"682\" src=\"https:\/\/laresidenciatarifa.com\/wp-content\/uploads\/2025\/11\/hotel-tarifa-spa-day-pass-1024x682.jpg\" class=\"attachment-large size-large wp-image-21564\" alt=\"\" srcset=\"https:\/\/laresidenciatarifa.com\/wp-content\/uploads\/2025\/11\/hotel-tarifa-spa-day-pass-1024x682.jpg 1024w, https:\/\/laresidenciatarifa.com\/wp-content\/uploads\/2025\/11\/hotel-tarifa-spa-day-pass-300x200.jpg 300w, https:\/\/laresidenciatarifa.com\/wp-content\/uploads\/2025\/11\/hotel-tarifa-spa-day-pass-768x512.jpg 768w, https:\/\/laresidenciatarifa.com\/wp-content\/uploads\/2025\/11\/hotel-tarifa-spa-day-pass.jpg 1300w\" sizes=\"(max-width: 1024px) 100vw, 1024px\" \/>\t\t\t\t\t\t\t\t<\/a>\n\t\t\t\t\t\t\t\t\t\t\t\t\t\t\t<\/div>\n\t\t\t\t<\/div>\n\t\t\t\t<div class=\"elementor-element elementor-element-297282b9 elementor-widget elementor-widget-heading\" data-id=\"297282b9\" data-element_type=\"widget\" data-e-type=\"widget\" data-widget_type=\"heading.default\">\n\t\t\t\t<div class=\"elementor-widget-container\">\n\t\t\t\t\t<h3 class=\"elementor-heading-title elementor-size-default\"><h3 class=\"elementor-heading-title elementor-size-default elementor-inline-editing pen\" data-elementor-setting-key=\"title\" data-pen-placeholder=\"Teclea aqu\u00ed...\" style=\"font-size: 17px\">H\u00f4tel | Bien-\u00eatre | Couple<\/h3><\/h3>\t\t\t\t<\/div>\n\t\t\t\t<\/div>\n\t\t\t\t<div class=\"elementor-element elementor-element-5ddce7a6 elementor-widget elementor-widget-heading\" data-id=\"5ddce7a6\" data-element_type=\"widget\" data-e-type=\"widget\" data-widget_type=\"heading.default\">\n\t\t\t\t<div class=\"elementor-widget-container\">\n\t\t\t\t\t<h3 class=\"elementor-heading-title elementor-size-default\">AMANTE DE LA M\u00c9DITERRAN\u00c9E\n<div><br><\/div><\/h3>\t\t\t\t<\/div>\n\t\t\t\t<\/div>\n\t\t\t\t\t<\/div>\n\t\t<\/div>\n\t\t\t\t<div class=\"elementor-column elementor-col-25 elementor-top-column elementor-element elementor-element-33d4339e\" data-id=\"33d4339e\" data-element_type=\"column\" data-e-type=\"column\" data-settings=\"{&quot;background_background&quot;:&quot;slideshow&quot;,&quot;background_slideshow_gallery&quot;:[],&quot;background_slideshow_loop&quot;:&quot;yes&quot;,&quot;background_slideshow_slide_duration&quot;:5000,&quot;background_slideshow_slide_transition&quot;:&quot;fade&quot;,&quot;background_slideshow_transition_duration&quot;:500}\">\n\t\t\t<div class=\"elementor-widget-wrap elementor-element-populated\">\n\t\t\t\t\t\t<div class=\"elementor-element elementor-element-697e724b elementor-widget elementor-widget-image\" data-id=\"697e724b\" data-element_type=\"widget\" data-e-type=\"widget\" data-widget_type=\"image.default\">\n\t\t\t\t<div class=\"elementor-widget-container\">\n\t\t\t\t\t\t\t\t\t\t\t\t\t\t\t\t<a href=\"https:\/\/laresidenciahotelspa.backhotelite.com\/es\/bookcore\/availability\/packs\/laresidenciahotelspa\" target=\"_blank\">\n\t\t\t\t\t\t\t<img loading=\"lazy\" decoding=\"async\" width=\"500\" height=\"458\" src=\"https:\/\/laresidenciatarifa.com\/wp-content\/uploads\/2025\/11\/dia-de-fiesta-con-cena-nochevieja-la-residencia-hotel-spa-tarifa-1.jpg\" class=\"attachment-large size-large wp-image-21568\" alt=\"\" srcset=\"https:\/\/laresidenciatarifa.com\/wp-content\/uploads\/2025\/11\/dia-de-fiesta-con-cena-nochevieja-la-residencia-hotel-spa-tarifa-1.jpg 500w, https:\/\/laresidenciatarifa.com\/wp-content\/uploads\/2025\/11\/dia-de-fiesta-con-cena-nochevieja-la-residencia-hotel-spa-tarifa-1-300x275.jpg 300w\" sizes=\"(max-width: 500px) 100vw, 500px\" \/>\t\t\t\t\t\t\t\t<\/a>\n\t\t\t\t\t\t\t\t\t\t\t\t\t\t\t<\/div>\n\t\t\t\t<\/div>\n\t\t\t\t<div class=\"elementor-element elementor-element-2ce6f147 elementor-widget elementor-widget-heading\" data-id=\"2ce6f147\" data-element_type=\"widget\" data-e-type=\"widget\" data-widget_type=\"heading.default\">\n\t\t\t\t<div class=\"elementor-widget-container\">\n\t\t\t\t\t<h3 class=\"elementor-heading-title elementor-size-default\">H\u00f4tel | Gastronomie<\/h3>\t\t\t\t<\/div>\n\t\t\t\t<\/div>\n\t\t\t\t<div class=\"elementor-element elementor-element-1b33b1ff elementor-widget elementor-widget-heading\" data-id=\"1b33b1ff\" data-element_type=\"widget\" data-e-type=\"widget\" data-widget_type=\"heading.default\">\n\t\t\t\t<div class=\"elementor-widget-container\">\n\t\t\t\t\t<h3 class=\"elementor-heading-title elementor-size-default\">MENU DE F\u00caTES\n<\/h3>\t\t\t\t<\/div>\n\t\t\t\t<\/div>\n\t\t\t\t\t<\/div>\n\t\t<\/div>\n\t\t\t\t\t<\/div>\n\t\t<\/section>\n\t\t\t\t<section class=\"elementor-section elementor-top-section elementor-element elementor-element-1c5eca3e elementor-section-boxed elementor-section-height-default elementor-section-height-default\" data-id=\"1c5eca3e\" data-element_type=\"section\" data-e-type=\"section\" data-settings=\"{&quot;_ha_eqh_enable&quot;:false}\">\n\t\t\t\t\t\t<div class=\"elementor-container elementor-column-gap-default\">\n\t\t\t\t\t<div class=\"elementor-column elementor-col-25 elementor-top-column elementor-element elementor-element-21cbf3c6\" data-id=\"21cbf3c6\" data-element_type=\"column\" data-e-type=\"column\" data-settings=\"{&quot;background_background&quot;:&quot;slideshow&quot;,&quot;background_slideshow_gallery&quot;:[],&quot;background_slideshow_loop&quot;:&quot;yes&quot;,&quot;background_slideshow_slide_duration&quot;:5000,&quot;background_slideshow_slide_transition&quot;:&quot;fade&quot;,&quot;background_slideshow_transition_duration&quot;:500}\">\n\t\t\t<div class=\"elementor-widget-wrap elementor-element-populated\">\n\t\t\t\t\t\t<div class=\"elementor-element elementor-element-6b2ad586 elementor-widget elementor-widget-image\" data-id=\"6b2ad586\" data-element_type=\"widget\" data-e-type=\"widget\" data-widget_type=\"image.default\">\n\t\t\t\t<div class=\"elementor-widget-container\">\n\t\t\t\t\t\t\t\t\t\t\t\t\t\t\t\t<a href=\"https:\/\/laresidenciahotelspa.backhotelite.com\/es\/bookcore\/availability\/packs\/laresidenciahotelspa\" target=\"_blank\">\n\t\t\t\t\t\t\t<img loading=\"lazy\" decoding=\"async\" width=\"683\" height=\"1024\" src=\"https:\/\/laresidenciatarifa.com\/wp-content\/uploads\/2025\/11\/hotel-la-residencia-puerto-3-nochesjpg-1-683x1024.jpg\" class=\"attachment-large size-large wp-image-21572\" alt=\"\" srcset=\"https:\/\/laresidenciatarifa.com\/wp-content\/uploads\/2025\/11\/hotel-la-residencia-puerto-3-nochesjpg-1-683x1024.jpg 683w, https:\/\/laresidenciatarifa.com\/wp-content\/uploads\/2025\/11\/hotel-la-residencia-puerto-3-nochesjpg-1-200x300.jpg 200w, https:\/\/laresidenciatarifa.com\/wp-content\/uploads\/2025\/11\/hotel-la-residencia-puerto-3-nochesjpg-1-768x1152.jpg 768w, https:\/\/laresidenciatarifa.com\/wp-content\/uploads\/2025\/11\/hotel-la-residencia-puerto-3-nochesjpg-1.jpg 791w\" sizes=\"(max-width: 683px) 100vw, 683px\" \/>\t\t\t\t\t\t\t\t<\/a>\n\t\t\t\t\t\t\t\t\t\t\t\t\t\t\t<\/div>\n\t\t\t\t<\/div>\n\t\t\t\t<div class=\"elementor-element elementor-element-32e2eeea elementor-widget elementor-widget-heading\" data-id=\"32e2eeea\" data-element_type=\"widget\" data-e-type=\"widget\" data-widget_type=\"heading.default\">\n\t\t\t\t<div class=\"elementor-widget-container\">\n\t\t\t\t\t<h3 class=\"elementor-heading-title elementor-size-default\">H\u00f4tel | Nuit | Restauration<\/h3>\t\t\t\t<\/div>\n\t\t\t\t<\/div>\n\t\t\t\t<div class=\"elementor-element elementor-element-781a31a3 elementor-widget elementor-widget-heading\" data-id=\"781a31a3\" data-element_type=\"widget\" data-e-type=\"widget\" data-widget_type=\"heading.default\">\n\t\t\t\t<div class=\"elementor-widget-container\">\n\t\t\t\t\t<h3 class=\"elementor-heading-title elementor-size-default\">3 jours No\u00ebl<\/h3>\t\t\t\t<\/div>\n\t\t\t\t<\/div>\n\t\t\t\t\t<\/div>\n\t\t<\/div>\n\t\t\t\t<div class=\"elementor-column elementor-col-25 elementor-top-column elementor-element elementor-element-a2c6963\" data-id=\"a2c6963\" data-element_type=\"column\" data-e-type=\"column\" data-settings=\"{&quot;background_background&quot;:&quot;slideshow&quot;,&quot;background_slideshow_gallery&quot;:[],&quot;background_slideshow_loop&quot;:&quot;yes&quot;,&quot;background_slideshow_slide_duration&quot;:5000,&quot;background_slideshow_slide_transition&quot;:&quot;fade&quot;,&quot;background_slideshow_transition_duration&quot;:500}\">\n\t\t\t<div class=\"elementor-widget-wrap elementor-element-populated\">\n\t\t\t\t\t\t<div class=\"elementor-element elementor-element-42a34e0b elementor-widget elementor-widget-image\" data-id=\"42a34e0b\" data-element_type=\"widget\" data-e-type=\"widget\" data-widget_type=\"image.default\">\n\t\t\t\t<div class=\"elementor-widget-container\">\n\t\t\t\t\t\t\t\t\t\t\t\t\t\t\t\t<a href=\"https:\/\/laresidenciahotelspa.backhotelite.com\/es\/bookcore\/availability\/packs\/laresidenciahotelspa\" target=\"_blank\">\n\t\t\t\t\t\t\t<img loading=\"lazy\" decoding=\"async\" width=\"1000\" height=\"667\" src=\"https:\/\/laresidenciatarifa.com\/wp-content\/uploads\/2025\/11\/hotel-la-residencia-gastronomia.jpg\" class=\"attachment-large size-large wp-image-21576\" alt=\"\" srcset=\"https:\/\/laresidenciatarifa.com\/wp-content\/uploads\/2025\/11\/hotel-la-residencia-gastronomia.jpg 1000w, https:\/\/laresidenciatarifa.com\/wp-content\/uploads\/2025\/11\/hotel-la-residencia-gastronomia-300x200.jpg 300w, https:\/\/laresidenciatarifa.com\/wp-content\/uploads\/2025\/11\/hotel-la-residencia-gastronomia-768x512.jpg 768w\" sizes=\"(max-width: 1000px) 100vw, 1000px\" \/>\t\t\t\t\t\t\t\t<\/a>\n\t\t\t\t\t\t\t\t\t\t\t\t\t\t\t<\/div>\n\t\t\t\t<\/div>\n\t\t\t\t<div class=\"elementor-element elementor-element-316e057b elementor-widget elementor-widget-heading\" data-id=\"316e057b\" data-element_type=\"widget\" data-e-type=\"widget\" data-widget_type=\"heading.default\">\n\t\t\t\t<div class=\"elementor-widget-container\">\n\t\t\t\t\t<h3 class=\"elementor-heading-title elementor-size-default\">H\u00f4tel | Nuit <br>Gastronomie | Bien-\u00eatre<\/h3>\t\t\t\t<\/div>\n\t\t\t\t<\/div>\n\t\t\t\t<div class=\"elementor-element elementor-element-716c89b2 elementor-widget elementor-widget-heading\" data-id=\"716c89b2\" data-element_type=\"widget\" data-e-type=\"widget\" data-widget_type=\"heading.default\">\n\t\t\t\t<div class=\"elementor-widget-container\">\n\t\t\t\t\t<h3 class=\"elementor-heading-title elementor-size-default\">Je veux tout\n<div><br><\/div><\/h3>\t\t\t\t<\/div>\n\t\t\t\t<\/div>\n\t\t\t\t\t<\/div>\n\t\t<\/div>\n\t\t\t\t<div class=\"elementor-column elementor-col-25 elementor-top-column elementor-element elementor-element-6110a074\" data-id=\"6110a074\" data-element_type=\"column\" data-e-type=\"column\" data-settings=\"{&quot;background_background&quot;:&quot;slideshow&quot;,&quot;background_slideshow_gallery&quot;:[],&quot;background_slideshow_loop&quot;:&quot;yes&quot;,&quot;background_slideshow_slide_duration&quot;:5000,&quot;background_slideshow_slide_transition&quot;:&quot;fade&quot;,&quot;background_slideshow_transition_duration&quot;:500}\">\n\t\t\t<div class=\"elementor-widget-wrap elementor-element-populated\">\n\t\t\t\t\t\t<div class=\"elementor-element elementor-element-49e49096 elementor-widget elementor-widget-image\" data-id=\"49e49096\" data-element_type=\"widget\" data-e-type=\"widget\" data-widget_type=\"image.default\">\n\t\t\t\t<div class=\"elementor-widget-container\">\n\t\t\t\t\t\t\t\t\t\t\t\t\t\t\t\t<a href=\"https:\/\/laresidenciatarifa.com\/residenciatarifa\/ofertas-apartamentos\/\">\n\t\t\t\t\t\t\t<img loading=\"lazy\" decoding=\"async\" width=\"683\" height=\"1024\" src=\"https:\/\/laresidenciatarifa.com\/wp-content\/uploads\/2025\/11\/apartamentos-la-residencia-alojamiento-larga-estancia-scaled-1-683x1024.jpg\" class=\"attachment-large size-large wp-image-21580\" alt=\"\" srcset=\"https:\/\/laresidenciatarifa.com\/wp-content\/uploads\/2025\/11\/apartamentos-la-residencia-alojamiento-larga-estancia-scaled-1-683x1024.jpg 683w, https:\/\/laresidenciatarifa.com\/wp-content\/uploads\/2025\/11\/apartamentos-la-residencia-alojamiento-larga-estancia-scaled-1-200x300.jpg 200w, https:\/\/laresidenciatarifa.com\/wp-content\/uploads\/2025\/11\/apartamentos-la-residencia-alojamiento-larga-estancia-scaled-1-768x1152.jpg 768w, https:\/\/laresidenciatarifa.com\/wp-content\/uploads\/2025\/11\/apartamentos-la-residencia-alojamiento-larga-estancia-scaled-1-1024x1536.jpg 1024w, https:\/\/laresidenciatarifa.com\/wp-content\/uploads\/2025\/11\/apartamentos-la-residencia-alojamiento-larga-estancia-scaled-1-1366x2048.jpg 1366w, https:\/\/laresidenciatarifa.com\/wp-content\/uploads\/2025\/11\/apartamentos-la-residencia-alojamiento-larga-estancia-scaled-1.jpg 1707w\" sizes=\"(max-width: 683px) 100vw, 683px\" \/>\t\t\t\t\t\t\t\t<\/a>\n\t\t\t\t\t\t\t\t\t\t\t\t\t\t\t<\/div>\n\t\t\t\t<\/div>\n\t\t\t\t<div class=\"elementor-element elementor-element-4db1b020 elementor-widget elementor-widget-heading\" data-id=\"4db1b020\" data-element_type=\"widget\" data-e-type=\"widget\" data-widget_type=\"heading.default\">\n\t\t\t\t<div class=\"elementor-widget-container\">\n\t\t\t\t\t<h3 class=\"elementor-heading-title elementor-size-default\">Appartements | Stay<\/h3>\t\t\t\t<\/div>\n\t\t\t\t<\/div>\n\t\t\t\t<div class=\"elementor-element elementor-element-2db6cd70 elementor-widget elementor-widget-heading\" data-id=\"2db6cd70\" data-element_type=\"widget\" data-e-type=\"widget\" data-widget_type=\"heading.default\">\n\t\t\t\t<div class=\"elementor-widget-container\">\n\t\t\t\t\t<h3 class=\"elementor-heading-title elementor-size-default\">S\u00c9JOURS EN <br>FAMILLE<\/h3>\t\t\t\t<\/div>\n\t\t\t\t<\/div>\n\t\t\t\t\t<\/div>\n\t\t<\/div>\n\t\t\t\t<div class=\"elementor-column elementor-col-25 elementor-top-column elementor-element elementor-element-defb29e\" data-id=\"defb29e\" data-element_type=\"column\" data-e-type=\"column\" data-settings=\"{&quot;background_background&quot;:&quot;slideshow&quot;,&quot;background_slideshow_gallery&quot;:[],&quot;background_slideshow_loop&quot;:&quot;yes&quot;,&quot;background_slideshow_slide_duration&quot;:5000,&quot;background_slideshow_slide_transition&quot;:&quot;fade&quot;,&quot;background_slideshow_transition_duration&quot;:500}\">\n\t\t\t<div class=\"elementor-widget-wrap elementor-element-populated\">\n\t\t\t\t\t\t<div class=\"elementor-element elementor-element-6eef440a elementor-widget elementor-widget-image\" data-id=\"6eef440a\" data-element_type=\"widget\" data-e-type=\"widget\" data-widget_type=\"image.default\">\n\t\t\t\t<div class=\"elementor-widget-container\">\n\t\t\t\t\t\t\t\t\t\t\t\t\t\t\t\t<a href=\"https:\/\/laresidenciatarifa.com\/residenciatarifa\/ofertas-apartamentos\/\">\n\t\t\t\t\t\t\t<img loading=\"lazy\" decoding=\"async\" width=\"1024\" height=\"682\" src=\"https:\/\/laresidenciatarifa.com\/wp-content\/uploads\/2025\/11\/la-residencia-apartamentos-apartahotel-15-1024x682.jpg\" class=\"attachment-large size-large wp-image-21584\" alt=\"\" srcset=\"https:\/\/laresidenciatarifa.com\/wp-content\/uploads\/2025\/11\/la-residencia-apartamentos-apartahotel-15-1024x682.jpg 1024w, https:\/\/laresidenciatarifa.com\/wp-content\/uploads\/2025\/11\/la-residencia-apartamentos-apartahotel-15-300x200.jpg 300w, https:\/\/laresidenciatarifa.com\/wp-content\/uploads\/2025\/11\/la-residencia-apartamentos-apartahotel-15-768x512.jpg 768w, https:\/\/laresidenciatarifa.com\/wp-content\/uploads\/2025\/11\/la-residencia-apartamentos-apartahotel-15.jpg 1241w\" sizes=\"(max-width: 1024px) 100vw, 1024px\" \/>\t\t\t\t\t\t\t\t<\/a>\n\t\t\t\t\t\t\t\t\t\t\t\t\t\t\t<\/div>\n\t\t\t\t<\/div>\n\t\t\t\t<div class=\"elementor-element elementor-element-828f4e7 elementor-widget elementor-widget-heading\" data-id=\"828f4e7\" data-element_type=\"widget\" data-e-type=\"widget\" data-widget_type=\"heading.default\">\n\t\t\t\t<div class=\"elementor-widget-container\">\n\t\t\t\t\t<h3 class=\"elementor-heading-title elementor-size-default\">Appartements | Stay<\/h3>\t\t\t\t<\/div>\n\t\t\t\t<\/div>\n\t\t\t\t<div class=\"elementor-element elementor-element-1e5ee35a elementor-widget elementor-widget-heading\" data-id=\"1e5ee35a\" data-element_type=\"widget\" data-e-type=\"widget\" data-widget_type=\"heading.default\">\n\t\t\t\t<div class=\"elementor-widget-container\">\n\t\t\t\t\t<h3 class=\"elementor-heading-title elementor-size-default\"><div>S\u00c9JOUR DE LONGUE DUR\u00c9E<\/div><\/h3>\t\t\t\t<\/div>\n\t\t\t\t<\/div>\n\t\t\t\t\t<\/div>\n\t\t<\/div>\n\t\t\t\t\t<\/div>\n\t\t<\/section>\n\t\t\t\t<section class=\"elementor-section elementor-top-section elementor-element elementor-element-22d72ee8 elementor-section-boxed elementor-section-height-default elementor-section-height-default\" data-id=\"22d72ee8\" data-element_type=\"section\" data-e-type=\"section\" data-settings=\"{&quot;_ha_eqh_enable&quot;:false}\">\n\t\t\t\t\t\t<div class=\"elementor-container elementor-column-gap-default\">\n\t\t\t\t\t<div class=\"elementor-column elementor-col-100 elementor-top-column elementor-element elementor-element-5002df52\" data-id=\"5002df52\" data-element_type=\"column\" data-e-type=\"column\">\n\t\t\t<div class=\"elementor-widget-wrap elementor-element-populated\">\n\t\t\t\t\t\t<div class=\"elementor-element elementor-element-4348019d elementor-widget elementor-widget-heading\" data-id=\"4348019d\" data-element_type=\"widget\" data-e-type=\"widget\" data-widget_type=\"heading.default\">\n\t\t\t\t<div class=\"elementor-widget-container\">\n\t\t\t\t\t<p class=\"elementor-heading-title elementor-size-default\">Surprenez avec des exp\u00e9riences exclusives<\/p>\t\t\t\t<\/div>\n\t\t\t\t<\/div>\n\t\t\t\t<div class=\"elementor-element elementor-element-7b3110fe elementor-widget elementor-widget-text-editor\" data-id=\"7b3110fe\" data-element_type=\"widget\" data-e-type=\"widget\" data-widget_type=\"text-editor.default\">\n\t\t\t\t<div class=\"elementor-widget-container\">\n\t\t\t\t\t\t\t\t\t<p class=\"whitespace-normal break-words\">Escapades spa, gastronomie, s\u00e9jours exclusifs avec vue sur la mer, piscine \u00e0 d\u00e9bordement\u2026 les ch\u00e8ques-cadeaux de La Residencia Tarifa vous promettent des moments inoubliables ; le choix id\u00e9al ou le cadeau parfait.<br>D\u00e9couvrez les forfaits et les exp\u00e9riences propos\u00e9s en novembre et d\u00e9cembre, pour une fin d\u2019ann\u00e9e pleine d\u2019amour et de douceur.<\/p>\t\t\t\t\t\t\t\t<\/div>\n\t\t\t\t<\/div>\n\t\t\t\t<section class=\"elementor-section elementor-inner-section elementor-element elementor-element-3b15d06a elementor-section-boxed elementor-section-height-default elementor-section-height-default\" data-id=\"3b15d06a\" data-element_type=\"section\" data-e-type=\"section\" data-settings=\"{&quot;_ha_eqh_enable&quot;:false}\">\n\t\t\t\t\t\t<div class=\"elementor-container elementor-column-gap-default\">\n\t\t\t\t\t<div class=\"elementor-column elementor-col-50 elementor-inner-column elementor-element elementor-element-5a23dedf\" data-id=\"5a23dedf\" data-element_type=\"column\" data-e-type=\"column\">\n\t\t\t<div class=\"elementor-widget-wrap elementor-element-populated\">\n\t\t\t\t\t\t<div class=\"elementor-element elementor-element-571fd7c7 elementor-widget elementor-widget-image\" data-id=\"571fd7c7\" data-element_type=\"widget\" data-e-type=\"widget\" data-widget_type=\"image.default\">\n\t\t\t\t<div class=\"elementor-widget-container\">\n\t\t\t\t\t\t\t\t\t\t\t\t\t\t\t\t<a href=\"https:\/\/los3guisantes.es\/residenciatarifa\/hotel\/\">\n\t\t\t\t\t\t\t<img loading=\"lazy\" decoding=\"async\" width=\"1024\" height=\"730\" src=\"https:\/\/laresidenciatarifa.com\/wp-content\/uploads\/2025\/11\/inicioHotel.jpg\" class=\"attachment-large size-large wp-image-21588\" alt=\"\" srcset=\"https:\/\/laresidenciatarifa.com\/wp-content\/uploads\/2025\/11\/inicioHotel.jpg 1024w, https:\/\/laresidenciatarifa.com\/wp-content\/uploads\/2025\/11\/inicioHotel-300x214.jpg 300w, https:\/\/laresidenciatarifa.com\/wp-content\/uploads\/2025\/11\/inicioHotel-768x548.jpg 768w\" sizes=\"(max-width: 1024px) 100vw, 1024px\" \/>\t\t\t\t\t\t\t\t<\/a>\n\t\t\t\t\t\t\t\t\t\t\t\t\t\t\t<\/div>\n\t\t\t\t<\/div>\n\t\t\t\t<div class=\"elementor-element elementor-element-7212dcae elementor-widget elementor-widget-heading\" data-id=\"7212dcae\" data-element_type=\"widget\" data-e-type=\"widget\" data-widget_type=\"heading.default\">\n\t\t\t\t<div class=\"elementor-widget-container\">\n\t\t\t\t\t<p class=\"elementor-heading-title elementor-size-default\">Hotel &amp; Spa La Residencia Puerto<\/p>\t\t\t\t<\/div>\n\t\t\t\t<\/div>\n\t\t\t\t<div class=\"elementor-element elementor-element-502ea457 elementor-align-center elementor-widget elementor-widget-button\" data-id=\"502ea457\" data-element_type=\"widget\" data-e-type=\"widget\" data-widget_type=\"button.default\">\n\t\t\t\t<div class=\"elementor-widget-container\">\n\t\t\t\t\t\t\t\t\t<div class=\"elementor-button-wrapper\">\n\t\t\t\t\t<a class=\"elementor-button elementor-button-link elementor-size-sm\" href=\"https:\/\/laresidenciahotelspa.backhotelite.com\/es\/bookcore\/availability\/packs\/laresidenciahotelspa\" target=\"_blank\">\n\t\t\t\t\t\t<span class=\"elementor-button-content-wrapper\">\n\t\t\t\t\t\t\t\t\t<span class=\"elementor-button-text\">Voir les exp\u00e9rences<\/span>\n\t\t\t\t\t<\/span>\n\t\t\t\t\t<\/a>\n\t\t\t\t<\/div>\n\t\t\t\t\t\t\t\t<\/div>\n\t\t\t\t<\/div>\n\t\t\t\t<div class=\"elementor-element elementor-element-38741d47 elementor-widget elementor-widget-text-editor\" data-id=\"38741d47\" data-element_type=\"widget\" data-e-type=\"widget\" data-widget_type=\"text-editor.default\">\n\t\t\t\t<div class=\"elementor-widget-container\">\n\t\t\t\t\t\t\t\t\t<p data-fontsize=\"12\" data-lineheight=\"20.64px\">Appelez-nous<\/p><p><a href=\"tel:+34956926444\">+34 956 926 444<\/a><\/p><p data-fontsize=\"12\" data-lineheight=\"20.64px\">Email<\/p><p><span style=\"color: #333333;\"><a style=\"color: #333333;\" href=\"mailto:reservations@laresidenciatarifa.com\">reservations@laresidenciatarifa.com<\/a><\/span><\/p><p data-fontsize=\"12\" data-lineheight=\"20.64px\">Adresse<\/p><p><span style=\"color: #333333;\"><a style=\"color: #333333;\" href=\"https:\/\/www.google.com\/maps\/place\/Hotel+%26+Spa+La+Residencia+Puerto\/@36.0098524,-5.6066644,19z\/data=!3m1!5s0xd0c8ef8fe95fc31:0x5874e8ea794eb25e!4m16!1m7!3m6!1s0xd0c8ef8fec68be1:0x969920eb38cd3346!2zQy4gQWxjYWxkZSBKdWFuIE7DusOxZXosIDgsIDExMzgwIFRhcmlmYSwgQ8OhZGl6!3b1!8m2!3d36.0099436!4d-5.6061479!3m7!1s0xd0c8ef8fed6aaab:0x17f0a9db7649b75e!5m2!4m1!1i2!8m2!3d36.0102565!4d-5.6058383\" target=\"_blank\" rel=\"noopener\">Calle Alcalde Juan N\u00fa\u00f1ez 8<br>11380, Tarifa<\/a><\/span><\/p>\t\t\t\t\t\t\t\t<\/div>\n\t\t\t\t<\/div>\n\t\t\t\t<div class=\"elementor-element elementor-element-5846f89d elementor-shape-circle elementor-grid-0 e-grid-align-center elementor-widget elementor-widget-social-icons\" data-id=\"5846f89d\" data-element_type=\"widget\" data-e-type=\"widget\" data-widget_type=\"social-icons.default\">\n\t\t\t\t<div class=\"elementor-widget-container\">\n\t\t\t\t\t\t\t<div class=\"elementor-social-icons-wrapper elementor-grid\" role=\"list\">\n\t\t\t\t\t\t\t<span class=\"elementor-grid-item\" role=\"listitem\">\n\t\t\t\t\t<a class=\"elementor-icon elementor-social-icon elementor-social-icon-instagram elementor-repeater-item-aca0a56\" href=\"https:\/\/www.instagram.com\/hotellaresidenciatarifa\/\" target=\"_blank\">\n\t\t\t\t\t\t<span class=\"elementor-screen-only\">Instagram<\/span>\n\t\t\t\t\t\t<i aria-hidden=\"true\" class=\"fab fa-instagram\"><\/i>\t\t\t\t\t<\/a>\n\t\t\t\t<\/span>\n\t\t\t\t\t\t\t<span class=\"elementor-grid-item\" role=\"listitem\">\n\t\t\t\t\t<a class=\"elementor-icon elementor-social-icon elementor-social-icon-facebook-f elementor-repeater-item-a6fe3ad\" href=\"https:\/\/www.facebook.com\/laresidenciapuerto\" target=\"_blank\">\n\t\t\t\t\t\t<span class=\"elementor-screen-only\">Facebook-f<\/span>\n\t\t\t\t\t\t<i aria-hidden=\"true\" class=\"fab fa-facebook-f\"><\/i>\t\t\t\t\t<\/a>\n\t\t\t\t<\/span>\n\t\t\t\t\t<\/div>\n\t\t\t\t\t\t<\/div>\n\t\t\t\t<\/div>\n\t\t\t\t\t<\/div>\n\t\t<\/div>\n\t\t\t\t<div class=\"elementor-column elementor-col-50 elementor-inner-column elementor-element elementor-element-326f5aa6\" data-id=\"326f5aa6\" data-element_type=\"column\" data-e-type=\"column\">\n\t\t\t<div class=\"elementor-widget-wrap elementor-element-populated\">\n\t\t\t\t\t\t<div class=\"elementor-element elementor-element-6ae53515 elementor-widget elementor-widget-image\" data-id=\"6ae53515\" data-element_type=\"widget\" data-e-type=\"widget\" data-widget_type=\"image.default\">\n\t\t\t\t<div class=\"elementor-widget-container\">\n\t\t\t\t\t\t\t\t\t\t\t\t\t\t\t\t<a href=\"https:\/\/los3guisantes.es\/residenciatarifa\/apartamentos\/\">\n\t\t\t\t\t\t\t<img loading=\"lazy\" decoding=\"async\" width=\"1024\" height=\"724\" src=\"https:\/\/laresidenciatarifa.com\/wp-content\/uploads\/2025\/11\/inicioApartamentos.jpg\" class=\"attachment-large size-large wp-image-21592\" alt=\"\" srcset=\"https:\/\/laresidenciatarifa.com\/wp-content\/uploads\/2025\/11\/inicioApartamentos.jpg 1024w, https:\/\/laresidenciatarifa.com\/wp-content\/uploads\/2025\/11\/inicioApartamentos-300x212.jpg 300w, https:\/\/laresidenciatarifa.com\/wp-content\/uploads\/2025\/11\/inicioApartamentos-768x543.jpg 768w\" sizes=\"(max-width: 1024px) 100vw, 1024px\" \/>\t\t\t\t\t\t\t\t<\/a>\n\t\t\t\t\t\t\t\t\t\t\t\t\t\t\t<\/div>\n\t\t\t\t<\/div>\n\t\t\t\t<div class=\"elementor-element elementor-element-e5516fd elementor-widget elementor-widget-heading\" data-id=\"e5516fd\" data-element_type=\"widget\" data-e-type=\"widget\" data-widget_type=\"heading.default\">\n\t\t\t\t<div class=\"elementor-widget-container\">\n\t\t\t\t\t<p class=\"elementor-heading-title elementor-size-default\">Apartamentos La Residencia Tarifa<\/p>\t\t\t\t<\/div>\n\t\t\t\t<\/div>\n\t\t\t\t<div class=\"elementor-element elementor-element-6414e3ee elementor-align-center elementor-widget elementor-widget-button\" data-id=\"6414e3ee\" data-element_type=\"widget\" data-e-type=\"widget\" data-widget_type=\"button.default\">\n\t\t\t\t<div class=\"elementor-widget-container\">\n\t\t\t\t\t\t\t\t\t<div class=\"elementor-button-wrapper\">\n\t\t\t\t\t<a class=\"elementor-button elementor-button-link elementor-size-sm\" href=\"https:\/\/laresidenciatarifa.com\/residenciatarifa\/ofertas-apartamentos\/\" target=\"_blank\">\n\t\t\t\t\t\t<span class=\"elementor-button-content-wrapper\">\n\t\t\t\t\t\t\t\t\t<span class=\"elementor-button-text\">Reservar<\/span>\n\t\t\t\t\t<\/span>\n\t\t\t\t\t<\/a>\n\t\t\t\t<\/div>\n\t\t\t\t\t\t\t\t<\/div>\n\t\t\t\t<\/div>\n\t\t\t\t<div class=\"elementor-element elementor-element-28ce63ee elementor-widget elementor-widget-text-editor\" data-id=\"28ce63ee\" data-element_type=\"widget\" data-e-type=\"widget\" data-widget_type=\"text-editor.default\">\n\t\t\t\t<div class=\"elementor-widget-container\">\n\t\t\t\t\t\t\t\t\t<p data-fontsize=\"12\" data-lineheight=\"20.64px\">Appelez-nous<\/p><p><span style=\"color: #333333;\"><a style=\"color: #333333;\" href=\"tel:+34951088929\">+34 951 088 929<\/a><\/span><\/p><p data-fontsize=\"12\" data-lineheight=\"20.64px\">Email<\/p><p><a href=\"mailto:apartamentos@laresidenciatarifa.com\">apartamentos@laresidenciatarifa.com<\/a><\/p><p data-fontsize=\"12\" data-lineheight=\"20.64px\">Adresse<\/p><p><span style=\"color: #333333;\"><a style=\"color: #333333;\" href=\"https:\/\/www.google.com\/maps\/place\/La+Residencia+Tarifa\/@36.0122845,-5.6000946,19.99z\/data=!4m13!1m7!3m6!1s0xd0c8e57722e9f1d:0x88727895c8025f5d!2zQy4gSmVzw7pzLCA1LCAxMTM4MCBUYXJpZmEsIEPDoWRpeg!3b1!8m2!3d36.0124389!4d-5.5999837!3m4!1s0xd0c8e57427da6c5:0x608db8558bbb53a2!8m2!3d36.0124018!4d-5.5999614\" target=\"_blank\" rel=\"noopener\">Calle Jes\u00fas, 5<br>11380, Tarifa<\/a><\/span><\/p>\t\t\t\t\t\t\t\t<\/div>\n\t\t\t\t<\/div>\n\t\t\t\t<div class=\"elementor-element elementor-element-6c6ce56f elementor-shape-circle elementor-grid-0 e-grid-align-center elementor-widget elementor-widget-social-icons\" data-id=\"6c6ce56f\" data-element_type=\"widget\" data-e-type=\"widget\" data-widget_type=\"social-icons.default\">\n\t\t\t\t<div class=\"elementor-widget-container\">\n\t\t\t\t\t\t\t<div class=\"elementor-social-icons-wrapper elementor-grid\" role=\"list\">\n\t\t\t\t\t\t\t<span class=\"elementor-grid-item\" role=\"listitem\">\n\t\t\t\t\t<a class=\"elementor-icon elementor-social-icon elementor-social-icon-instagram elementor-repeater-item-aca0a56\" href=\"https:\/\/www.instagram.com\/apartamentoslaresidenciatarifa\/\" target=\"_blank\">\n\t\t\t\t\t\t<span class=\"elementor-screen-only\">Instagram<\/span>\n\t\t\t\t\t\t<i aria-hidden=\"true\" class=\"fab fa-instagram\"><\/i>\t\t\t\t\t<\/a>\n\t\t\t\t<\/span>\n\t\t\t\t\t\t\t<span class=\"elementor-grid-item\" role=\"listitem\">\n\t\t\t\t\t<a class=\"elementor-icon elementor-social-icon elementor-social-icon-facebook-f elementor-repeater-item-a6fe3ad\" href=\"https:\/\/www.facebook.com\/LaResidenciaTarifa\" target=\"_blank\">\n\t\t\t\t\t\t<span class=\"elementor-screen-only\">Facebook-f<\/span>\n\t\t\t\t\t\t<i aria-hidden=\"true\" class=\"fab fa-facebook-f\"><\/i>\t\t\t\t\t<\/a>\n\t\t\t\t<\/span>\n\t\t\t\t\t<\/div>\n\t\t\t\t\t\t<\/div>\n\t\t\t\t<\/div>\n\t\t\t\t\t<\/div>\n\t\t<\/div>\n\t\t\t\t\t<\/div>\n\t\t<\/section>\n\t\t\t\t\t<\/div>\n\t\t<\/div>\n\t\t\t\t\t<\/div>\n\t\t<\/section>\n\t\t\t\t<\/div>\n\t\t","protected":false},"excerpt":{"rendered":"<p>F\u00eates 2025 No\u00ebl est la p\u00e9riode la plus magique de l&rsquo;ann\u00e9e et l&rsquo;une des saisons pr\u00e9f\u00e9r\u00e9es \u00e0 La Residencia Puerto, avec ses d\u00e9corations scintillantes, ses activit\u00e9s et ses menus festifs pour que les clients puissent en profiter au maximum. Chaque ann\u00e9e, nous nous effor\u00e7ons de faire de cette p\u00e9riode festive un moment inoubliable pour ceux [&hellip;]<\/p>\n","protected":false},"author":1,"featured_media":0,"parent":0,"menu_order":0,"comment_status":"closed","ping_status":"closed","template":"elementor_header_footer","meta":{"_acf_changed":false,"footnotes":""},"class_list":["post-22314","page","type-page","status-publish","hentry"],"acf":[],"yoast_head":"<!-- This site is optimized with the Yoast SEO plugin v27.4 - https:\/\/yoast.com\/product\/yoast-seo-wordpress\/ -->\n<title>F\u00eates 2025 - La Residencia Tarifa<\/title>\n<meta name=\"robots\" content=\"index, follow, max-snippet:-1, max-image-preview:large, max-video-preview:-1\" \/>\n<link rel=\"canonical\" href=\"https:\/\/laresidenciatarifa.com\/fr\/fetes-2025\/\" \/>\n<meta property=\"og:locale\" content=\"fr_FR\" \/>\n<meta property=\"og:type\" content=\"article\" \/>\n<meta property=\"og:title\" content=\"F\u00eates 2025 - La Residencia Tarifa\" \/>\n<meta property=\"og:description\" content=\"F\u00eates 2025 No\u00ebl est la p\u00e9riode la plus magique de l&rsquo;ann\u00e9e et l&rsquo;une des saisons pr\u00e9f\u00e9r\u00e9es \u00e0 La Residencia Puerto, avec ses d\u00e9corations scintillantes, ses activit\u00e9s et ses menus festifs pour que les clients puissent en profiter au maximum. Chaque ann\u00e9e, nous nous effor\u00e7ons de faire de cette p\u00e9riode festive un moment inoubliable pour ceux [&hellip;]\" \/>\n<meta property=\"og:url\" content=\"https:\/\/laresidenciatarifa.com\/fr\/fetes-2025\/\" \/>\n<meta property=\"og:site_name\" content=\"La Residencia Tarifa\" \/>\n<meta property=\"article:modified_time\" content=\"2025-11-24T08:51:50+00:00\" \/>\n<meta property=\"og:image\" content=\"https:\/\/laresidenciatarifa.com\/wp-content\/uploads\/2025\/11\/hotel-la-residencia-menu-navidad.jpg\" \/>\n\t<meta property=\"og:image:width\" content=\"445\" \/>\n\t<meta property=\"og:image:height\" content=\"320\" \/>\n\t<meta property=\"og:image:type\" content=\"image\/jpeg\" \/>\n<meta name=\"twitter:card\" content=\"summary_large_image\" \/>\n<meta name=\"twitter:label1\" content=\"Dur\u00e9e de lecture estim\u00e9e\" \/>\n\t<meta name=\"twitter:data1\" content=\"5 minutes\" \/>\n<script type=\"application\/ld+json\" class=\"yoast-schema-graph\">{\"@context\":\"https:\\\/\\\/schema.org\",\"@graph\":[{\"@type\":\"WebPage\",\"@id\":\"https:\\\/\\\/laresidenciatarifa.com\\\/fr\\\/fetes-2025\\\/\",\"url\":\"https:\\\/\\\/laresidenciatarifa.com\\\/fr\\\/fetes-2025\\\/\",\"name\":\"F\u00eates 2025 - La Residencia Tarifa\",\"isPartOf\":{\"@id\":\"https:\\\/\\\/laresidenciatarifa.com\\\/fr\\\/#website\"},\"primaryImageOfPage\":{\"@id\":\"https:\\\/\\\/laresidenciatarifa.com\\\/fr\\\/fetes-2025\\\/#primaryimage\"},\"image\":{\"@id\":\"https:\\\/\\\/laresidenciatarifa.com\\\/fr\\\/fetes-2025\\\/#primaryimage\"},\"thumbnailUrl\":\"https:\\\/\\\/laresidenciatarifa.com\\\/wp-content\\\/uploads\\\/2025\\\/11\\\/hotel-la-residencia-menu-navidad.jpg\",\"datePublished\":\"2025-10-23T12:23:40+00:00\",\"dateModified\":\"2025-11-24T08:51:50+00:00\",\"breadcrumb\":{\"@id\":\"https:\\\/\\\/laresidenciatarifa.com\\\/fr\\\/fetes-2025\\\/#breadcrumb\"},\"inLanguage\":\"fr-FR\",\"potentialAction\":[{\"@type\":\"ReadAction\",\"target\":[\"https:\\\/\\\/laresidenciatarifa.com\\\/fr\\\/fetes-2025\\\/\"]}]},{\"@type\":\"ImageObject\",\"inLanguage\":\"fr-FR\",\"@id\":\"https:\\\/\\\/laresidenciatarifa.com\\\/fr\\\/fetes-2025\\\/#primaryimage\",\"url\":\"https:\\\/\\\/laresidenciatarifa.com\\\/wp-content\\\/uploads\\\/2025\\\/11\\\/hotel-la-residencia-menu-navidad.jpg\",\"contentUrl\":\"https:\\\/\\\/laresidenciatarifa.com\\\/wp-content\\\/uploads\\\/2025\\\/11\\\/hotel-la-residencia-menu-navidad.jpg\"},{\"@type\":\"BreadcrumbList\",\"@id\":\"https:\\\/\\\/laresidenciatarifa.com\\\/fr\\\/fetes-2025\\\/#breadcrumb\",\"itemListElement\":[{\"@type\":\"ListItem\",\"position\":1,\"name\":\"Portada\",\"item\":\"https:\\\/\\\/laresidenciatarifa.com\\\/fr\\\/\"},{\"@type\":\"ListItem\",\"position\":2,\"name\":\"F\u00eates 2025\"}]},{\"@type\":\"WebSite\",\"@id\":\"https:\\\/\\\/laresidenciatarifa.com\\\/fr\\\/#website\",\"url\":\"https:\\\/\\\/laresidenciatarifa.com\\\/fr\\\/\",\"name\":\"La Residencia Tarifa\",\"description\":\"Hotel, apartamentos, spa y restaurante\",\"publisher\":{\"@id\":\"https:\\\/\\\/laresidenciatarifa.com\\\/fr\\\/#organization\"},\"potentialAction\":[{\"@type\":\"SearchAction\",\"target\":{\"@type\":\"EntryPoint\",\"urlTemplate\":\"https:\\\/\\\/laresidenciatarifa.com\\\/fr\\\/?s={search_term_string}\"},\"query-input\":{\"@type\":\"PropertyValueSpecification\",\"valueRequired\":true,\"valueName\":\"search_term_string\"}}],\"inLanguage\":\"fr-FR\"},{\"@type\":\"Organization\",\"@id\":\"https:\\\/\\\/laresidenciatarifa.com\\\/fr\\\/#organization\",\"name\":\"La Residencia Tarifa\",\"url\":\"https:\\\/\\\/laresidenciatarifa.com\\\/fr\\\/\",\"logo\":{\"@type\":\"ImageObject\",\"inLanguage\":\"fr-FR\",\"@id\":\"https:\\\/\\\/laresidenciatarifa.com\\\/fr\\\/#\\\/schema\\\/logo\\\/image\\\/\",\"url\":\"https:\\\/\\\/laresidenciatarifa.com\\\/wp-content\\\/uploads\\\/2022\\\/12\\\/logoLaResidencia.png\",\"contentUrl\":\"https:\\\/\\\/laresidenciatarifa.com\\\/wp-content\\\/uploads\\\/2022\\\/12\\\/logoLaResidencia.png\",\"width\":113,\"height\":75,\"caption\":\"La Residencia Tarifa\"},\"image\":{\"@id\":\"https:\\\/\\\/laresidenciatarifa.com\\\/fr\\\/#\\\/schema\\\/logo\\\/image\\\/\"}}]}<\/script>\n<!-- \/ Yoast SEO plugin. -->","yoast_head_json":{"title":"F\u00eates 2025 - La Residencia Tarifa","robots":{"index":"index","follow":"follow","max-snippet":"max-snippet:-1","max-image-preview":"max-image-preview:large","max-video-preview":"max-video-preview:-1"},"canonical":"https:\/\/laresidenciatarifa.com\/fr\/fetes-2025\/","og_locale":"fr_FR","og_type":"article","og_title":"F\u00eates 2025 - La Residencia Tarifa","og_description":"F\u00eates 2025 No\u00ebl est la p\u00e9riode la plus magique de l&rsquo;ann\u00e9e et l&rsquo;une des saisons pr\u00e9f\u00e9r\u00e9es \u00e0 La Residencia Puerto, avec ses d\u00e9corations scintillantes, ses activit\u00e9s et ses menus festifs pour que les clients puissent en profiter au maximum. Chaque ann\u00e9e, nous nous effor\u00e7ons de faire de cette p\u00e9riode festive un moment inoubliable pour ceux [&hellip;]","og_url":"https:\/\/laresidenciatarifa.com\/fr\/fetes-2025\/","og_site_name":"La Residencia Tarifa","article_modified_time":"2025-11-24T08:51:50+00:00","og_image":[{"width":445,"height":320,"url":"https:\/\/laresidenciatarifa.com\/wp-content\/uploads\/2025\/11\/hotel-la-residencia-menu-navidad.jpg","type":"image\/jpeg"}],"twitter_card":"summary_large_image","twitter_misc":{"Dur\u00e9e de lecture estim\u00e9e":"5 minutes"},"schema":{"@context":"https:\/\/schema.org","@graph":[{"@type":"WebPage","@id":"https:\/\/laresidenciatarifa.com\/fr\/fetes-2025\/","url":"https:\/\/laresidenciatarifa.com\/fr\/fetes-2025\/","name":"F\u00eates 2025 - La Residencia Tarifa","isPartOf":{"@id":"https:\/\/laresidenciatarifa.com\/fr\/#website"},"primaryImageOfPage":{"@id":"https:\/\/laresidenciatarifa.com\/fr\/fetes-2025\/#primaryimage"},"image":{"@id":"https:\/\/laresidenciatarifa.com\/fr\/fetes-2025\/#primaryimage"},"thumbnailUrl":"https:\/\/laresidenciatarifa.com\/wp-content\/uploads\/2025\/11\/hotel-la-residencia-menu-navidad.jpg","datePublished":"2025-10-23T12:23:40+00:00","dateModified":"2025-11-24T08:51:50+00:00","breadcrumb":{"@id":"https:\/\/laresidenciatarifa.com\/fr\/fetes-2025\/#breadcrumb"},"inLanguage":"fr-FR","potentialAction":[{"@type":"ReadAction","target":["https:\/\/laresidenciatarifa.com\/fr\/fetes-2025\/"]}]},{"@type":"ImageObject","inLanguage":"fr-FR","@id":"https:\/\/laresidenciatarifa.com\/fr\/fetes-2025\/#primaryimage","url":"https:\/\/laresidenciatarifa.com\/wp-content\/uploads\/2025\/11\/hotel-la-residencia-menu-navidad.jpg","contentUrl":"https:\/\/laresidenciatarifa.com\/wp-content\/uploads\/2025\/11\/hotel-la-residencia-menu-navidad.jpg"},{"@type":"BreadcrumbList","@id":"https:\/\/laresidenciatarifa.com\/fr\/fetes-2025\/#breadcrumb","itemListElement":[{"@type":"ListItem","position":1,"name":"Portada","item":"https:\/\/laresidenciatarifa.com\/fr\/"},{"@type":"ListItem","position":2,"name":"F\u00eates 2025"}]},{"@type":"WebSite","@id":"https:\/\/laresidenciatarifa.com\/fr\/#website","url":"https:\/\/laresidenciatarifa.com\/fr\/","name":"La Residencia Tarifa","description":"Hotel, apartamentos, spa y restaurante","publisher":{"@id":"https:\/\/laresidenciatarifa.com\/fr\/#organization"},"potentialAction":[{"@type":"SearchAction","target":{"@type":"EntryPoint","urlTemplate":"https:\/\/laresidenciatarifa.com\/fr\/?s={search_term_string}"},"query-input":{"@type":"PropertyValueSpecification","valueRequired":true,"valueName":"search_term_string"}}],"inLanguage":"fr-FR"},{"@type":"Organization","@id":"https:\/\/laresidenciatarifa.com\/fr\/#organization","name":"La Residencia Tarifa","url":"https:\/\/laresidenciatarifa.com\/fr\/","logo":{"@type":"ImageObject","inLanguage":"fr-FR","@id":"https:\/\/laresidenciatarifa.com\/fr\/#\/schema\/logo\/image\/","url":"https:\/\/laresidenciatarifa.com\/wp-content\/uploads\/2022\/12\/logoLaResidencia.png","contentUrl":"https:\/\/laresidenciatarifa.com\/wp-content\/uploads\/2022\/12\/logoLaResidencia.png","width":113,"height":75,"caption":"La Residencia Tarifa"},"image":{"@id":"https:\/\/laresidenciatarifa.com\/fr\/#\/schema\/logo\/image\/"}}]}},"_links":{"self":[{"href":"https:\/\/laresidenciatarifa.com\/fr\/wp-json\/wp\/v2\/pages\/22314","targetHints":{"allow":["GET"]}}],"collection":[{"href":"https:\/\/laresidenciatarifa.com\/fr\/wp-json\/wp\/v2\/pages"}],"about":[{"href":"https:\/\/laresidenciatarifa.com\/fr\/wp-json\/wp\/v2\/types\/page"}],"author":[{"embeddable":true,"href":"https:\/\/laresidenciatarifa.com\/fr\/wp-json\/wp\/v2\/users\/1"}],"replies":[{"embeddable":true,"href":"https:\/\/laresidenciatarifa.com\/fr\/wp-json\/wp\/v2\/comments?post=22314"}],"version-history":[{"count":12,"href":"https:\/\/laresidenciatarifa.com\/fr\/wp-json\/wp\/v2\/pages\/22314\/revisions"}],"predecessor-version":[{"id":22563,"href":"https:\/\/laresidenciatarifa.com\/fr\/wp-json\/wp\/v2\/pages\/22314\/revisions\/22563"}],"wp:attachment":[{"href":"https:\/\/laresidenciatarifa.com\/fr\/wp-json\/wp\/v2\/media?parent=22314"}],"curies":[{"name":"wp","href":"https:\/\/api.w.org\/{rel}","templated":true}]}}