{"id":7114,"date":"2023-01-30T17:19:04","date_gmt":"2023-01-30T16:19:04","guid":{"rendered":"https:\/\/laresidenciatarifa.com\/?page_id=7114"},"modified":"2023-02-07T02:11:44","modified_gmt":"2023-02-07T01:11:44","slug":"stellenangebot-zweite-kueche","status":"publish","type":"page","link":"https:\/\/laresidenciatarifa.com\/de\/stellenangebot-zweite-kueche\/","title":{"rendered":"Stellenangebot zweite kueche"},"content":{"rendered":"\t\t<div data-elementor-type=\"wp-page\" data-elementor-id=\"7114\" class=\"elementor elementor-7114 elementor-6827\" data-elementor-settings=\"{&quot;ha_cmc_init_switcher&quot;:&quot;no&quot;}\" data-elementor-post-type=\"page\">\n\t\t\t\t\t\t<section class=\"elementor-section elementor-top-section elementor-element elementor-element-d25b786 elementor-section-full_width elementor-section-height-default elementor-section-height-default\" data-id=\"d25b786\" data-element_type=\"section\" data-e-type=\"section\" data-settings=\"{&quot;_ha_eqh_enable&quot;:false}\">\n\t\t\t\t\t\t<div class=\"elementor-container elementor-column-gap-default\">\n\t\t\t\t\t<div class=\"elementor-column elementor-col-100 elementor-top-column elementor-element elementor-element-5ef7597\" data-id=\"5ef7597\" data-element_type=\"column\" data-e-type=\"column\">\n\t\t\t<div class=\"elementor-widget-wrap elementor-element-populated\">\n\t\t\t\t\t\t<div class=\"elementor-element elementor-element-38adf87 elementor-hidden-desktop elementor-hidden-tablet elementor-widget elementor-widget-image\" data-id=\"38adf87\" data-element_type=\"widget\" data-e-type=\"widget\" data-widget_type=\"image.default\">\n\t\t\t\t<div class=\"elementor-widget-container\">\n\t\t\t\t\t\t\t\t\t\t\t\t\t\t\t<img fetchpriority=\"high\" decoding=\"async\" width=\"1920\" height=\"1080\" src=\"https:\/\/laresidenciatarifa.com\/wp-content\/uploads\/2022\/12\/Tartar-de-atun-Restaurante-el-Patio-Tarifa.jpg\" class=\"attachment-full size-full wp-image-3772\" alt=\"\" srcset=\"https:\/\/laresidenciatarifa.com\/wp-content\/uploads\/2022\/12\/Tartar-de-atun-Restaurante-el-Patio-Tarifa.jpg 1920w, https:\/\/laresidenciatarifa.com\/wp-content\/uploads\/2022\/12\/Tartar-de-atun-Restaurante-el-Patio-Tarifa-300x169.jpg 300w, https:\/\/laresidenciatarifa.com\/wp-content\/uploads\/2022\/12\/Tartar-de-atun-Restaurante-el-Patio-Tarifa-1024x576.jpg 1024w, https:\/\/laresidenciatarifa.com\/wp-content\/uploads\/2022\/12\/Tartar-de-atun-Restaurante-el-Patio-Tarifa-768x432.jpg 768w, https:\/\/laresidenciatarifa.com\/wp-content\/uploads\/2022\/12\/Tartar-de-atun-Restaurante-el-Patio-Tarifa-1536x864.jpg 1536w\" sizes=\"(max-width: 1920px) 100vw, 1920px\" \/>\t\t\t\t\t\t\t\t\t\t\t\t\t\t\t<\/div>\n\t\t\t\t<\/div>\n\t\t\t\t<div class=\"elementor-element elementor-element-5de59fa elementor-widget__width-inherit elementor-hidden-mobile elementor-widget elementor-widget-image\" data-id=\"5de59fa\" data-element_type=\"widget\" data-e-type=\"widget\" data-widget_type=\"image.default\">\n\t\t\t\t<div class=\"elementor-widget-container\">\n\t\t\t\t\t\t\t\t\t\t\t\t\t\t\t<img fetchpriority=\"high\" decoding=\"async\" width=\"1920\" height=\"1080\" src=\"https:\/\/laresidenciatarifa.com\/wp-content\/uploads\/2022\/12\/Tartar-de-atun-Restaurante-el-Patio-Tarifa.jpg\" class=\"attachment-full size-full wp-image-3772\" alt=\"\" srcset=\"https:\/\/laresidenciatarifa.com\/wp-content\/uploads\/2022\/12\/Tartar-de-atun-Restaurante-el-Patio-Tarifa.jpg 1920w, https:\/\/laresidenciatarifa.com\/wp-content\/uploads\/2022\/12\/Tartar-de-atun-Restaurante-el-Patio-Tarifa-300x169.jpg 300w, https:\/\/laresidenciatarifa.com\/wp-content\/uploads\/2022\/12\/Tartar-de-atun-Restaurante-el-Patio-Tarifa-1024x576.jpg 1024w, https:\/\/laresidenciatarifa.com\/wp-content\/uploads\/2022\/12\/Tartar-de-atun-Restaurante-el-Patio-Tarifa-768x432.jpg 768w, https:\/\/laresidenciatarifa.com\/wp-content\/uploads\/2022\/12\/Tartar-de-atun-Restaurante-el-Patio-Tarifa-1536x864.jpg 1536w\" sizes=\"(max-width: 1920px) 100vw, 1920px\" \/>\t\t\t\t\t\t\t\t\t\t\t\t\t\t\t<\/div>\n\t\t\t\t<\/div>\n\t\t\t\t<div class=\"elementor-element elementor-element-41deb24 elementor-widget elementor-widget-heading\" data-id=\"41deb24\" data-element_type=\"widget\" data-e-type=\"widget\" data-widget_type=\"heading.default\">\n\t\t\t\t<div class=\"elementor-widget-container\">\n\t\t\t\t\t<h1 class=\"elementor-heading-title elementor-size-default\">Stellenangebot zweite kueche<\/h1>\t\t\t\t<\/div>\n\t\t\t\t<\/div>\n\t\t\t\t\t<\/div>\n\t\t<\/div>\n\t\t\t\t\t<\/div>\n\t\t<\/section>\n\t\t\t\t<section class=\"elementor-section elementor-top-section elementor-element elementor-element-5c93e59 elementor-section-boxed elementor-section-height-default elementor-section-height-default\" data-id=\"5c93e59\" data-element_type=\"section\" data-e-type=\"section\" data-settings=\"{&quot;_ha_eqh_enable&quot;:false}\">\n\t\t\t\t\t\t<div class=\"elementor-container elementor-column-gap-default\">\n\t\t\t\t\t<div class=\"elementor-column elementor-col-50 elementor-top-column elementor-element elementor-element-ecccdc4\" data-id=\"ecccdc4\" data-element_type=\"column\" data-e-type=\"column\">\n\t\t\t<div class=\"elementor-widget-wrap elementor-element-populated\">\n\t\t\t\t\t\t<div class=\"elementor-element elementor-element-48fd506 elementor-widget elementor-widget-text-editor\" data-id=\"48fd506\" data-element_type=\"widget\" data-e-type=\"widget\" data-widget_type=\"text-editor.default\">\n\t\t\t\t<div class=\"elementor-widget-container\">\n\t\t\t\t\t\t\t\t\t<p style=\"text-align: left;\">Unser Restaurant El Patio entwickelt sich sehr stark mit einem Angebot an saisonaler, gesunder und qualitativ hochwertiger K\u00fcche.<\/p><p style=\"text-align: left;\">Um dieses Wachstum zu begleiten, suchen wir in diesem Jahr eine talentierte Person mit einer Leidenschaft f\u00fcr das Kochen und die Organisation. Als zweite Person sind Sie die rechte Hand des Chefs. Sie werden sie unterst\u00fctzen und vertreten, wenn sie abwesend ist. Wir suchen ein Profil, das Ideen einbringen kann, sich mit den HACCP-Regeln sehr gut auskennt und Erfahrung in der Koordination des Teams und der Orchestrierung einer Dienstleistung hat.<\/p>\t\t\t\t\t\t\t\t<\/div>\n\t\t\t\t<\/div>\n\t\t\t\t<div class=\"elementor-element elementor-element-a1a9d6b elementor-widget elementor-widget-image\" data-id=\"a1a9d6b\" data-element_type=\"widget\" data-e-type=\"widget\" data-widget_type=\"image.default\">\n\t\t\t\t<div class=\"elementor-widget-container\">\n\t\t\t\t\t\t\t\t\t\t\t\t\t\t\t<img decoding=\"async\" width=\"136\" height=\"300\" src=\"https:\/\/laresidenciatarifa.com\/wp-content\/uploads\/2022\/12\/flecha.jpg\" class=\"attachment-large size-large wp-image-735\" alt=\"\" \/>\t\t\t\t\t\t\t\t\t\t\t\t\t\t\t<\/div>\n\t\t\t\t<\/div>\n\t\t\t\t\t<\/div>\n\t\t<\/div>\n\t\t\t\t<div class=\"elementor-column elementor-col-50 elementor-top-column elementor-element elementor-element-e238600\" data-id=\"e238600\" data-element_type=\"column\" data-e-type=\"column\">\n\t\t\t<div class=\"elementor-widget-wrap elementor-element-populated\">\n\t\t\t\t\t\t<div class=\"elementor-element elementor-element-b425296 elementor-button-align-start elementor-widget elementor-widget-form\" data-id=\"b425296\" data-element_type=\"widget\" data-e-type=\"widget\" data-settings=\"{&quot;step_next_label&quot;:&quot;Next&quot;,&quot;step_previous_label&quot;:&quot;Previous&quot;,&quot;button_width&quot;:&quot;100&quot;,&quot;step_type&quot;:&quot;number_text&quot;,&quot;step_icon_shape&quot;:&quot;circle&quot;}\" data-widget_type=\"form.default\">\n\t\t\t\t<div class=\"elementor-widget-container\">\n\t\t\t\t\t\t\t<form class=\"elementor-form\" method=\"post\" name=\"New Form\" aria-label=\"New Form\">\n\t\t\t<input type=\"hidden\" name=\"post_id\" value=\"7114\"\/>\n\t\t\t<input type=\"hidden\" name=\"form_id\" value=\"b425296\"\/>\n\t\t\t<input type=\"hidden\" name=\"referer_title\" value=\"Stellenangebot zweite kueche - La Residencia Tarifa\" \/>\n\n\t\t\t\t\t\t\t<input type=\"hidden\" name=\"queried_id\" value=\"7114\"\/>\n\t\t\t\n\t\t\t<div class=\"elementor-form-fields-wrapper elementor-labels-above\">\n\t\t\t\t\t\t\t\t<div class=\"elementor-field-type-text elementor-field-group elementor-column elementor-field-group-name elementor-col-100 elementor-field-required\">\n\t\t\t\t\t\t\t\t\t\t\t\t<label for=\"form-field-name\" class=\"elementor-field-label\">\n\t\t\t\t\t\t\t\tName (erforderlich)\t\t\t\t\t\t\t<\/label>\n\t\t\t\t\t\t\t\t\t\t\t\t\t\t<input size=\"1\" type=\"text\" name=\"form_fields[name]\" id=\"form-field-name\" class=\"elementor-field elementor-size-sm  elementor-field-textual\" required=\"required\">\n\t\t\t\t\t\t\t\t\t\t\t<\/div>\n\t\t\t\t\t\t\t\t<div class=\"elementor-field-type-email elementor-field-group elementor-column elementor-field-group-email elementor-col-100 elementor-field-required\">\n\t\t\t\t\t\t\t\t\t\t\t\t<label for=\"form-field-email\" class=\"elementor-field-label\">\n\t\t\t\t\t\t\t\tE-Mail (erforderlich)\t\t\t\t\t\t\t<\/label>\n\t\t\t\t\t\t\t\t\t\t\t\t\t\t<input size=\"1\" type=\"email\" name=\"form_fields[email]\" id=\"form-field-email\" class=\"elementor-field elementor-size-sm  elementor-field-textual\" required=\"required\">\n\t\t\t\t\t\t\t\t\t\t\t<\/div>\n\t\t\t\t\t\t\t\t<div class=\"elementor-field-type-text elementor-field-group elementor-column elementor-field-group-field_f480014 elementor-col-100 elementor-field-required\">\n\t\t\t\t\t\t\t\t\t\t\t\t<label for=\"form-field-field_f480014\" class=\"elementor-field-label\">\n\t\t\t\t\t\t\t\tTelefon (erforderlich)\t\t\t\t\t\t\t<\/label>\n\t\t\t\t\t\t\t\t\t\t\t\t\t\t<input size=\"1\" type=\"text\" name=\"form_fields[field_f480014]\" id=\"form-field-field_f480014\" class=\"elementor-field elementor-size-sm  elementor-field-textual\" required=\"required\">\n\t\t\t\t\t\t\t\t\t\t\t<\/div>\n\t\t\t\t\t\t\t\t<div class=\"elementor-field-type-text elementor-field-group elementor-column elementor-field-group-field_e8a7e97 elementor-col-100\">\n\t\t\t\t\t\t\t\t\t\t\t\t<label for=\"form-field-field_e8a7e97\" class=\"elementor-field-label\">\n\t\t\t\t\t\t\t\tThema\t\t\t\t\t\t\t<\/label>\n\t\t\t\t\t\t\t\t\t\t\t\t\t\t<input size=\"1\" type=\"text\" name=\"form_fields[field_e8a7e97]\" id=\"form-field-field_e8a7e97\" class=\"elementor-field elementor-size-sm  elementor-field-textual\">\n\t\t\t\t\t\t\t\t\t\t\t<\/div>\n\t\t\t\t\t\t\t\t<div class=\"elementor-field-type-textarea elementor-field-group elementor-column elementor-field-group-message elementor-col-100\">\n\t\t\t\t\t\t\t\t\t\t\t\t<label for=\"form-field-message\" class=\"elementor-field-label\">\n\t\t\t\t\t\t\t\tNachricht\t\t\t\t\t\t\t<\/label>\n\t\t\t\t\t\t<textarea class=\"elementor-field-textual elementor-field  elementor-size-sm\" name=\"form_fields[message]\" id=\"form-field-message\" rows=\"4\"><\/textarea>\t\t\t\t<\/div>\n\t\t\t\t\t\t\t\t<div class=\"elementor-field-type-upload elementor-field-group elementor-column elementor-field-group-field_1b339b0 elementor-col-100\">\n\t\t\t\t\t\t\t\t\t\t\t\t<label for=\"form-field-field_1b339b0\" class=\"elementor-field-label\">\n\t\t\t\t\t\t\t\tLebenslauf hinzuf\u00fcgen\t\t\t\t\t\t\t<\/label>\n\t\t\t\t\t\t\t\t<input type=\"file\" name=\"form_fields[field_1b339b0]\" id=\"form-field-field_1b339b0\" class=\"elementor-field elementor-size-sm  elementor-upload-field\">\n\n\t\t\t\t\t\t<\/div>\n\t\t\t\t\t\t\t\t<div class=\"elementor-field-type-text\">\n\t\t\t\t\t<input size=\"1\" type=\"text\" name=\"form_fields[field_6712899]\" id=\"form-field-field_6712899\" class=\"elementor-field elementor-size-sm \" style=\"display:none !important;\">\t\t\t\t<\/div>\n\t\t\t\t\t\t\t\t<div class=\"elementor-field-type-recaptcha_v3 elementor-field-group elementor-column elementor-field-group-field_99f85b3 elementor-col-100 recaptcha_v3-bottomleft\">\n\t\t\t\t\t<div class=\"elementor-field\" id=\"form-field-field_99f85b3\"><div class=\"elementor-g-recaptcha\" data-sitekey=\"6LcHw9cpAAAAADj3-tTmPTK6RwMs6icRFL3rMMt1\" data-type=\"v3\" data-action=\"Form\" data-badge=\"bottomleft\" data-size=\"invisible\"><\/div><\/div>\t\t\t\t<\/div>\n\t\t\t\t\t\t\t\t<div class=\"elementor-field-group elementor-column elementor-field-type-submit elementor-col-100 e-form__buttons\">\n\t\t\t\t\t<button class=\"elementor-button elementor-size-sm\" type=\"submit\">\n\t\t\t\t\t\t<span class=\"elementor-button-content-wrapper\">\n\t\t\t\t\t\t\t\t\t\t\t\t\t\t\t\t\t\t\t\t\t\t<span class=\"elementor-button-text\">Senden Sie<\/span>\n\t\t\t\t\t\t\t\t\t\t\t\t\t<\/span>\n\t\t\t\t\t<\/button>\n\t\t\t\t<\/div>\n\t\t\t<\/div>\n\t\t<\/form>\n\t\t\t\t\t\t<\/div>\n\t\t\t\t<\/div>\n\t\t\t\t\t<\/div>\n\t\t<\/div>\n\t\t\t\t\t<\/div>\n\t\t<\/section>\n\t\t\t\t<section class=\"elementor-section elementor-top-section elementor-element elementor-element-1309fa4 elementor-section-boxed elementor-section-height-default elementor-section-height-default\" data-id=\"1309fa4\" data-element_type=\"section\" data-e-type=\"section\" data-settings=\"{&quot;_ha_eqh_enable&quot;:false}\">\n\t\t\t\t\t\t<div class=\"elementor-container elementor-column-gap-default\">\n\t\t\t\t\t<div class=\"elementor-column elementor-col-100 elementor-top-column elementor-element elementor-element-64a5fc8\" data-id=\"64a5fc8\" data-element_type=\"column\" data-e-type=\"column\">\n\t\t\t<div class=\"elementor-widget-wrap elementor-element-populated\">\n\t\t\t\t\t\t<div class=\"elementor-element elementor-element-f1ef92a elementor-widget elementor-widget-text-editor\" data-id=\"f1ef92a\" data-element_type=\"widget\" data-e-type=\"widget\" data-widget_type=\"text-editor.default\">\n\t\t\t\t<div class=\"elementor-widget-container\">\n\t\t\t\t\t\t\t\t\t<p style=\"text-align: left;\"><strong>Berichterstattung an:<\/strong> Leiter der K\u00fcche<\/p><p style=\"text-align: left;\">Prozesse, an denen er\/sie beteiligt ist: K\u00fcche, Fr\u00fchst\u00fcck, Qualit\u00e4t, Gr\u00fcn<\/p><p style=\"text-align: left;\"><strong>Aufgaben:<\/strong><\/p><p style=\"text-align: left;\">Vertritt die K\u00fcchenchefin in ihrer Abwesenheit und ist f\u00fcr den operativen Teil der K\u00fcche zust\u00e4ndig.<\/p><p style=\"text-align: left;\">Beaufsichtigung und Vorbereitung des Men\u00fcs<\/p><p style=\"text-align: left;\">Kontrolle, dass das Personal nach dem Mise en Place-Plan und mit einer korrekten Organisation arbeitet.<\/p><p style=\"text-align: left;\">Verfolgen Sie die T\u00e4tigkeiten der K\u00f6che und des \u00fcbrigen Personals.<\/p><p style=\"text-align: left;\">Aufgaben delegieren.<\/p><p style=\"text-align: left;\">Sie sorgen f\u00fcr den reibungslosen Ablauf im K\u00fcchenbereich.<\/p><p style=\"text-align: left;\">Leiten Sie die K\u00f6che an und helfen Sie ihnen.<\/p><p style=\"text-align: left;\">Ausf\u00fcllen der Inspektions- und Wartungsprotokolle f\u00fcr die K\u00fcche in Abwesenheit des K\u00fcchenchefs.<\/p><p style=\"text-align: left;\">Sch\u00e4tzen Sie den Bedarf, der t\u00e4glich oder w\u00f6chentlich zu decken ist (Bestellungen, Arrangements usw.).<\/p><p style=\"text-align: left;\">\u00dcberpr\u00fcfen Sie die Qualit\u00e4t der zu verwendenden Zutaten und aller Produkte auf der Speisekarte.<\/p><p style=\"text-align: left;\">\u00dcberwachen Sie den optimalen Umgang mit den Lebensmitteln.<\/p><p style=\"text-align: left;\">Zusammenarbeit mit dem Chefkoch bei der Ausarbeitung des Men\u00fcs und der entsprechenden Vorschl\u00e4ge.<\/p><p style=\"text-align: left;\">Bestellungen in Abwesenheit des K\u00fcchenchefs per Telefon\/E-Mail aufgeben.<\/p><p style=\"text-align: left;\">Sie s\u00e4ubern ihren Arbeitsbereich und \u00fcberpr\u00fcfen, ob das Personal sauber und korrekt organisiert ist.<\/p><p style=\"text-align: left;\">Unterrichtung des Chefs \u00fcber etwaige Unregelm\u00e4\u00dfigkeiten, Konflikte usw., um eine schiedsrichterliche L\u00f6sung der Angelegenheit zu erreichen.<\/p><p style=\"text-align: left;\"><strong>F\u00fcr die Stelle erforderliche Ausbildung:<\/strong><\/p><p style=\"text-align: left;\">Ausbildung in der K\u00fcche.<\/p><p style=\"text-align: left;\">3 Jahre Erfahrung als Koch.<\/p><p style=\"text-align: left;\">Spanisch: Niveau C1 (sehr gute Kenntnisse).<\/p><p style=\"text-align: left;\">Lebensmittelhandwerker.<\/p><p style=\"text-align: left;\">Gute Kontrolle des HACCP-Systems.<\/p><p style=\"text-align: left;\">Andere Sprachen werden gesch\u00e4tzt.<\/p><p style=\"text-align: left;\">Computerkenntnisse auf Anwenderebene.<\/p><p style=\"text-align: left;\"><strong>Besondere F\u00e4higkeiten f\u00fcr die Stelle:<\/strong><\/p><p style=\"text-align: left;\">Detailorientiert<\/p><p style=\"text-align: left;\">Arbeiten unter Druck<\/p><p style=\"text-align: left;\">Disziplinarverfahren<\/p><p style=\"text-align: left;\">Kreativit\u00e4t<\/p><p style=\"text-align: left;\">Leiterschaft<\/p><p style=\"text-align: left;\">Organisation und Planung<\/p><p style=\"text-align: left;\">Kommunikationsf\u00e4higkeit<\/p>\t\t\t\t\t\t\t\t<\/div>\n\t\t\t\t<\/div>\n\t\t\t\t\t<\/div>\n\t\t<\/div>\n\t\t\t\t\t<\/div>\n\t\t<\/section>\n\t\t\t\t<section class=\"elementor-section elementor-top-section elementor-element elementor-element-8ac384d elementor-section-full_width elementor-section-height-default elementor-section-height-default\" data-id=\"8ac384d\" data-element_type=\"section\" data-e-type=\"section\" data-settings=\"{&quot;_ha_eqh_enable&quot;:false}\">\n\t\t\t\t\t\t<div class=\"elementor-container elementor-column-gap-default\">\n\t\t\t\t\t<div class=\"elementor-column elementor-col-100 elementor-top-column elementor-element elementor-element-39e31a0\" data-id=\"39e31a0\" data-element_type=\"column\" data-e-type=\"column\">\n\t\t\t<div class=\"elementor-widget-wrap elementor-element-populated\">\n\t\t\t\t\t\t<div class=\"elementor-element elementor-element-9562464 elementor-widget elementor-widget-heading\" data-id=\"9562464\" data-element_type=\"widget\" data-e-type=\"widget\" data-widget_type=\"heading.default\">\n\t\t\t\t<div class=\"elementor-widget-container\">\n\t\t\t\t\t<h2 class=\"elementor-heading-title elementor-size-default\">Andere Stellenausschreibungen<\/h2>\t\t\t\t<\/div>\n\t\t\t\t<\/div>\n\t\t\t\t<section class=\"elementor-section elementor-inner-section elementor-element elementor-element-eed0168 elementor-section-boxed elementor-section-height-default elementor-section-height-default\" data-id=\"eed0168\" data-element_type=\"section\" data-e-type=\"section\" data-settings=\"{&quot;_ha_eqh_enable&quot;:false}\">\n\t\t\t\t\t\t<div class=\"elementor-container elementor-column-gap-default\">\n\t\t\t\t\t<div class=\"elementor-column elementor-col-33 elementor-inner-column elementor-element elementor-element-037f38f\" data-id=\"037f38f\" data-element_type=\"column\" data-e-type=\"column\">\n\t\t\t<div class=\"elementor-widget-wrap elementor-element-populated\">\n\t\t\t\t\t\t<div class=\"elementor-element elementor-element-c5631e5 elementor-position-top elementor-widget elementor-widget-image-box\" data-id=\"c5631e5\" data-element_type=\"widget\" data-e-type=\"widget\" data-widget_type=\"image-box.default\">\n\t\t\t\t<div class=\"elementor-widget-container\">\n\t\t\t\t\t<div class=\"elementor-image-box-wrapper\"><figure class=\"elementor-image-box-img\"><a href=\"https:\/\/laresidenciatarifa.com\/de\/stellenangebot-masseur\/\" tabindex=\"-1\"><img decoding=\"async\" width=\"600\" height=\"400\" src=\"https:\/\/laresidenciatarifa.com\/wp-content\/uploads\/2023\/01\/1-Clara-spa-09494-600x400-1.jpg\" class=\"attachment-medium_large size-medium_large wp-image-6711\" alt=\"\" srcset=\"https:\/\/laresidenciatarifa.com\/wp-content\/uploads\/2023\/01\/1-Clara-spa-09494-600x400-1.jpg 600w, https:\/\/laresidenciatarifa.com\/wp-content\/uploads\/2023\/01\/1-Clara-spa-09494-600x400-1-300x200.jpg 300w\" sizes=\"(max-width: 600px) 100vw, 600px\" \/><\/a><\/figure><div class=\"elementor-image-box-content\"><h2 class=\"elementor-image-box-title\"><a href=\"https:\/\/laresidenciatarifa.com\/de\/stellenangebot-masseur\/\">Stellenangebot-masseur<\/a><\/h2><\/div><\/div>\t\t\t\t<\/div>\n\t\t\t\t<\/div>\n\t\t\t\t\t<\/div>\n\t\t<\/div>\n\t\t\t\t<div class=\"elementor-column elementor-col-33 elementor-inner-column elementor-element elementor-element-97ca52a\" data-id=\"97ca52a\" data-element_type=\"column\" data-e-type=\"column\">\n\t\t\t<div class=\"elementor-widget-wrap elementor-element-populated\">\n\t\t\t\t\t\t<div class=\"elementor-element elementor-element-3034dec elementor-position-top elementor-widget elementor-widget-image-box\" data-id=\"3034dec\" data-element_type=\"widget\" data-e-type=\"widget\" data-widget_type=\"image-box.default\">\n\t\t\t\t<div class=\"elementor-widget-container\">\n\t\t\t\t\t<div class=\"elementor-image-box-wrapper\"><figure class=\"elementor-image-box-img\"><a href=\"https:\/\/laresidenciatarifa.com\/de\/angebot-job-verantwortung-haushalt\/\" tabindex=\"-1\"><img loading=\"lazy\" decoding=\"async\" width=\"768\" height=\"512\" src=\"https:\/\/laresidenciatarifa.com\/wp-content\/uploads\/2022\/12\/GaleriaNecesidadesEsp06-768x512.jpg\" class=\"attachment-medium_large size-medium_large wp-image-1478\" alt=\"\" srcset=\"https:\/\/laresidenciatarifa.com\/wp-content\/uploads\/2022\/12\/GaleriaNecesidadesEsp06-768x512.jpg 768w, https:\/\/laresidenciatarifa.com\/wp-content\/uploads\/2022\/12\/GaleriaNecesidadesEsp06-300x200.jpg 300w, https:\/\/laresidenciatarifa.com\/wp-content\/uploads\/2022\/12\/GaleriaNecesidadesEsp06-1024x683.jpg 1024w, https:\/\/laresidenciatarifa.com\/wp-content\/uploads\/2022\/12\/GaleriaNecesidadesEsp06.jpg 1200w\" sizes=\"(max-width: 768px) 100vw, 768px\" \/><\/a><\/figure><div class=\"elementor-image-box-content\"><h2 class=\"elementor-image-box-title\"><a href=\"https:\/\/laresidenciatarifa.com\/de\/angebot-job-verantwortung-haushalt\/\">Stellenangebot f\u00fcr ein zimmermadchen<\/a><\/h2><\/div><\/div>\t\t\t\t<\/div>\n\t\t\t\t<\/div>\n\t\t\t\t\t<\/div>\n\t\t<\/div>\n\t\t\t\t<div class=\"elementor-column elementor-col-33 elementor-inner-column elementor-element elementor-element-02aecd4\" data-id=\"02aecd4\" data-element_type=\"column\" data-e-type=\"column\">\n\t\t\t<div class=\"elementor-widget-wrap elementor-element-populated\">\n\t\t\t\t\t\t<div class=\"elementor-element elementor-element-0d17ca7 elementor-position-top elementor-widget elementor-widget-image-box\" data-id=\"0d17ca7\" data-element_type=\"widget\" data-e-type=\"widget\" data-widget_type=\"image-box.default\">\n\t\t\t\t<div class=\"elementor-widget-container\">\n\t\t\t\t\t<div class=\"elementor-image-box-wrapper\"><figure class=\"elementor-image-box-img\"><a href=\"https:\/\/laresidenciatarifa.com\/de\/stellenangebot-fur-ein-zimmermadchen\/\" tabindex=\"-1\"><img loading=\"lazy\" decoding=\"async\" width=\"600\" height=\"401\" src=\"https:\/\/laresidenciatarifa.com\/wp-content\/uploads\/2023\/01\/camarera-de-piso.jpg\" class=\"attachment-medium_large size-medium_large wp-image-6715\" alt=\"\" srcset=\"https:\/\/laresidenciatarifa.com\/wp-content\/uploads\/2023\/01\/camarera-de-piso.jpg 600w, https:\/\/laresidenciatarifa.com\/wp-content\/uploads\/2023\/01\/camarera-de-piso-300x201.jpg 300w\" sizes=\"(max-width: 600px) 100vw, 600px\" \/><\/a><\/figure><div class=\"elementor-image-box-content\"><h2 class=\"elementor-image-box-title\"><a href=\"https:\/\/laresidenciatarifa.com\/de\/stellenangebot-fur-ein-zimmermadchen\/\">Stellenangebot zweite kueche<\/a><\/h2><\/div><\/div>\t\t\t\t<\/div>\n\t\t\t\t<\/div>\n\t\t\t\t\t<\/div>\n\t\t<\/div>\n\t\t\t\t\t<\/div>\n\t\t<\/section>\n\t\t\t\t\t<\/div>\n\t\t<\/div>\n\t\t\t\t\t<\/div>\n\t\t<\/section>\n\t\t\t\t<\/div>\n\t\t","protected":false},"excerpt":{"rendered":"<p>Stellenangebot zweite kueche Unser Restaurant El Patio entwickelt sich sehr stark mit einem Angebot an saisonaler, gesunder und qualitativ hochwertiger K\u00fcche. Um dieses Wachstum zu begleiten, suchen wir in diesem Jahr eine talentierte Person mit einer Leidenschaft f\u00fcr das Kochen und die Organisation. Als zweite Person sind Sie die rechte Hand des Chefs. Sie werden [&hellip;]<\/p>\n","protected":false},"author":1,"featured_media":0,"parent":0,"menu_order":0,"comment_status":"closed","ping_status":"closed","template":"","meta":{"_acf_changed":false,"footnotes":""},"class_list":["post-7114","page","type-page","status-publish","hentry"],"acf":[],"yoast_head":"<!-- This site is optimized with the Yoast SEO plugin v27.5 - https:\/\/yoast.com\/product\/yoast-seo-wordpress\/ -->\n<title>Stellenangebot zweite kueche - La Residencia Tarifa<\/title>\n<meta name=\"robots\" content=\"index, follow, max-snippet:-1, max-image-preview:large, max-video-preview:-1\" \/>\n<link rel=\"canonical\" href=\"https:\/\/laresidenciatarifa.com\/de\/stellenangebot-zweite-kueche\/\" \/>\n<meta property=\"og:locale\" content=\"de_DE\" \/>\n<meta property=\"og:type\" content=\"article\" \/>\n<meta property=\"og:title\" content=\"Stellenangebot zweite kueche - La Residencia Tarifa\" \/>\n<meta property=\"og:description\" content=\"Stellenangebot zweite kueche Unser Restaurant El Patio entwickelt sich sehr stark mit einem Angebot an saisonaler, gesunder und qualitativ hochwertiger K\u00fcche. Um dieses Wachstum zu begleiten, suchen wir in diesem Jahr eine talentierte Person mit einer Leidenschaft f\u00fcr das Kochen und die Organisation. Als zweite Person sind Sie die rechte Hand des Chefs. Sie werden [&hellip;]\" \/>\n<meta property=\"og:url\" content=\"https:\/\/laresidenciatarifa.com\/de\/stellenangebot-zweite-kueche\/\" \/>\n<meta property=\"og:site_name\" content=\"La Residencia Tarifa\" \/>\n<meta property=\"article:modified_time\" content=\"2023-02-07T01:11:44+00:00\" \/>\n<meta property=\"og:image\" content=\"https:\/\/laresidenciatarifa.com\/wp-content\/uploads\/2022\/12\/Tartar-de-atun-Restaurante-el-Patio-Tarifa.jpg\" \/>\n<meta name=\"twitter:card\" content=\"summary_large_image\" \/>\n<meta name=\"twitter:label1\" content=\"Gesch\u00e4tzte Lesezeit\" \/>\n\t<meta name=\"twitter:data1\" content=\"4\u00a0Minuten\" \/>\n<script type=\"application\/ld+json\" class=\"yoast-schema-graph\">{\"@context\":\"https:\\\/\\\/schema.org\",\"@graph\":[{\"@type\":\"WebPage\",\"@id\":\"https:\\\/\\\/laresidenciatarifa.com\\\/de\\\/stellenangebot-zweite-kueche\\\/\",\"url\":\"https:\\\/\\\/laresidenciatarifa.com\\\/de\\\/stellenangebot-zweite-kueche\\\/\",\"name\":\"Stellenangebot zweite kueche - La Residencia Tarifa\",\"isPartOf\":{\"@id\":\"https:\\\/\\\/laresidenciatarifa.com\\\/de\\\/#website\"},\"primaryImageOfPage\":{\"@id\":\"https:\\\/\\\/laresidenciatarifa.com\\\/de\\\/stellenangebot-zweite-kueche\\\/#primaryimage\"},\"image\":{\"@id\":\"https:\\\/\\\/laresidenciatarifa.com\\\/de\\\/stellenangebot-zweite-kueche\\\/#primaryimage\"},\"thumbnailUrl\":\"https:\\\/\\\/laresidenciatarifa.com\\\/wp-content\\\/uploads\\\/2022\\\/12\\\/Tartar-de-atun-Restaurante-el-Patio-Tarifa.jpg\",\"datePublished\":\"2023-01-30T16:19:04+00:00\",\"dateModified\":\"2023-02-07T01:11:44+00:00\",\"breadcrumb\":{\"@id\":\"https:\\\/\\\/laresidenciatarifa.com\\\/de\\\/stellenangebot-zweite-kueche\\\/#breadcrumb\"},\"inLanguage\":\"de\",\"potentialAction\":[{\"@type\":\"ReadAction\",\"target\":[\"https:\\\/\\\/laresidenciatarifa.com\\\/de\\\/stellenangebot-zweite-kueche\\\/\"]}]},{\"@type\":\"ImageObject\",\"inLanguage\":\"de\",\"@id\":\"https:\\\/\\\/laresidenciatarifa.com\\\/de\\\/stellenangebot-zweite-kueche\\\/#primaryimage\",\"url\":\"https:\\\/\\\/laresidenciatarifa.com\\\/wp-content\\\/uploads\\\/2022\\\/12\\\/Tartar-de-atun-Restaurante-el-Patio-Tarifa.jpg\",\"contentUrl\":\"https:\\\/\\\/laresidenciatarifa.com\\\/wp-content\\\/uploads\\\/2022\\\/12\\\/Tartar-de-atun-Restaurante-el-Patio-Tarifa.jpg\"},{\"@type\":\"BreadcrumbList\",\"@id\":\"https:\\\/\\\/laresidenciatarifa.com\\\/de\\\/stellenangebot-zweite-kueche\\\/#breadcrumb\",\"itemListElement\":[{\"@type\":\"ListItem\",\"position\":1,\"name\":\"Portada\",\"item\":\"https:\\\/\\\/laresidenciatarifa.com\\\/de\\\/\"},{\"@type\":\"ListItem\",\"position\":2,\"name\":\"Stellenangebot zweite kueche\"}]},{\"@type\":\"WebSite\",\"@id\":\"https:\\\/\\\/laresidenciatarifa.com\\\/de\\\/#website\",\"url\":\"https:\\\/\\\/laresidenciatarifa.com\\\/de\\\/\",\"name\":\"La Residencia Tarifa\",\"description\":\"Hotel, apartamentos, spa y restaurante\",\"publisher\":{\"@id\":\"https:\\\/\\\/laresidenciatarifa.com\\\/de\\\/#organization\"},\"potentialAction\":[{\"@type\":\"SearchAction\",\"target\":{\"@type\":\"EntryPoint\",\"urlTemplate\":\"https:\\\/\\\/laresidenciatarifa.com\\\/de\\\/?s={search_term_string}\"},\"query-input\":{\"@type\":\"PropertyValueSpecification\",\"valueRequired\":true,\"valueName\":\"search_term_string\"}}],\"inLanguage\":\"de\"},{\"@type\":\"Organization\",\"@id\":\"https:\\\/\\\/laresidenciatarifa.com\\\/de\\\/#organization\",\"name\":\"La Residencia Tarifa\",\"url\":\"https:\\\/\\\/laresidenciatarifa.com\\\/de\\\/\",\"logo\":{\"@type\":\"ImageObject\",\"inLanguage\":\"de\",\"@id\":\"https:\\\/\\\/laresidenciatarifa.com\\\/de\\\/#\\\/schema\\\/logo\\\/image\\\/\",\"url\":\"https:\\\/\\\/laresidenciatarifa.com\\\/wp-content\\\/uploads\\\/2022\\\/12\\\/logoLaResidencia.png\",\"contentUrl\":\"https:\\\/\\\/laresidenciatarifa.com\\\/wp-content\\\/uploads\\\/2022\\\/12\\\/logoLaResidencia.png\",\"width\":113,\"height\":75,\"caption\":\"La Residencia Tarifa\"},\"image\":{\"@id\":\"https:\\\/\\\/laresidenciatarifa.com\\\/de\\\/#\\\/schema\\\/logo\\\/image\\\/\"}}]}<\/script>\n<!-- \/ Yoast SEO plugin. -->","yoast_head_json":{"title":"Stellenangebot zweite kueche - La Residencia Tarifa","robots":{"index":"index","follow":"follow","max-snippet":"max-snippet:-1","max-image-preview":"max-image-preview:large","max-video-preview":"max-video-preview:-1"},"canonical":"https:\/\/laresidenciatarifa.com\/de\/stellenangebot-zweite-kueche\/","og_locale":"de_DE","og_type":"article","og_title":"Stellenangebot zweite kueche - La Residencia Tarifa","og_description":"Stellenangebot zweite kueche Unser Restaurant El Patio entwickelt sich sehr stark mit einem Angebot an saisonaler, gesunder und qualitativ hochwertiger K\u00fcche. Um dieses Wachstum zu begleiten, suchen wir in diesem Jahr eine talentierte Person mit einer Leidenschaft f\u00fcr das Kochen und die Organisation. Als zweite Person sind Sie die rechte Hand des Chefs. Sie werden [&hellip;]","og_url":"https:\/\/laresidenciatarifa.com\/de\/stellenangebot-zweite-kueche\/","og_site_name":"La Residencia Tarifa","article_modified_time":"2023-02-07T01:11:44+00:00","og_image":[{"url":"https:\/\/laresidenciatarifa.com\/wp-content\/uploads\/2022\/12\/Tartar-de-atun-Restaurante-el-Patio-Tarifa.jpg","type":"","width":"","height":""}],"twitter_card":"summary_large_image","twitter_misc":{"Gesch\u00e4tzte Lesezeit":"4\u00a0Minuten"},"schema":{"@context":"https:\/\/schema.org","@graph":[{"@type":"WebPage","@id":"https:\/\/laresidenciatarifa.com\/de\/stellenangebot-zweite-kueche\/","url":"https:\/\/laresidenciatarifa.com\/de\/stellenangebot-zweite-kueche\/","name":"Stellenangebot zweite kueche - La Residencia Tarifa","isPartOf":{"@id":"https:\/\/laresidenciatarifa.com\/de\/#website"},"primaryImageOfPage":{"@id":"https:\/\/laresidenciatarifa.com\/de\/stellenangebot-zweite-kueche\/#primaryimage"},"image":{"@id":"https:\/\/laresidenciatarifa.com\/de\/stellenangebot-zweite-kueche\/#primaryimage"},"thumbnailUrl":"https:\/\/laresidenciatarifa.com\/wp-content\/uploads\/2022\/12\/Tartar-de-atun-Restaurante-el-Patio-Tarifa.jpg","datePublished":"2023-01-30T16:19:04+00:00","dateModified":"2023-02-07T01:11:44+00:00","breadcrumb":{"@id":"https:\/\/laresidenciatarifa.com\/de\/stellenangebot-zweite-kueche\/#breadcrumb"},"inLanguage":"de","potentialAction":[{"@type":"ReadAction","target":["https:\/\/laresidenciatarifa.com\/de\/stellenangebot-zweite-kueche\/"]}]},{"@type":"ImageObject","inLanguage":"de","@id":"https:\/\/laresidenciatarifa.com\/de\/stellenangebot-zweite-kueche\/#primaryimage","url":"https:\/\/laresidenciatarifa.com\/wp-content\/uploads\/2022\/12\/Tartar-de-atun-Restaurante-el-Patio-Tarifa.jpg","contentUrl":"https:\/\/laresidenciatarifa.com\/wp-content\/uploads\/2022\/12\/Tartar-de-atun-Restaurante-el-Patio-Tarifa.jpg"},{"@type":"BreadcrumbList","@id":"https:\/\/laresidenciatarifa.com\/de\/stellenangebot-zweite-kueche\/#breadcrumb","itemListElement":[{"@type":"ListItem","position":1,"name":"Portada","item":"https:\/\/laresidenciatarifa.com\/de\/"},{"@type":"ListItem","position":2,"name":"Stellenangebot zweite kueche"}]},{"@type":"WebSite","@id":"https:\/\/laresidenciatarifa.com\/de\/#website","url":"https:\/\/laresidenciatarifa.com\/de\/","name":"La Residencia Tarifa","description":"Hotel, apartamentos, spa y restaurante","publisher":{"@id":"https:\/\/laresidenciatarifa.com\/de\/#organization"},"potentialAction":[{"@type":"SearchAction","target":{"@type":"EntryPoint","urlTemplate":"https:\/\/laresidenciatarifa.com\/de\/?s={search_term_string}"},"query-input":{"@type":"PropertyValueSpecification","valueRequired":true,"valueName":"search_term_string"}}],"inLanguage":"de"},{"@type":"Organization","@id":"https:\/\/laresidenciatarifa.com\/de\/#organization","name":"La Residencia Tarifa","url":"https:\/\/laresidenciatarifa.com\/de\/","logo":{"@type":"ImageObject","inLanguage":"de","@id":"https:\/\/laresidenciatarifa.com\/de\/#\/schema\/logo\/image\/","url":"https:\/\/laresidenciatarifa.com\/wp-content\/uploads\/2022\/12\/logoLaResidencia.png","contentUrl":"https:\/\/laresidenciatarifa.com\/wp-content\/uploads\/2022\/12\/logoLaResidencia.png","width":113,"height":75,"caption":"La Residencia Tarifa"},"image":{"@id":"https:\/\/laresidenciatarifa.com\/de\/#\/schema\/logo\/image\/"}}]}},"_links":{"self":[{"href":"https:\/\/laresidenciatarifa.com\/de\/wp-json\/wp\/v2\/pages\/7114","targetHints":{"allow":["GET"]}}],"collection":[{"href":"https:\/\/laresidenciatarifa.com\/de\/wp-json\/wp\/v2\/pages"}],"about":[{"href":"https:\/\/laresidenciatarifa.com\/de\/wp-json\/wp\/v2\/types\/page"}],"author":[{"embeddable":true,"href":"https:\/\/laresidenciatarifa.com\/de\/wp-json\/wp\/v2\/users\/1"}],"replies":[{"embeddable":true,"href":"https:\/\/laresidenciatarifa.com\/de\/wp-json\/wp\/v2\/comments?post=7114"}],"version-history":[{"count":12,"href":"https:\/\/laresidenciatarifa.com\/de\/wp-json\/wp\/v2\/pages\/7114\/revisions"}],"predecessor-version":[{"id":7397,"href":"https:\/\/laresidenciatarifa.com\/de\/wp-json\/wp\/v2\/pages\/7114\/revisions\/7397"}],"wp:attachment":[{"href":"https:\/\/laresidenciatarifa.com\/de\/wp-json\/wp\/v2\/media?parent=7114"}],"curies":[{"name":"wp","href":"https:\/\/api.w.org\/{rel}","templated":true}]}}